{"id":1014,"date":"2023-02-23T16:41:33","date_gmt":"2023-02-23T16:41:33","guid":{"rendered":"https:\/\/elfar.ch\/elfar_wp\/?page_id=1014"},"modified":"2026-03-14T14:29:05","modified_gmt":"2026-03-14T14:29:05","slug":"zero-srf","status":"publish","type":"page","link":"https:\/\/elfar.ch\/content\/produkte\/e-motorrad\/zero\/zero-srf\/","title":{"rendered":"Zero SRF"},"content":{"rendered":"\n\n  <div class=\"banner has-hover has-parallax\" id=\"banner-182092529\">\n          <div class=\"banner-inner fill\">\n        <div class=\"banner-bg fill\" data-parallax=\"-3\" data-parallax-container=\".banner\" data-parallax-background>\n            <img loading=\"lazy\" decoding=\"async\" width=\"2048\" height=\"1365\" src=\"https:\/\/elfar.ch\/content\/wp-content\/uploads\/2023\/02\/2020_zero-srf_outdoors-09_4800x3200_press.jpg\" class=\"bg attachment-original size-original\" alt=\"\" \/>                        <div class=\"overlay\"><\/div>            \n                    <\/div>\n\t\t\n        <div class=\"banner-layers container\">\n            <div class=\"fill banner-link\"><\/div>            \n\n   <div id=\"text-box-515142759\" class=\"text-box banner-layer x50 md-x50 lg-x50 y85 md-y85 lg-y85 res-text\">\n                                <div class=\"text-box-content text dark\">\n              \n              <div class=\"text-inner text-center\">\n                  \n\n<h1><strong>ZERO SRF<\/strong><\/h1>\n<h3><strong>&#8222;Kraft und Intelligenz&#8220;<\/strong><\/h3>\n\n              <\/div>\n           <\/div>\n                            \n<style>\n#text-box-515142759 .text-box-content {\n  background-color: rgba(0, 0, 0, 0.7);\n  border-radius: 6px;\n  font-size: 100%;\n}\n#text-box-515142759 {\n  width: 100%;\n}\n<\/style>\n    <\/div>\n \n\n        <\/div>\n      <\/div>\n\n            \n<style>\n#banner-182092529 {\n  padding-top: 100%;\n  background-color: rgb(255, 255, 255);\n}\n#banner-182092529 .overlay {\n  background-color: rgba(0, 0, 0, 0.17);\n}\n#banner-182092529 .banner-bg img {\n  object-position: 51% 41%;\n}\n@media (min-width:550px) {\n  #banner-182092529 {\n    padding-top: 50%;\n  }\n}\n<\/style>\n  <\/div>\n\n\n\n\t<section class=\"section\" id=\"section_2043781362\">\n\t\t<div class=\"section-bg fill\" >\n\t\t\t\t\t\t\t\t\t\n\t\t\t\n\n\t\t<\/div>\n\n\t\t\n\n\t\t<div class=\"section-content relative\">\n\t\t\t\n\n<div class=\"row row-collapse row-full-width align-middle\"  id=\"row-212548747\">\n\n\n\t<div id=\"col-235486902\" class=\"col medium-12 small-12 large-6\"  >\n\t\t\t\t<div class=\"col-inner text-center\"  >\n\t\t\t\n\t\t\t\n\n\t<div id=\"text-3485653245\" class=\"text\">\n\t\t\n\n<h3>Unbeschwerte Kontrolle<\/h3>\n<p>Das Betriebssystem Cypher III von ZERO Motorcacles kombiniert mit der Motorrad-Stabilit\u00e4tskontrolle von Bosch kombinieren unb\u00e4ndige Kraft mit Intelligenz. V\u00f6llig inutitiv entfaltet diese Maschine so ihre Kraft und erm\u00f6glicht unbeschwertes Fahren durch unterschiedliches Gel\u00e4nde und unterschiedlichen Strassen.<\/p>\n\t\t\n<style>\n#text-3485653245 {\n  text-align: left;\n}\n<\/style>\n\t<\/div>\n\t\n\n\t\t<\/div>\n\t\t\t\t\n<style>\n#col-235486902 > .col-inner {\n  padding: 7% 20px 10% 20px;\n  max-width: 520px;\n}\n@media (min-width:550px) {\n  #col-235486902 > .col-inner {\n    padding: 7% 0px 10% 0px;\n  }\n}\n@media (min-width:850px) {\n  #col-235486902 > .col-inner {\n    padding: 7% 10% 10% 0px;\n  }\n}\n<\/style>\n\t<\/div>\n\n\t\n\n\t<div id=\"col-792276403\" class=\"col medium-12 small-12 large-6\"  >\n\t\t\t\t<div class=\"col-inner\"  >\n\t\t\t\n\t\t\t\n\n\t<div class=\"img has-hover x md-x lg-x y md-y lg-y\" id=\"image_992420169\">\n\t\t\t\t\t\t\t\t<div class=\"img-inner image-cover dark\" style=\"padding-top:56.25%;\">\n\t\t\t<img loading=\"lazy\" decoding=\"async\" width=\"600\" height=\"400\" src=\"https:\/\/elfar.ch\/content\/wp-content\/uploads\/2023\/02\/2020_zero-srf_outdoors-11_4800x3200_press.jpg\" class=\"attachment-original size-original\" alt=\"\" srcset=\"https:\/\/elfar.ch\/content\/wp-content\/uploads\/2023\/02\/2020_zero-srf_outdoors-11_4800x3200_press.jpg 600w, https:\/\/elfar.ch\/content\/wp-content\/uploads\/2023\/02\/2020_zero-srf_outdoors-11_4800x3200_press-300x200.jpg 300w\" sizes=\"auto, (max-width: 600px) 100vw, 600px\" \/>\t\t\t\t\t\t\n\t\t\t\t\t<\/div>\n\t\t\t\t\t\t\t\t\n<style>\n#image_992420169 {\n  width: 75%;\n}\n<\/style>\n\t<\/div>\n\t\n\n\n\t\t<\/div>\n\t\t\t\t\t<\/div>\n\n\t\n\n<\/div>\n\n\t\t<\/div>\n\n\t\t\n<style>\n#section_2043781362 {\n  padding-top: 0px;\n  padding-bottom: 0px;\n}\n<\/style>\n\t<\/section>\n\t\n\n\t<section class=\"section\" id=\"section_1019869149\">\n\t\t<div class=\"section-bg fill\" >\n\t\t\t\t\t\t\t\t\t\n\t\t\t\n\n\t\t<\/div>\n\n\t\t\n\n\t\t<div class=\"section-content relative\">\n\t\t\t\n\n<div class=\"row row-collapse row-full-width align-middle\"  id=\"row-237979438\">\n\n\n\t<div id=\"col-350954719\" class=\"col medium-12 small-12 large-6\"  >\n\t\t\t\t<div class=\"col-inner text-center\"  >\n\t\t\t\n\t\t\t\n\n\t<div id=\"text-3493580200\" class=\"text\">\n\t\t\n\n<h3>Das erste &#8222;intelligente&#8220; Motorrad<\/h3>\n<p>Die SR\/F ist weltweit das erste vollkommen &#8222;intelligente&#8220; Motorrad. Sowohl Cypher III, wie auch die individuell einstellbare Instrumententafel und die Zero-App der n\u00e4chsten Generation erm\u00f6glichen Zugriff auf wichtige Informationen von \u00fcberall her.<\/p>\n\t\t\n<style>\n#text-3493580200 {\n  text-align: left;\n}\n<\/style>\n\t<\/div>\n\t\n\n\t\t<\/div>\n\t\t\t\t\n<style>\n#col-350954719 > .col-inner {\n  padding: 7% 20px 10% 20px;\n  max-width: 520px;\n}\n@media (min-width:550px) {\n  #col-350954719 > .col-inner {\n    padding: 7% 0px 10% 0px;\n  }\n}\n@media (min-width:850px) {\n  #col-350954719 > .col-inner {\n    padding: 7% 10% 10% 0px;\n  }\n}\n<\/style>\n\t<\/div>\n\n\t\n\n\t<div id=\"col-1142359889\" class=\"col medium-12 small-12 large-6\"  >\n\t\t\t\t<div class=\"col-inner\"  >\n\t\t\t\n\t\t\t\n\n\t<div class=\"img has-hover x md-x lg-x y md-y lg-y\" id=\"image_1373388528\">\n\t\t\t\t\t\t\t\t<div class=\"img-inner image-cover dark\" style=\"padding-top:56.25%;\">\n\t\t\t<img loading=\"lazy\" decoding=\"async\" width=\"600\" height=\"400\" src=\"https:\/\/elfar.ch\/content\/wp-content\/uploads\/2023\/02\/2020_zero-srf_detail_dash_4800x3200_press.jpg\" class=\"attachment-original size-original\" alt=\"\" srcset=\"https:\/\/elfar.ch\/content\/wp-content\/uploads\/2023\/02\/2020_zero-srf_detail_dash_4800x3200_press.jpg 600w, https:\/\/elfar.ch\/content\/wp-content\/uploads\/2023\/02\/2020_zero-srf_detail_dash_4800x3200_press-300x200.jpg 300w\" sizes=\"auto, (max-width: 600px) 100vw, 600px\" \/>\t\t\t\t\t\t\n\t\t\t\t\t<\/div>\n\t\t\t\t\t\t\t\t\n<style>\n#image_1373388528 {\n  width: 75%;\n}\n<\/style>\n\t<\/div>\n\t\n\n\n\t\t<\/div>\n\t\t\t\t\t<\/div>\n\n\t\n\n<\/div>\n\n\t\t<\/div>\n\n\t\t\n<style>\n#section_1019869149 {\n  padding-top: 0px;\n  padding-bottom: 0px;\n  background-color: rgb(204, 204, 204);\n}\n<\/style>\n\t<\/section>\n\t\n<div class=\"text-center\"><div class=\"is-divider divider clearfix\" style=\"margin-top:20px;margin-bottom:20px;max-width:100%;height:1px;background-color:rgb(204, 204, 204);\"><\/div><\/div>\n\n\n\t<section class=\"section\" id=\"section_89704673\">\n\t\t<div class=\"section-bg fill\" >\n\t\t\t\t\t\t\t\t\t\n\t\t\t\n\n\t\t<\/div>\n\n\t\t\n\n\t\t<div class=\"section-content relative\">\n\t\t\t\n\n<div class=\"row row-collapse align-center\"  id=\"row-588208111\">\n\n\n\t<div id=\"col-786728270\" class=\"col small-12 large-12\"  >\n\t\t\t\t<div class=\"col-inner\"  >\n\t\t\t\n\t\t\t\n\n<table cellspacing=\"2\" cellpadding=\"2\">\n<tbody>\n<tr>\n<td>\u00a0<strong>Modell<\/strong><\/td>\n<td><strong>SRF<\/strong><\/td>\n<\/tr>\n<tr>\n<td>Drehmoment<\/td>\n<td>190 Nm<\/td>\n<\/tr>\n<tr>\n<td>Beschleunigung (0-100 km\/h)\u00a0\u00a0\u00a0\u00a0<\/td>\n<td>\n<p>3 Sekunden \u00a0\u00a0<\/p>\n<\/td>\n<\/tr>\n<tr>\n<td>F\u00fchrerschein<\/td>\n<td>A<\/td>\n<\/tr>\n<tr>\n<td>Leistung<\/td>\n<td>82 kW \/ 110 PS<\/td>\n<\/tr>\n<tr>\n<td>H\u00f6chstgeschwindigkeit\u00a0\u00a0\u00a0\u00a0<\/td>\n<td>200 km\/h\u00a0<\/td>\n<\/tr>\n<tr>\n<td>Reichweite<\/td>\n<td>150 &#8211; 300 km<\/td>\n<\/tr>\n<tr>\n<td>Gewicht<\/td>\n<td>227 kg<\/td>\n<\/tr>\n<tr>\n<td>Sitzh\u00f6he<\/td>\n<td>787 mm<\/td>\n<\/tr>\n<\/tbody>\n<\/table>\n\n\t\t<\/div>\n\t\t\t\t\n<style>\n#col-786728270 > .col-inner {\n  padding: 0px 20px 0px 20px;\n}\n@media (min-width:550px) {\n  #col-786728270 > .col-inner {\n    padding: 0px 20px 0px 20px;\n  }\n}\n<\/style>\n\t<\/div>\n\n\t\n\n<\/div>\n\n\t\t<\/div>\n\n\t\t\n<style>\n#section_89704673 {\n  padding-top: 30px;\n  padding-bottom: 30px;\n}\n<\/style>\n\t<\/section>\n\t\n<div class=\"text-center\"><div class=\"is-divider divider clearfix\" style=\"margin-top:20px;margin-bottom:20px;max-width:100%;height:1px;background-color:rgb(204, 204, 204);\"><\/div><\/div>\n\n\n\t<section class=\"section\" id=\"section_1704009106\">\n\t\t<div class=\"section-bg fill\" >\n\t\t\t\t\t\t\t\t\t\n\t\t\t\n\n\t\t<\/div>\n\n\t\t\n\n\t\t<div class=\"section-content relative\">\n\t\t\t\n\n  <div class=\"banner-grid-wrapper\">\n  <div id=\"banner-grid-1583277266\" class=\"banner-grid row row-grid row-xsmall row-full-width\" data-packery-options=\"\">\n                      \n\n<div class=\"col grid-col large-8 grid-col-2-3\" ><div class=\"col-inner\">\n\n\n  <div class=\"banner has-hover\" id=\"banner-206068169\">\n          <div class=\"banner-inner fill\">\n        <div class=\"banner-bg fill\" >\n            <img loading=\"lazy\" decoding=\"async\" width=\"2048\" height=\"1365\" src=\"https:\/\/elfar.ch\/content\/wp-content\/uploads\/2023\/02\/2020_zero-srf_studio_blue-rp-wbg_4800x3200_press.jpg\" class=\"bg attachment-original size-original\" alt=\"\" \/>                                    \n                    <\/div>\n\t\t\n        <div class=\"banner-layers container\">\n            <div class=\"fill banner-link\"><\/div>            \n\n\n        <\/div>\n      <\/div>\n\n            \n<style>\n#banner-206068169 {\n  padding-top: 500px;\n  background-color: rgb(255, 255, 255);\n}\n#banner-206068169 .banner-bg img {\n  object-position: 63% 36%;\n}\n<\/style>\n  <\/div>\n\n\n\n<\/div><\/div>\n<div class=\"col grid-col large-4 grid-col-1-3\" ><div class=\"col-inner\">\n\n\n  <div class=\"banner has-hover\" id=\"banner-695621177\">\n          <div class=\"banner-inner fill\">\n        <div class=\"banner-bg fill\" >\n            <img loading=\"lazy\" decoding=\"async\" width=\"2048\" height=\"1365\" src=\"https:\/\/elfar.ch\/content\/wp-content\/uploads\/2023\/02\/2020_zero-srf_outdoors-12_4800x3200_press-1.jpg\" class=\"bg attachment-original size-original\" alt=\"\" \/>                                    \n                    <\/div>\n\t\t\n        <div class=\"banner-layers container\">\n            <div class=\"fill banner-link\"><\/div>            \n\n\n        <\/div>\n      <\/div>\n\n            \n<style>\n#banner-695621177 {\n  padding-top: 500px;\n  background-color: rgb(255, 255, 255);\n}\n#banner-695621177 .banner-bg img {\n  object-position: 37% 33%;\n}\n<\/style>\n  <\/div>\n\n\n\n<\/div><\/div>\n<div class=\"col grid-col large-4 grid-col-2-3\" ><div class=\"col-inner\">\n\n\n  <div class=\"banner has-hover\" id=\"banner-651594817\">\n          <div class=\"banner-inner fill\">\n        <div class=\"banner-bg fill\" >\n            <img loading=\"lazy\" decoding=\"async\" width=\"2048\" height=\"1365\" src=\"https:\/\/elfar.ch\/content\/wp-content\/uploads\/2023\/02\/2020_zero-srf_outdoors-07_4800x3200_press.jpg\" class=\"bg attachment-original size-original\" alt=\"\" \/>                                    \n                    <\/div>\n\t\t\n        <div class=\"banner-layers container\">\n            <div class=\"fill banner-link\"><\/div>            \n\n\n        <\/div>\n      <\/div>\n\n            \n<style>\n#banner-651594817 {\n  padding-top: 500px;\n  background-color: rgb(255, 255, 255);\n}\n#banner-651594817 .banner-bg img {\n  object-position: 57% 54%;\n}\n<\/style>\n  <\/div>\n\n\n\n<\/div><\/div>\n<div class=\"col grid-col large-8 grid-col-1-3\" ><div class=\"col-inner\">\n\n\n  <div class=\"banner has-hover\" id=\"banner-1229335112\">\n          <div class=\"banner-inner fill\">\n        <div class=\"banner-bg fill\" >\n            <img loading=\"lazy\" decoding=\"async\" width=\"2048\" height=\"1365\" src=\"https:\/\/elfar.ch\/content\/wp-content\/uploads\/2023\/02\/2020_zero-srf_outdoors-13_4800x3200_press.jpg\" class=\"bg attachment-original size-original\" alt=\"\" \/>                                    \n                    <\/div>\n\t\t\n        <div class=\"banner-layers container\">\n            <div class=\"fill banner-link\"><\/div>            \n\n   <div id=\"text-box-1512111941\" class=\"text-box banner-layer x50 md-x50 lg-x50 y50 md-y50 lg-y50 res-text\">\n                                <div class=\"text-box-content text dark\">\n              \n              <div class=\"text-inner text-center\">\n                  \n\n\n              <\/div>\n           <\/div>\n                            \n<style>\n#text-box-1512111941 {\n  width: 60%;\n}\n#text-box-1512111941 .text-box-content {\n  font-size: 100%;\n}\n<\/style>\n    <\/div>\n \n\n        <\/div>\n      <\/div>\n\n            \n<style>\n#banner-1229335112 {\n  padding-top: 500px;\n  background-color: rgb(255, 255, 255);\n}\n#banner-1229335112 .banner-bg img {\n  object-position: 51% 73%;\n}\n<\/style>\n  <\/div>\n\n\n\n<\/div><\/div>\n\n            <\/div>\n    <style>\n    #banner-grid-1583277266 .grid-col-1{height: 600px}\n    #banner-grid-1583277266 .grid-col-1-2{height: 300px}\n    #banner-grid-1583277266 .grid-col-1-3{height:200px}\n    #banner-grid-1583277266 .grid-col-2-3{height: 400px}\n    #banner-grid-1583277266 .grid-col-1-4{height: 150px}\n    #banner-grid-1583277266 .grid-col-3-4{height: 450px}\n\n\n    \n    \n\n  <\/style>\n    <\/div>\n  \n\n\t\t<\/div>\n\n\t\t\n<style>\n#section_1704009106 {\n  padding-top: 30px;\n  padding-bottom: 30px;\n}\n<\/style>\n\t<\/section>\n\t\n\n","protected":false},"excerpt":{"rendered":"","protected":false},"author":1,"featured_media":0,"parent":857,"menu_order":4,"comment_status":"closed","ping_status":"closed","template":"","meta":{"footnotes":""},"class_list":["post-1014","page","type-page","status-publish","hentry"],"yoast_head":"<!-- This site is optimized with the Yoast SEO plugin v27.5 - https:\/\/yoast.com\/product\/yoast-seo-wordpress\/ -->\n<title>Zero SRF - Elfar<\/title>\n<meta name=\"robots\" content=\"index, follow, max-snippet:-1, max-image-preview:large, max-video-preview:-1\" \/>\n<link rel=\"canonical\" href=\"https:\/\/elfar.ch\/content\/produkte\/e-motorrad\/zero\/zero-srf\/\" \/>\n<meta property=\"og:locale\" content=\"de_DE\" \/>\n<meta property=\"og:type\" content=\"article\" \/>\n<meta property=\"og:title\" content=\"Zero SRF - Elfar\" \/>\n<meta property=\"og:url\" content=\"https:\/\/elfar.ch\/content\/produkte\/e-motorrad\/zero\/zero-srf\/\" \/>\n<meta property=\"og:site_name\" content=\"Elfar\" \/>\n<meta property=\"article:modified_time\" content=\"2026-03-14T14:29:05+00:00\" \/>\n<meta name=\"twitter:card\" content=\"summary_large_image\" \/>\n<meta name=\"twitter:label1\" content=\"Gesch\u00e4tzte Lesezeit\" \/>\n\t<meta name=\"twitter:data1\" content=\"2\u00a0Minuten\" \/>\n<script type=\"application\/ld+json\" class=\"yoast-schema-graph\">{\"@context\":\"https:\\\/\\\/schema.org\",\"@graph\":[{\"@type\":\"WebPage\",\"@id\":\"https:\\\/\\\/elfar.ch\\\/content\\\/produkte\\\/e-motorrad\\\/zero\\\/zero-srf\\\/\",\"url\":\"https:\\\/\\\/elfar.ch\\\/content\\\/produkte\\\/e-motorrad\\\/zero\\\/zero-srf\\\/\",\"name\":\"Zero SRF - Elfar\",\"isPartOf\":{\"@id\":\"https:\\\/\\\/elfar.ch\\\/content\\\/#website\"},\"datePublished\":\"2023-02-23T16:41:33+00:00\",\"dateModified\":\"2026-03-14T14:29:05+00:00\",\"breadcrumb\":{\"@id\":\"https:\\\/\\\/elfar.ch\\\/content\\\/produkte\\\/e-motorrad\\\/zero\\\/zero-srf\\\/#breadcrumb\"},\"inLanguage\":\"de\",\"potentialAction\":[{\"@type\":\"ReadAction\",\"target\":[\"https:\\\/\\\/elfar.ch\\\/content\\\/produkte\\\/e-motorrad\\\/zero\\\/zero-srf\\\/\"]}]},{\"@type\":\"BreadcrumbList\",\"@id\":\"https:\\\/\\\/elfar.ch\\\/content\\\/produkte\\\/e-motorrad\\\/zero\\\/zero-srf\\\/#breadcrumb\",\"itemListElement\":[{\"@type\":\"ListItem\",\"position\":1,\"name\":\"Startseite\",\"item\":\"https:\\\/\\\/elfar.ch\\\/content\\\/\"},{\"@type\":\"ListItem\",\"position\":2,\"name\":\"Produkte\",\"item\":\"https:\\\/\\\/elfar.ch\\\/content\\\/produkte\\\/\"},{\"@type\":\"ListItem\",\"position\":3,\"name\":\"E-Motorrad\",\"item\":\"https:\\\/\\\/elfar.ch\\\/content\\\/produkte\\\/e-motorrad\\\/\"},{\"@type\":\"ListItem\",\"position\":4,\"name\":\"Zero\",\"item\":\"https:\\\/\\\/elfar.ch\\\/content\\\/produkte\\\/e-motorrad\\\/zero\\\/\"},{\"@type\":\"ListItem\",\"position\":5,\"name\":\"Zero SRF\"}]},{\"@type\":\"WebSite\",\"@id\":\"https:\\\/\\\/elfar.ch\\\/content\\\/#website\",\"url\":\"https:\\\/\\\/elfar.ch\\\/content\\\/\",\"name\":\"elfar\",\"description\":\"Wir fahren elektrisch\",\"publisher\":{\"@id\":\"https:\\\/\\\/elfar.ch\\\/content\\\/#organization\"},\"potentialAction\":[{\"@type\":\"SearchAction\",\"target\":{\"@type\":\"EntryPoint\",\"urlTemplate\":\"https:\\\/\\\/elfar.ch\\\/content\\\/?s={search_term_string}\"},\"query-input\":{\"@type\":\"PropertyValueSpecification\",\"valueRequired\":true,\"valueName\":\"search_term_string\"}}],\"inLanguage\":\"de\"},{\"@type\":\"Organization\",\"@id\":\"https:\\\/\\\/elfar.ch\\\/content\\\/#organization\",\"name\":\"elfar GmbH\",\"url\":\"https:\\\/\\\/elfar.ch\\\/content\\\/\",\"logo\":{\"@type\":\"ImageObject\",\"inLanguage\":\"de\",\"@id\":\"https:\\\/\\\/elfar.ch\\\/content\\\/#\\\/schema\\\/logo\\\/image\\\/\",\"url\":\"https:\\\/\\\/elfar.ch\\\/content\\\/wp-content\\\/uploads\\\/2022\\\/12\\\/logo4.png\",\"contentUrl\":\"https:\\\/\\\/elfar.ch\\\/content\\\/wp-content\\\/uploads\\\/2022\\\/12\\\/logo4.png\",\"width\":543,\"height\":204,\"caption\":\"elfar GmbH\"},\"image\":{\"@id\":\"https:\\\/\\\/elfar.ch\\\/content\\\/#\\\/schema\\\/logo\\\/image\\\/\"},\"sameAs\":[\"https:\\\/\\\/www.instagram.com\\\/elfar_gmbh\\\/\"]}]}<\/script>\n<!-- \/ Yoast SEO plugin. -->","yoast_head_json":{"title":"Zero SRF - Elfar","robots":{"index":"index","follow":"follow","max-snippet":"max-snippet:-1","max-image-preview":"max-image-preview:large","max-video-preview":"max-video-preview:-1"},"canonical":"https:\/\/elfar.ch\/content\/produkte\/e-motorrad\/zero\/zero-srf\/","og_locale":"de_DE","og_type":"article","og_title":"Zero SRF - Elfar","og_url":"https:\/\/elfar.ch\/content\/produkte\/e-motorrad\/zero\/zero-srf\/","og_site_name":"Elfar","article_modified_time":"2026-03-14T14:29:05+00:00","twitter_card":"summary_large_image","twitter_misc":{"Gesch\u00e4tzte Lesezeit":"2\u00a0Minuten"},"schema":{"@context":"https:\/\/schema.org","@graph":[{"@type":"WebPage","@id":"https:\/\/elfar.ch\/content\/produkte\/e-motorrad\/zero\/zero-srf\/","url":"https:\/\/elfar.ch\/content\/produkte\/e-motorrad\/zero\/zero-srf\/","name":"Zero SRF - Elfar","isPartOf":{"@id":"https:\/\/elfar.ch\/content\/#website"},"datePublished":"2023-02-23T16:41:33+00:00","dateModified":"2026-03-14T14:29:05+00:00","breadcrumb":{"@id":"https:\/\/elfar.ch\/content\/produkte\/e-motorrad\/zero\/zero-srf\/#breadcrumb"},"inLanguage":"de","potentialAction":[{"@type":"ReadAction","target":["https:\/\/elfar.ch\/content\/produkte\/e-motorrad\/zero\/zero-srf\/"]}]},{"@type":"BreadcrumbList","@id":"https:\/\/elfar.ch\/content\/produkte\/e-motorrad\/zero\/zero-srf\/#breadcrumb","itemListElement":[{"@type":"ListItem","position":1,"name":"Startseite","item":"https:\/\/elfar.ch\/content\/"},{"@type":"ListItem","position":2,"name":"Produkte","item":"https:\/\/elfar.ch\/content\/produkte\/"},{"@type":"ListItem","position":3,"name":"E-Motorrad","item":"https:\/\/elfar.ch\/content\/produkte\/e-motorrad\/"},{"@type":"ListItem","position":4,"name":"Zero","item":"https:\/\/elfar.ch\/content\/produkte\/e-motorrad\/zero\/"},{"@type":"ListItem","position":5,"name":"Zero SRF"}]},{"@type":"WebSite","@id":"https:\/\/elfar.ch\/content\/#website","url":"https:\/\/elfar.ch\/content\/","name":"elfar","description":"Wir fahren elektrisch","publisher":{"@id":"https:\/\/elfar.ch\/content\/#organization"},"potentialAction":[{"@type":"SearchAction","target":{"@type":"EntryPoint","urlTemplate":"https:\/\/elfar.ch\/content\/?s={search_term_string}"},"query-input":{"@type":"PropertyValueSpecification","valueRequired":true,"valueName":"search_term_string"}}],"inLanguage":"de"},{"@type":"Organization","@id":"https:\/\/elfar.ch\/content\/#organization","name":"elfar GmbH","url":"https:\/\/elfar.ch\/content\/","logo":{"@type":"ImageObject","inLanguage":"de","@id":"https:\/\/elfar.ch\/content\/#\/schema\/logo\/image\/","url":"https:\/\/elfar.ch\/content\/wp-content\/uploads\/2022\/12\/logo4.png","contentUrl":"https:\/\/elfar.ch\/content\/wp-content\/uploads\/2022\/12\/logo4.png","width":543,"height":204,"caption":"elfar GmbH"},"image":{"@id":"https:\/\/elfar.ch\/content\/#\/schema\/logo\/image\/"},"sameAs":["https:\/\/www.instagram.com\/elfar_gmbh\/"]}]}},"_links":{"self":[{"href":"https:\/\/elfar.ch\/content\/wp-json\/wp\/v2\/pages\/1014","targetHints":{"allow":["GET"]}}],"collection":[{"href":"https:\/\/elfar.ch\/content\/wp-json\/wp\/v2\/pages"}],"about":[{"href":"https:\/\/elfar.ch\/content\/wp-json\/wp\/v2\/types\/page"}],"author":[{"embeddable":true,"href":"https:\/\/elfar.ch\/content\/wp-json\/wp\/v2\/users\/1"}],"replies":[{"embeddable":true,"href":"https:\/\/elfar.ch\/content\/wp-json\/wp\/v2\/comments?post=1014"}],"version-history":[{"count":18,"href":"https:\/\/elfar.ch\/content\/wp-json\/wp\/v2\/pages\/1014\/revisions"}],"predecessor-version":[{"id":2425,"href":"https:\/\/elfar.ch\/content\/wp-json\/wp\/v2\/pages\/1014\/revisions\/2425"}],"up":[{"embeddable":true,"href":"https:\/\/elfar.ch\/content\/wp-json\/wp\/v2\/pages\/857"}],"wp:attachment":[{"href":"https:\/\/elfar.ch\/content\/wp-json\/wp\/v2\/media?parent=1014"}],"curies":[{"name":"wp","href":"https:\/\/api.w.org\/{rel}","templated":true}]}}