{"id":1057,"date":"2023-02-23T17:19:56","date_gmt":"2023-02-23T17:19:56","guid":{"rendered":"https:\/\/elfar.ch\/elfar_wp\/?page_id=1057"},"modified":"2023-03-26T15:35:53","modified_gmt":"2023-03-26T15:35:53","slug":"meijs","status":"publish","type":"page","link":"https:\/\/elfar.ch\/content\/produkte\/e-motorrad\/meijs\/","title":{"rendered":"Meijs"},"content":{"rendered":"\n\n  <div class=\"banner has-hover has-parallax\" id=\"banner-1073413764\">\n          <div class=\"banner-inner fill\">\n        <div class=\"banner-bg fill\" data-parallax=\"-3\" data-parallax-container=\".banner\" data-parallax-background>\n            <img loading=\"lazy\" decoding=\"async\" width=\"1920\" height=\"1080\" src=\"https:\/\/elfar.ch\/content\/wp-content\/uploads\/2023\/02\/meijsmotorman-gallery1-original326-1920x1080-1.jpg\" class=\"bg attachment-original size-original\" alt=\"\" \/>                        <div class=\"overlay\"><\/div>            \n                    <\/div>\n\t\t\n        <div class=\"banner-layers container\">\n            <div class=\"fill banner-link\"><\/div>            \n\n   <div id=\"text-box-374668316\" class=\"text-box banner-layer x50 md-x50 lg-x50 y85 md-y85 lg-y85 res-text\">\n                                <div class=\"text-box-content text dark\">\n              \n              <div class=\"text-inner text-center\">\n                  \n\n<section id=\"lead\">\n<div class=\"container\">\n<h1 class=\"uppercase\"><strong>Meijs<\/strong><\/h1>\n<h3 class=\"jumbotron\"><strong>Elektromotorrad im Look vergangener Zeiten<\/strong><\/h3>\n<\/div>\n<\/section>\n\n              <\/div>\n           <\/div>\n                            \n<style>\n#text-box-374668316 .text-box-content {\n  background-color: rgba(0, 0, 0, 0.7);\n  border-radius: 6px;\n  font-size: 100%;\n}\n#text-box-374668316 {\n  width: 100%;\n}\n<\/style>\n    <\/div>\n \n\n        <\/div>\n      <\/div>\n\n            \n<style>\n#banner-1073413764 {\n  padding-top: 100%;\n  background-color: rgb(255, 255, 255);\n}\n#banner-1073413764 .overlay {\n  background-color: rgba(0, 0, 0, 0.17);\n}\n#banner-1073413764 .banner-bg img {\n  object-position: 28% 10%;\n}\n@media (min-width:550px) {\n  #banner-1073413764 {\n    padding-top: 50%;\n  }\n}\n<\/style>\n  <\/div>\n\n\n\n\t<section class=\"section\" id=\"section_1135389159\">\n\t\t<div class=\"section-bg fill\" >\n\t\t\t\t\t\t\t\t\t\n\t\t\t\n\n\t\t<\/div>\n\n\t\t\n\n\t\t<div class=\"section-content relative\">\n\t\t\t\n\n<div class=\"row row-collapse align-center\"  id=\"row-950788810\">\n\n\n\t<div id=\"col-140467922\" class=\"col small-12 large-12\"  >\n\t\t\t\t<div class=\"col-inner\"  >\n\t\t\t\n\t\t\t\n\n<p>&#8222;More than half of the world population lives in cities where traffic is jammed. That simple fact got my designers mind thinking: which vehicle would be the perfect, most simple solution for city transport? I decided it should be a light electric motorbike. A bike that makes life lighter and easier, yet elegant and at a high level. The solution for the city, and a joy in the countryside.&#8220;<\/p>\n<p><strong>Enjoy it!<\/strong><br \/><em>Ronald Meijs<\/em><\/p>\n<div class=\"is-divider divider clearfix\" style=\"max-width:small;\"><\/div>\n\n<p>&#8222;Mehr als die H\u00e4lfte der Weltbev\u00f6lkerung lebt in St\u00e4dten mit \u00fcberf\u00fcllten Strassen. Diese Tatsache brachte meine Designer zum Nachdenken: Welches Fahrzeug ist die perfekte, einfachste L\u00f6sung f\u00fcr die urbane Mobilit\u00e4t? Ich entschied mich f\u00fcr ein leichtes, elektrisches Moped. Ein Bike, welches das Leben einfacher und leichter macht, gleichermassen elegant wie hochwertig. Die L\u00f6sung f\u00fcr die Stadt und eine Freude auf dem Land.&#8220;<\/p>\n<p><strong>Geniessen Sie es!<\/strong><br \/><em>Ronald Meijs<\/em><\/p>\n\n\t\t<\/div>\n\t\t\t\t\n<style>\n#col-140467922 > .col-inner {\n  padding: 0px 20px 0px 20px;\n}\n@media (min-width:550px) {\n  #col-140467922 > .col-inner {\n    padding: 0px 20px 0px 20px;\n  }\n}\n<\/style>\n\t<\/div>\n\n\t\n\n<\/div>\n\n\t\t<\/div>\n\n\t\t\n<style>\n#section_1135389159 {\n  padding-top: 40px;\n  padding-bottom: 40px;\n  background-color: rgb(204, 204, 204);\n}\n<\/style>\n\t<\/section>\n\t\n\n\t<section class=\"section\" id=\"section_164654778\">\n\t\t<div class=\"section-bg fill\" >\n\t\t\t\t\t\t\t\t\t\n\t\t\t\n\n\t\t<\/div>\n\n\t\t\n\n\t\t<div class=\"section-content relative\">\n\t\t\t\n\n<div class=\"row row-collapse row-full-width align-middle\"  id=\"row-158191388\">\n\n\n\t<div id=\"col-489552436\" class=\"col medium-12 small-12 large-6\"  >\n\t\t\t\t<div class=\"col-inner text-center\"  >\n\t\t\t\n\t\t\t\n\n\t<div id=\"text-4208508221\" class=\"text\">\n\t\t\n\n<h2>Handcrafted by MEIJS<\/h2>\n<p><strong>&#8222;Wer Motorman f\u00e4hrt, darf sich \u00fcber pl\u00f6tzlich gez\u00fcckte Kameras nicht wundern. Denn das elektrische Moped f\u00e4llt auf der Stra\u00dfe extrem auf, weil es so unauff\u00e4llig ist.&#8220; [Spiegel Online]<\/strong><\/p>\n<p>Das Design ist ein Ergebnis aus Idealismus und praktischer Notwendigkeit. Wir alle sch\u00e4tzen das pulsierende Leben in st\u00e4dtischen Gebieten und leiden gleichzeitig unter den Auswirkungen der \u00fcberf\u00fcllten Strassen. Mit dem Motorman geh\u00f6rt das st\u00e4ndige Stop-And-Go auf den Strassen der Vergangenheit an. Die Umwelt wird geschont und auch das l\u00e4stige Parkplatzsuchen hat ein Ende. Gerade in der Schweiz ist es das ideale Fahrzeug, da wir bei uns fast immer kurze Distanzen zu \u00fcberwinden haben.<\/p>\n<p>Der MEIJS Motorman wird in einer eigenen Werkstatt in den Niederlanden gefertigt. Es wird besonderen Wert auf die enge Zusammenarbeit mit lokalen Lieferanten geachtet. Jedes Fahrzeug wird von Hand montiert und vor der Auslieferung auf Herz und Nieren gepr\u00fcft, damit Sie die ungetr\u00fcbte Freude an einem erstklassigen Moped vom ersten Tag an geniessen k\u00f6nnen.<\/p>\n\t\t\n<style>\n#text-4208508221 {\n  text-align: left;\n}\n<\/style>\n\t<\/div>\n\t\n\n\t\t<\/div>\n\t\t\t\t\n<style>\n#col-489552436 > .col-inner {\n  padding: 7% 0% 10% 0px;\n  max-width: 520px;\n}\n@media (min-width:850px) {\n  #col-489552436 > .col-inner {\n    padding: 10% 10% 10% 0px;\n  }\n}\n<\/style>\n\t<\/div>\n\n\t\n\n\t<div id=\"col-1796394061\" class=\"col medium-6 small-12 large-6\"  >\n\t\t\t\t<div class=\"col-inner\"  >\n\t\t\t\n\t\t\t\n\n\t<div class=\"img has-hover x md-x lg-x y md-y lg-y\" id=\"image_25719574\">\n\t\t\t\t\t\t\t\t<div class=\"img-inner dark\" >\n\t\t\t<img loading=\"lazy\" decoding=\"async\" width=\"600\" height=\"406\" src=\"https:\/\/elfar.ch\/content\/wp-content\/uploads\/2023\/02\/04-MEIJS-Motorman-Jet-Black-side-2-1596x1080-1.jpg\" class=\"attachment-original size-original\" alt=\"\" srcset=\"https:\/\/elfar.ch\/content\/wp-content\/uploads\/2023\/02\/04-MEIJS-Motorman-Jet-Black-side-2-1596x1080-1.jpg 600w, https:\/\/elfar.ch\/content\/wp-content\/uploads\/2023\/02\/04-MEIJS-Motorman-Jet-Black-side-2-1596x1080-1-300x203.jpg 300w\" sizes=\"auto, (max-width: 600px) 100vw, 600px\" \/>\t\t\t\t\t\t\n\t\t\t\t\t<\/div>\n\t\t\t\t\t\t\t\t\n<style>\n#image_25719574 {\n  width: 100%;\n}\n<\/style>\n\t<\/div>\n\t\n\n\n\t\t<\/div>\n\t\t\t\t\t<\/div>\n\n\t\n\n<\/div>\n\n\t\t<\/div>\n\n\t\t\n<style>\n#section_164654778 {\n  padding-top: 0px;\n  padding-bottom: 0px;\n}\n<\/style>\n\t<\/section>\n\t\n\n\t<section class=\"section\" id=\"section_127516707\">\n\t\t<div class=\"section-bg fill\" >\n\t\t\t\t\t\t\t\t\t\n\t\t\t\n\n\t\t<\/div>\n\n\t\t\n\n\t\t<div class=\"section-content relative\">\n\t\t\t\n\n<div class=\"row row-collapse row-full-width align-middle\"  id=\"row-2078351676\">\n\n\n\t<div id=\"col-1213412592\" class=\"col medium-12 small-12 large-6\"  >\n\t\t\t\t<div class=\"col-inner text-center\"  >\n\t\t\t\n\t\t\t\n\n\t<div id=\"text-3121135942\" class=\"text\">\n\t\t\n\n<h1>Fahren mit dem Motorman<\/h1>\n<p>Der Motorman ist schnell, wendig und sowohl f\u00fcr den Stadtverkehr wie auch f\u00fcr die Landstrasse geeignet. Daf\u00fcr sprechen seine Man\u00f6vrierf\u00e4higkeit und seine Robustheit. Mit einer Spitzengeschwindigkeit von 45\u00a0km\/h bringt er jeden schnell und sicher ans Ziel. Nicht nur das minimalistische Design ist leicht, sondern auch sein Gewicht von nur 45kg. Das Fahrgef\u00fchl: lautlos und schnell &#8211; typisch f\u00fcr einen modernen Elektroantrieb.<\/p>\n<p>Die Reichweite mit voll geladenem Akku betr\u00e4gt 50-65km &#8211; perfekt f\u00fcr die allt\u00e4glichen Kurzstrecken, die wir zur\u00fccklegen und er kann \u00fcberall aufgeladen werden, wo es Stromanschl\u00fcsse gibt.<\/p>\n\t\t\n<style>\n#text-3121135942 {\n  text-align: left;\n}\n<\/style>\n\t<\/div>\n\t\n\n\t\t<\/div>\n\t\t\t\t\n<style>\n#col-1213412592 > .col-inner {\n  padding: 7% 20px 10% 20px;\n  max-width: 520px;\n}\n@media (min-width:550px) {\n  #col-1213412592 > .col-inner {\n    padding: 7% 0px 10% 0px;\n  }\n}\n@media (min-width:850px) {\n  #col-1213412592 > .col-inner {\n    padding: 7% 10% 10% 0px;\n  }\n}\n<\/style>\n\t<\/div>\n\n\t\n\n\t<div id=\"col-747480017\" class=\"col medium-12 small-12 large-6\"  >\n\t\t\t\t<div class=\"col-inner\"  >\n\t\t\t\n\t\t\t\n\n\t<div class=\"img has-hover x md-x lg-x y md-y lg-y\" id=\"image_46027655\">\n\t\t\t\t\t\t\t\t<div class=\"img-inner image-cover dark\" style=\"padding-top:56.25%;\">\n\t\t\t<img loading=\"lazy\" decoding=\"async\" width=\"600\" height=\"400\" src=\"https:\/\/elfar.ch\/content\/wp-content\/uploads\/2023\/02\/12-MEIJS-Motorman-customized-red-1620x1080-1.jpg\" class=\"attachment-original size-original\" alt=\"\" srcset=\"https:\/\/elfar.ch\/content\/wp-content\/uploads\/2023\/02\/12-MEIJS-Motorman-customized-red-1620x1080-1.jpg 600w, https:\/\/elfar.ch\/content\/wp-content\/uploads\/2023\/02\/12-MEIJS-Motorman-customized-red-1620x1080-1-300x200.jpg 300w\" sizes=\"auto, (max-width: 600px) 100vw, 600px\" \/>\t\t\t\t\t\t\n\t\t\t\t\t<\/div>\n\t\t\t\t\t\t\t\t\n<style>\n#image_46027655 {\n  width: 100%;\n}\n<\/style>\n\t<\/div>\n\t\n\n\n\t\t<\/div>\n\t\t\t\t\t<\/div>\n\n\t\n\n<\/div>\n\n\t\t<\/div>\n\n\t\t\n<style>\n#section_127516707 {\n  padding-top: 0px;\n  padding-bottom: 0px;\n  background-color: rgb(204, 204, 204);\n}\n<\/style>\n\t<\/section>\n\t\n\n\t<section class=\"section\" id=\"section_2046549242\">\n\t\t<div class=\"section-bg fill\" >\n\t\t\t\t\t\t\t\t\t\n\t\t\t\n\n\t\t<\/div>\n\n\t\t\n\n\t\t<div class=\"section-content relative\">\n\t\t\t\n\n<div class=\"row row-collapse row-full-width align-middle\"  id=\"row-1120050360\">\n\n\n\t<div id=\"col-1172391772\" class=\"col medium-12 small-12 large-6\"  >\n\t\t\t\t<div class=\"col-inner text-center\"  >\n\t\t\t\n\t\t\t\n\n\t<div id=\"text-29357295\" class=\"text\">\n\t\t\n\n<h1>Technology und Design<\/h1>\n<p>Minimalistisches Design im Retro-Stil der 20er Jahre des letzten Jahrhunderts beherbergt modernste Technologie. Der Motorman wird durch einen kr\u00e4ftigen, b\u00fcrstenlosen Direktantrieb-Nabenmotor angetrieben. Da er keine beweglichen Teile besitzt, leidet er nicht unter Verschleisserscheinungen. Mit einer Leistung von 2kW bringt er ein krafvolles Drehmoment von 60Nm. Der Akku befindet sich im &#8222;Tank&#8220; des Motorman. Ein Lithium-Ionen-Akku mit der Kapazit\u00e4t von 1.5kWh, der demselben Typ entspricht, der auch im Tesla verbaut wird. Der Rahmen besteht komplett aus Metall. Die Frontgabel besteht aus einem einzigen St\u00fcck Chrom-Molybd\u00e4n-Stahl. Der Stahlrahmen und die Gabel sind pulverbeschichtet. Der Sattel wird speziell f\u00fcr den Motorman gefertigt: Eine mit Leder gepolsterte Stahlplatte.<\/p>\n<p>Der Motorman ist in der EU, sowie in Norwegen und in der Schweiz zugelassen.<\/p>\n\t\t\n<style>\n#text-29357295 {\n  text-align: left;\n}\n<\/style>\n\t<\/div>\n\t\n\n\t\t<\/div>\n\t\t\t\t\n<style>\n#col-1172391772 > .col-inner {\n  padding: 7% 20px 10% 20px;\n  max-width: 520px;\n}\n@media (min-width:550px) {\n  #col-1172391772 > .col-inner {\n    padding: 7% 0px 10% 0px;\n  }\n}\n@media (min-width:850px) {\n  #col-1172391772 > .col-inner {\n    padding: 7% 10% 10% 0px;\n  }\n}\n<\/style>\n\t<\/div>\n\n\t\n\n\t<div id=\"col-398323842\" class=\"col medium-12 small-12 large-6\"  >\n\t\t\t\t<div class=\"col-inner\"  >\n\t\t\t\n\t\t\t\n\n\t<div class=\"img has-hover x md-x lg-x y md-y lg-y\" id=\"image_24667227\">\n\t\t\t\t\t\t\t\t<div class=\"img-inner image-cover dark\" style=\"padding-top:56.25%;\">\n\t\t\t<img loading=\"lazy\" decoding=\"async\" width=\"600\" height=\"400\" src=\"https:\/\/elfar.ch\/content\/wp-content\/uploads\/2023\/02\/14-MEIJS-Motorman-detail-saddle-key-1620x1080-1.jpg\" class=\"attachment-original size-original\" alt=\"\" srcset=\"https:\/\/elfar.ch\/content\/wp-content\/uploads\/2023\/02\/14-MEIJS-Motorman-detail-saddle-key-1620x1080-1.jpg 600w, https:\/\/elfar.ch\/content\/wp-content\/uploads\/2023\/02\/14-MEIJS-Motorman-detail-saddle-key-1620x1080-1-300x200.jpg 300w\" sizes=\"auto, (max-width: 600px) 100vw, 600px\" \/>\t\t\t\t\t\t\n\t\t\t\t\t<\/div>\n\t\t\t\t\t\t\t\t\n<style>\n#image_24667227 {\n  width: 100%;\n}\n<\/style>\n\t<\/div>\n\t\n\n\n\t\t<\/div>\n\t\t\t\t\t<\/div>\n\n\t\n\n<\/div>\n\n\t\t<\/div>\n\n\t\t\n<style>\n#section_2046549242 {\n  padding-top: 0px;\n  padding-bottom: 0px;\n}\n<\/style>\n\t<\/section>\n\t\n<div class=\"text-center\"><div class=\"is-divider divider clearfix\" style=\"margin-top:20px;margin-bottom:20px;max-width:100%;height:1px;background-color:rgb(204, 204, 204);\"><\/div><\/div>\n\n\n\t<section class=\"section\" id=\"section_1636761212\">\n\t\t<div class=\"section-bg fill\" >\n\t\t\t\t\t\t\t\t\t\n\t\t\t\n\n\t\t<\/div>\n\n\t\t\n\n\t\t<div class=\"section-content relative\">\n\t\t\t\n\n<div class=\"row align-middle\"  id=\"row-1817064270\">\n\n\n\t<div id=\"col-993012296\" class=\"col medium-12 small-12 large-12\"  >\n\t\t\t\t<div class=\"col-inner\"  >\n\t\t\t\n\t\t\t\n\n<h1 style=\"text-align: center;\">Individuelle Gestaltung und Branding<\/h1>\n<p style=\"text-align: center;\">M\u00f6chten Sie Ihren Motorman individuell gestalten? Setzen Sie sich mit uns in Verbindung. Sie k\u00f6nnen die Farbgestaltung bestimmen und Ihr individuelles Logo auf den Tank aufbringen lassen. Wir beraten Sie gerne \u00fcber die vielf\u00e4ltigen M\u00f6glichkeiten.<\/p>\n<p style=\"text-align: center;\">Ihre Fahrzeugflotte in Ihren Farben, mit Ihrem Logo ist ein garantierter Blickfang und hervorragender Werbetr\u00e4ger.<\/p>\n\n\t\t<\/div>\n\t\t\t\t\n<style>\n#col-993012296 > .col-inner {\n  padding: 7% 0px 10% 0px;\n}\n@media (min-width:850px) {\n  #col-993012296 > .col-inner {\n    padding: 0px 20px 0px 20px;\n  }\n}\n<\/style>\n\t<\/div>\n\n\t\n\n\t<div id=\"col-747510665\" class=\"col medium-12 small-12 large-12\"  >\n\t\t\t\t<div class=\"col-inner text-center\"  >\n\t\t\t\n\t\t\t\n\n\t<div class=\"img has-hover x md-x lg-x y md-y lg-y\" id=\"image_1772385738\">\n\t\t\t\t\t\t\t\t<div class=\"img-inner dark\" >\n\t\t\t<img loading=\"lazy\" decoding=\"async\" width=\"600\" height=\"406\" src=\"https:\/\/elfar.ch\/content\/wp-content\/uploads\/2023\/02\/Meijs-Branding-Captions3.jpg\" class=\"attachment-original size-original\" alt=\"\" srcset=\"https:\/\/elfar.ch\/content\/wp-content\/uploads\/2023\/02\/Meijs-Branding-Captions3.jpg 600w, https:\/\/elfar.ch\/content\/wp-content\/uploads\/2023\/02\/Meijs-Branding-Captions3-300x203.jpg 300w\" sizes=\"auto, (max-width: 600px) 100vw, 600px\" \/>\t\t\t\t\t\t\n\t\t\t\t\t<\/div>\n\t\t\t\t\t\t\t\t\n<style>\n#image_1772385738 {\n  width: 80%;\n}\n@media (min-width:850px) {\n  #image_1772385738 {\n    width: 40%;\n  }\n}\n<\/style>\n\t<\/div>\n\t\n\n\n\t\t<\/div>\n\t\t\t\t\t<\/div>\n\n\t\n\n<\/div>\n\n\t\t<\/div>\n\n\t\t\n<style>\n#section_1636761212 {\n  padding-top: 30px;\n  padding-bottom: 30px;\n}\n<\/style>\n\t<\/section>\n\t\n<div class=\"text-center\"><div class=\"is-divider divider clearfix\" style=\"margin-top:20px;margin-bottom:20px;max-width:100%;height:1px;background-color:rgb(204, 204, 204);\"><\/div><\/div>\n\n\n\t<section class=\"section\" id=\"section_766041690\">\n\t\t<div class=\"section-bg fill\" >\n\t\t\t\t\t\t\t\t\t\n\t\t\t\n\n\t\t<\/div>\n\n\t\t\n\n\t\t<div class=\"section-content relative\">\n\t\t\t\n\n<div class=\"row row-collapse align-middle align-center\"  id=\"row-1378471032\">\n\n\n\t<div id=\"col-123092297\" class=\"col small-12 large-12\"  >\n\t\t\t\t<div class=\"col-inner\"  >\n\t\t\t\n\t\t\t\n\n<hr \/>\n<table cellspacing=\"2\" cellpadding=\"2\">\n<tbody>\n<tr>\n<td>\u00a0<\/td>\n<td><strong>Meijs Motorman<br \/><\/strong><\/td>\n<\/tr>\n<tr>\n<td>F\u00fchrerschein<\/td>\n<td>A1 (ab 16 Jahren)<\/td>\n<\/tr>\n<tr>\n<td>Leistung<\/td>\n<td>2 kW (60Nm)<\/td>\n<\/tr>\n<tr>\n<td>H\u00f6chstgeschwindigkeit\u00a0\u00a0\u00a0\u00a0<\/td>\n<td>45 km\/h\u00a0<\/td>\n<\/tr>\n<tr>\n<td>Reichweite<\/td>\n<td>50-65 km<\/td>\n<\/tr>\n<tr>\n<td>Ladezeit<\/td>\n<td>4-6 Stunden<\/td>\n<\/tr>\n<tr>\n<td>Gewicht\u00a0<\/td>\n<td>45 kg<\/td>\n<\/tr>\n<tr>\n<td>Zul. Gesamtgewicht<\/td>\n<td>195 kg<\/td>\n<\/tr>\n<\/tbody>\n<\/table>\n\n\t\t<\/div>\n\t\t\t\t\n<style>\n#col-123092297 > .col-inner {\n  padding: 0px 20px 0px 20px;\n}\n@media (min-width:550px) {\n  #col-123092297 > .col-inner {\n    padding: 0px 20px 0px 20px;\n  }\n}\n<\/style>\n\t<\/div>\n\n\t\n\n<\/div>\n\n\t\t<\/div>\n\n\t\t\n<style>\n#section_766041690 {\n  padding-top: 30px;\n  padding-bottom: 30px;\n}\n<\/style>\n\t<\/section>\n\t\n<div class=\"text-center\"><div class=\"is-divider divider clearfix\" style=\"margin-top:20px;margin-bottom:20px;max-width:100%;height:1px;background-color:rgb(204, 204, 204);\"><\/div><\/div>\n\n\n\t<section class=\"section\" id=\"section_364510030\">\n\t\t<div class=\"section-bg fill\" >\n\t\t\t\t\t\t\t\t\t\n\t\t\t\n\n\t\t<\/div>\n\n\t\t\n\n\t\t<div class=\"section-content relative\">\n\t\t\t\n\n  <div class=\"banner-grid-wrapper\">\n  <div id=\"banner-grid-2097203487\" class=\"banner-grid row row-grid row-xsmall row-full-width\" data-packery-options=\"\">\n                      \n\n<div class=\"col grid-col large-8 grid-col-2-3\" ><div class=\"col-inner\">\n\n\n  <div class=\"banner has-hover\" id=\"banner-636217947\">\n          <div class=\"banner-inner fill\">\n        <div class=\"banner-bg fill\" >\n            <img loading=\"lazy\" decoding=\"async\" width=\"600\" height=\"400\" src=\"https:\/\/elfar.ch\/content\/wp-content\/uploads\/2023\/02\/01-MEIJS-Motorman-Jet-black-front-1620x1080-1.jpg\" class=\"bg attachment-original size-original\" alt=\"\" \/>                                    \n                    <\/div>\n\t\t\n        <div class=\"banner-layers container\">\n            <div class=\"fill banner-link\"><\/div>            \n\n\n        <\/div>\n      <\/div>\n\n            \n<style>\n#banner-636217947 {\n  padding-top: 500px;\n  background-color: rgb(255, 255, 255);\n}\n#banner-636217947 .banner-bg img {\n  object-position: 48% 30%;\n}\n<\/style>\n  <\/div>\n\n\n\n<\/div><\/div>\n<div class=\"col grid-col large-4 grid-col-1-3\" ><div class=\"col-inner\">\n\n\n  <div class=\"banner has-hover\" id=\"banner-572012377\">\n          <div class=\"banner-inner fill\">\n        <div class=\"banner-bg fill\" >\n            <img loading=\"lazy\" decoding=\"async\" width=\"534\" height=\"400\" src=\"https:\/\/elfar.ch\/content\/wp-content\/uploads\/2023\/02\/MEIJS-Motorman-Saint-Tropez-e1471266498963-1440x1080-1.jpg\" class=\"bg attachment-original size-original\" alt=\"\" \/>                                    \n                    <\/div>\n\t\t\n        <div class=\"banner-layers container\">\n            <div class=\"fill banner-link\"><\/div>            \n\n\n        <\/div>\n      <\/div>\n\n            \n<style>\n#banner-572012377 {\n  padding-top: 500px;\n  background-color: rgb(255, 255, 255);\n}\n#banner-572012377 .banner-bg img {\n  object-position: 45% 92%;\n}\n<\/style>\n  <\/div>\n\n\n\n<\/div><\/div>\n<div class=\"col grid-col large-4 grid-col-2-3\" ><div class=\"col-inner\">\n\n\n  <div class=\"banner has-hover\" id=\"banner-1919060937\">\n          <div class=\"banner-inner fill\">\n        <div class=\"banner-bg fill\" >\n            <img loading=\"lazy\" decoding=\"async\" width=\"600\" height=\"400\" src=\"https:\/\/elfar.ch\/content\/wp-content\/uploads\/2023\/02\/10-MEIJS-Motorman-London-1620x1080-1.jpg\" class=\"bg attachment-original size-original\" alt=\"\" \/>                                    \n                    <\/div>\n\t\t\n        <div class=\"banner-layers container\">\n            <div class=\"fill banner-link\"><\/div>            \n\n\n        <\/div>\n      <\/div>\n\n            \n<style>\n#banner-1919060937 {\n  padding-top: 500px;\n  background-color: rgb(255, 255, 255);\n}\n#banner-1919060937 .banner-bg img {\n  object-position: 81% 50%;\n}\n<\/style>\n  <\/div>\n\n\n\n<\/div><\/div>\n<div class=\"col grid-col large-8 grid-col-1-3\" ><div class=\"col-inner\">\n\n\n  <div class=\"banner has-hover\" id=\"banner-803254767\">\n          <div class=\"banner-inner fill\">\n        <div class=\"banner-bg fill\" >\n            <img loading=\"lazy\" decoding=\"async\" width=\"494\" height=\"400\" src=\"https:\/\/elfar.ch\/content\/wp-content\/uploads\/2023\/02\/MEIJS-Motorman-black-workshop-1333x1080-1.jpg\" class=\"bg attachment-original size-original\" alt=\"\" \/>                                    \n                    <\/div>\n\t\t\n        <div class=\"banner-layers container\">\n            <div class=\"fill banner-link\"><\/div>            \n\n   <div id=\"text-box-1860666967\" class=\"text-box banner-layer x50 md-x50 lg-x50 y50 md-y50 lg-y50 res-text\">\n                                <div class=\"text-box-content text dark\">\n              \n              <div class=\"text-inner text-center\">\n                  \n\n\n              <\/div>\n           <\/div>\n                            \n<style>\n#text-box-1860666967 {\n  width: 60%;\n}\n#text-box-1860666967 .text-box-content {\n  font-size: 100%;\n}\n<\/style>\n    <\/div>\n \n\n        <\/div>\n      <\/div>\n\n            \n<style>\n#banner-803254767 {\n  padding-top: 500px;\n  background-color: rgb(255, 255, 255);\n}\n#banner-803254767 .banner-bg img {\n  object-position: 41% 41%;\n}\n<\/style>\n  <\/div>\n\n\n\n<\/div><\/div>\n\n            <\/div>\n    <style>\n    #banner-grid-2097203487 .grid-col-1{height: 600px}\n    #banner-grid-2097203487 .grid-col-1-2{height: 300px}\n    #banner-grid-2097203487 .grid-col-1-3{height:200px}\n    #banner-grid-2097203487 .grid-col-2-3{height: 400px}\n    #banner-grid-2097203487 .grid-col-1-4{height: 150px}\n    #banner-grid-2097203487 .grid-col-3-4{height: 450px}\n\n\n    \n    \n\n  <\/style>\n    <\/div>\n  \n\n\t\t<\/div>\n\n\t\t\n<style>\n#section_364510030 {\n  padding-top: 30px;\n  padding-bottom: 30px;\n}\n<\/style>\n\t<\/section>\n\t\n\n","protected":false},"excerpt":{"rendered":"","protected":false},"author":1,"featured_media":0,"parent":793,"menu_order":1,"comment_status":"closed","ping_status":"closed","template":"","meta":{"footnotes":""},"class_list":["post-1057","page","type-page","status-publish","hentry"],"yoast_head":"<!-- This site is optimized with the Yoast SEO plugin v27.5 - https:\/\/yoast.com\/product\/yoast-seo-wordpress\/ -->\n<title>Meijs - Elfar<\/title>\n<meta name=\"robots\" content=\"index, follow, max-snippet:-1, max-image-preview:large, max-video-preview:-1\" \/>\n<link rel=\"canonical\" href=\"https:\/\/elfar.ch\/content\/produkte\/e-motorrad\/meijs\/\" \/>\n<meta property=\"og:locale\" content=\"de_DE\" \/>\n<meta property=\"og:type\" content=\"article\" \/>\n<meta property=\"og:title\" content=\"Meijs - Elfar\" \/>\n<meta property=\"og:url\" content=\"https:\/\/elfar.ch\/content\/produkte\/e-motorrad\/meijs\/\" \/>\n<meta property=\"og:site_name\" content=\"Elfar\" \/>\n<meta property=\"article:modified_time\" content=\"2023-03-26T15:35:53+00:00\" \/>\n<meta name=\"twitter:card\" content=\"summary_large_image\" \/>\n<meta name=\"twitter:label1\" content=\"Gesch\u00e4tzte Lesezeit\" \/>\n\t<meta name=\"twitter:data1\" content=\"5\u00a0Minuten\" \/>\n<script type=\"application\/ld+json\" class=\"yoast-schema-graph\">{\"@context\":\"https:\\\/\\\/schema.org\",\"@graph\":[{\"@type\":\"WebPage\",\"@id\":\"https:\\\/\\\/elfar.ch\\\/content\\\/produkte\\\/e-motorrad\\\/meijs\\\/\",\"url\":\"https:\\\/\\\/elfar.ch\\\/content\\\/produkte\\\/e-motorrad\\\/meijs\\\/\",\"name\":\"Meijs - Elfar\",\"isPartOf\":{\"@id\":\"https:\\\/\\\/elfar.ch\\\/content\\\/#website\"},\"datePublished\":\"2023-02-23T17:19:56+00:00\",\"dateModified\":\"2023-03-26T15:35:53+00:00\",\"breadcrumb\":{\"@id\":\"https:\\\/\\\/elfar.ch\\\/content\\\/produkte\\\/e-motorrad\\\/meijs\\\/#breadcrumb\"},\"inLanguage\":\"de\",\"potentialAction\":[{\"@type\":\"ReadAction\",\"target\":[\"https:\\\/\\\/elfar.ch\\\/content\\\/produkte\\\/e-motorrad\\\/meijs\\\/\"]}]},{\"@type\":\"BreadcrumbList\",\"@id\":\"https:\\\/\\\/elfar.ch\\\/content\\\/produkte\\\/e-motorrad\\\/meijs\\\/#breadcrumb\",\"itemListElement\":[{\"@type\":\"ListItem\",\"position\":1,\"name\":\"Startseite\",\"item\":\"https:\\\/\\\/elfar.ch\\\/content\\\/\"},{\"@type\":\"ListItem\",\"position\":2,\"name\":\"Produkte\",\"item\":\"https:\\\/\\\/elfar.ch\\\/content\\\/produkte\\\/\"},{\"@type\":\"ListItem\",\"position\":3,\"name\":\"E-Motorrad\",\"item\":\"https:\\\/\\\/elfar.ch\\\/content\\\/produkte\\\/e-motorrad\\\/\"},{\"@type\":\"ListItem\",\"position\":4,\"name\":\"Meijs\"}]},{\"@type\":\"WebSite\",\"@id\":\"https:\\\/\\\/elfar.ch\\\/content\\\/#website\",\"url\":\"https:\\\/\\\/elfar.ch\\\/content\\\/\",\"name\":\"elfar\",\"description\":\"Wir fahren elektrisch\",\"publisher\":{\"@id\":\"https:\\\/\\\/elfar.ch\\\/content\\\/#organization\"},\"potentialAction\":[{\"@type\":\"SearchAction\",\"target\":{\"@type\":\"EntryPoint\",\"urlTemplate\":\"https:\\\/\\\/elfar.ch\\\/content\\\/?s={search_term_string}\"},\"query-input\":{\"@type\":\"PropertyValueSpecification\",\"valueRequired\":true,\"valueName\":\"search_term_string\"}}],\"inLanguage\":\"de\"},{\"@type\":\"Organization\",\"@id\":\"https:\\\/\\\/elfar.ch\\\/content\\\/#organization\",\"name\":\"elfar GmbH\",\"url\":\"https:\\\/\\\/elfar.ch\\\/content\\\/\",\"logo\":{\"@type\":\"ImageObject\",\"inLanguage\":\"de\",\"@id\":\"https:\\\/\\\/elfar.ch\\\/content\\\/#\\\/schema\\\/logo\\\/image\\\/\",\"url\":\"https:\\\/\\\/elfar.ch\\\/content\\\/wp-content\\\/uploads\\\/2022\\\/12\\\/logo4.png\",\"contentUrl\":\"https:\\\/\\\/elfar.ch\\\/content\\\/wp-content\\\/uploads\\\/2022\\\/12\\\/logo4.png\",\"width\":543,\"height\":204,\"caption\":\"elfar GmbH\"},\"image\":{\"@id\":\"https:\\\/\\\/elfar.ch\\\/content\\\/#\\\/schema\\\/logo\\\/image\\\/\"},\"sameAs\":[\"https:\\\/\\\/www.instagram.com\\\/elfar_gmbh\\\/\"]}]}<\/script>\n<!-- \/ Yoast SEO plugin. -->","yoast_head_json":{"title":"Meijs - Elfar","robots":{"index":"index","follow":"follow","max-snippet":"max-snippet:-1","max-image-preview":"max-image-preview:large","max-video-preview":"max-video-preview:-1"},"canonical":"https:\/\/elfar.ch\/content\/produkte\/e-motorrad\/meijs\/","og_locale":"de_DE","og_type":"article","og_title":"Meijs - Elfar","og_url":"https:\/\/elfar.ch\/content\/produkte\/e-motorrad\/meijs\/","og_site_name":"Elfar","article_modified_time":"2023-03-26T15:35:53+00:00","twitter_card":"summary_large_image","twitter_misc":{"Gesch\u00e4tzte Lesezeit":"5\u00a0Minuten"},"schema":{"@context":"https:\/\/schema.org","@graph":[{"@type":"WebPage","@id":"https:\/\/elfar.ch\/content\/produkte\/e-motorrad\/meijs\/","url":"https:\/\/elfar.ch\/content\/produkte\/e-motorrad\/meijs\/","name":"Meijs - Elfar","isPartOf":{"@id":"https:\/\/elfar.ch\/content\/#website"},"datePublished":"2023-02-23T17:19:56+00:00","dateModified":"2023-03-26T15:35:53+00:00","breadcrumb":{"@id":"https:\/\/elfar.ch\/content\/produkte\/e-motorrad\/meijs\/#breadcrumb"},"inLanguage":"de","potentialAction":[{"@type":"ReadAction","target":["https:\/\/elfar.ch\/content\/produkte\/e-motorrad\/meijs\/"]}]},{"@type":"BreadcrumbList","@id":"https:\/\/elfar.ch\/content\/produkte\/e-motorrad\/meijs\/#breadcrumb","itemListElement":[{"@type":"ListItem","position":1,"name":"Startseite","item":"https:\/\/elfar.ch\/content\/"},{"@type":"ListItem","position":2,"name":"Produkte","item":"https:\/\/elfar.ch\/content\/produkte\/"},{"@type":"ListItem","position":3,"name":"E-Motorrad","item":"https:\/\/elfar.ch\/content\/produkte\/e-motorrad\/"},{"@type":"ListItem","position":4,"name":"Meijs"}]},{"@type":"WebSite","@id":"https:\/\/elfar.ch\/content\/#website","url":"https:\/\/elfar.ch\/content\/","name":"elfar","description":"Wir fahren elektrisch","publisher":{"@id":"https:\/\/elfar.ch\/content\/#organization"},"potentialAction":[{"@type":"SearchAction","target":{"@type":"EntryPoint","urlTemplate":"https:\/\/elfar.ch\/content\/?s={search_term_string}"},"query-input":{"@type":"PropertyValueSpecification","valueRequired":true,"valueName":"search_term_string"}}],"inLanguage":"de"},{"@type":"Organization","@id":"https:\/\/elfar.ch\/content\/#organization","name":"elfar GmbH","url":"https:\/\/elfar.ch\/content\/","logo":{"@type":"ImageObject","inLanguage":"de","@id":"https:\/\/elfar.ch\/content\/#\/schema\/logo\/image\/","url":"https:\/\/elfar.ch\/content\/wp-content\/uploads\/2022\/12\/logo4.png","contentUrl":"https:\/\/elfar.ch\/content\/wp-content\/uploads\/2022\/12\/logo4.png","width":543,"height":204,"caption":"elfar GmbH"},"image":{"@id":"https:\/\/elfar.ch\/content\/#\/schema\/logo\/image\/"},"sameAs":["https:\/\/www.instagram.com\/elfar_gmbh\/"]}]}},"_links":{"self":[{"href":"https:\/\/elfar.ch\/content\/wp-json\/wp\/v2\/pages\/1057","targetHints":{"allow":["GET"]}}],"collection":[{"href":"https:\/\/elfar.ch\/content\/wp-json\/wp\/v2\/pages"}],"about":[{"href":"https:\/\/elfar.ch\/content\/wp-json\/wp\/v2\/types\/page"}],"author":[{"embeddable":true,"href":"https:\/\/elfar.ch\/content\/wp-json\/wp\/v2\/users\/1"}],"replies":[{"embeddable":true,"href":"https:\/\/elfar.ch\/content\/wp-json\/wp\/v2\/comments?post=1057"}],"version-history":[{"count":37,"href":"https:\/\/elfar.ch\/content\/wp-json\/wp\/v2\/pages\/1057\/revisions"}],"predecessor-version":[{"id":1496,"href":"https:\/\/elfar.ch\/content\/wp-json\/wp\/v2\/pages\/1057\/revisions\/1496"}],"up":[{"embeddable":true,"href":"https:\/\/elfar.ch\/content\/wp-json\/wp\/v2\/pages\/793"}],"wp:attachment":[{"href":"https:\/\/elfar.ch\/content\/wp-json\/wp\/v2\/media?parent=1057"}],"curies":[{"name":"wp","href":"https:\/\/api.w.org\/{rel}","templated":true}]}}