{"id":196,"date":"2023-01-25T13:29:09","date_gmt":"2023-01-25T13:29:09","guid":{"rendered":"https:\/\/elfar.ch\/elfar_wp\/?page_id=196"},"modified":"2024-03-21T09:56:16","modified_gmt":"2024-03-21T09:56:16","slug":"flyer","status":"publish","type":"page","link":"https:\/\/elfar.ch\/content\/produkte\/e-bikes\/flyer\/","title":{"rendered":"Flyer"},"content":{"rendered":"\n\n  <div class=\"banner has-hover has-parallax\" id=\"banner-1937980048\">\n          <div class=\"banner-inner fill\">\n        <div class=\"banner-bg fill\" data-parallax=\"-3\" data-parallax-container=\".banner\" data-parallax-background>\n            <img loading=\"lazy\" decoding=\"async\" width=\"2560\" height=\"1707\" src=\"https:\/\/elfar.ch\/content\/wp-content\/uploads\/2023\/12\/Gotour_2023_DSC02985-scaled.jpg\" class=\"bg attachment-original size-original\" alt=\"\" \/>                        <div class=\"overlay\"><\/div>            \n                    <\/div>\n\t\t\n        <div class=\"banner-layers container\">\n            <div class=\"fill banner-link\"><\/div>            \n\n   <div id=\"text-box-371004277\" class=\"text-box banner-layer x50 md-x50 lg-x50 y85 md-y85 lg-y85 res-text\">\n                                <div class=\"text-box-content text dark\">\n              \n              <div class=\"text-inner text-center\">\n                  \n\n<h1 class=\"uppercase\"><strong>Flyer<\/strong><\/h1>\n<h3 class=\"uppercase\"><strong>Jede Fahrt ein Vergn\u00fcgen<\/strong><\/h3>\n\n              <\/div>\n           <\/div>\n                            \n<style>\n#text-box-371004277 .text-box-content {\n  background-color: rgba(0, 0, 0, 0.7);\n  border-radius: 6px;\n  font-size: 100%;\n}\n#text-box-371004277 {\n  width: 100%;\n}\n<\/style>\n    <\/div>\n \n\n        <\/div>\n      <\/div>\n\n            \n<style>\n#banner-1937980048 {\n  padding-top: 50%;\n  background-color: rgb(255, 255, 255);\n}\n#banner-1937980048 .overlay {\n  background-color: rgba(0, 0, 0, 0.17);\n}\n#banner-1937980048 .banner-bg img {\n  object-position: 0% 100%;\n}\n<\/style>\n  <\/div>\n\n\n\n\t<section class=\"section\" id=\"section_207386854\">\n\t\t<div class=\"section-bg fill\" >\n\t\t\t\t\t\t\t\t\t\n\t\t\t\n\n\t\t<\/div>\n\n\t\t\n\n\t\t<div class=\"section-content relative\">\n\t\t\t\n\n<div class=\"row row-collapse align-center\"  id=\"row-1038623003\">\n\n\n\t<div id=\"col-1803676237\" class=\"col small-12 large-12\"  >\n\t\t\t\t<div class=\"col-inner\"  >\n\t\t\t\n\t\t\t\n\n<p>Jeder E-Bike Fahrer ist anders. Doch eines haben sie alle gemeinsam:<br \/>Ein Verlangen nach frischem Wind im Gesicht, erholsamer Bewegung und einer Freiheit mit grossem Aktionsradius. Ob die sch\u00f6nsten Trails geniessen, t\u00e4glich zur Arbeit fahren oder bei einer ausgedehnter Tour durch die sch\u00f6ne Landschaft &#8211; auf einem FLYER E-Bike werden die Wege k\u00fcrzer, flacher und zum Spassfaktor.<\/p>\n<p>FLYER steht als Premium-E-Bike-Spezialist f\u00fcr die schweizerischen Eigenschaften Qualit\u00e4t, Pr\u00e4zision, Langlebigkeit und Wertigkeit.<\/p>\n\n\t\t<\/div>\n\t\t\t\t\t<\/div>\n\n\t\n\n<\/div>\n\n\t\t<\/div>\n\n\t\t\n<style>\n#section_207386854 {\n  padding-top: 40px;\n  padding-bottom: 40px;\n  background-color: rgb(204, 204, 204);\n}\n<\/style>\n\t<\/section>\n\t\n\n\t<section class=\"section\" id=\"section_1955774508\">\n\t\t<div class=\"section-bg fill\" >\n\t\t\t\t\t\t\t\t\t\n\t\t\t\n\n\t\t<\/div>\n\n\t\t\n\n\t\t<div class=\"section-content relative\">\n\t\t\t\n\n<div class=\"row row-collapse row-full-width align-middle\"  id=\"row-1503687843\">\n\n\n\t<div id=\"col-2133098902\" class=\"col medium-12 small-12 large-6\"  >\n\t\t\t\t<div class=\"col-inner text-center\"  >\n\t\t\t\n\t\t\t\n\n\t<div id=\"text-1027254368\" class=\"text\">\n\t\t\n\n<p>&nbsp;<\/p>\n<h2>Meine Unabh\u00e4ngigkeitserkl\u00e4rung<\/h2>\n<p>Uneingeschr\u00e4nkt mobil sein. Lustvoll jeden Berg erklimmen. Mit einem L\u00e4cheln auf den Lippen gegen den Wind fahren. Die morgendliche Frische auf dem Arbeitsweg geniessen und riechen, wie der Flieder bl\u00fcht.<\/p>\n<p>Entdecken Sie mit FLYER die neue Lust am Radfahren: Sie erklimmen m\u00fchelos jeden Berg, fahren mit einem L\u00e4cheln gegen den Wind und geniessen die Frische auf dem morgendlichen Arbeitsweg. Alleine oder zusammen mit Freunden und der Familie auf der Fahrradtour \u2013 FLYER fahren macht gl\u00fccklich!<\/p>\n<p>Als reiner, 100%iger E-Bike-Hersteller aus der Schweiz ist FLYER auf die Produktion von Premium-E-Bikes spezialisiert. Mit unserem umfassenden, individuellen und gleichzeitig breitesten E-Bike-Angebot werden wir als Vollsortimenter jedem Verwendungszweck, jedem Bed\u00fcrfnis und auch unterschiedlichsten Anspr\u00fcchen gerecht.<\/p>\n\t\t\n<style>\n#text-1027254368 {\n  text-align: left;\n}\n<\/style>\n\t<\/div>\n\t\n\n\t\t<\/div>\n\t\t\t\t\n<style>\n#col-2133098902 > .col-inner {\n  padding: 7% 0% 10% 0px;\n  max-width: 520px;\n}\n@media (min-width:850px) {\n  #col-2133098902 > .col-inner {\n    padding: 7% 10% 10% 0px;\n  }\n}\n<\/style>\n\t<\/div>\n\n\t\n\n\t<div id=\"col-1323797749\" class=\"col medium-12 small-12 large-6\"  >\n\t\t\t\t<div class=\"col-inner\"  >\n\t\t\t\n\t\t\t\n\n\t<div class=\"img has-hover x md-x lg-x y md-y lg-y\" id=\"image_2012011767\">\n\t\t\t\t\t\t\t\t<div class=\"img-inner image-cover dark\" style=\"padding-top:56.25%;\">\n\t\t\t<img loading=\"lazy\" decoding=\"async\" width=\"1024\" height=\"683\" src=\"https:\/\/elfar.ch\/content\/wp-content\/uploads\/2023\/01\/k-Mountain-2a.jpg\" class=\"attachment-original size-original\" alt=\"\" srcset=\"https:\/\/elfar.ch\/content\/wp-content\/uploads\/2023\/01\/k-Mountain-2a.jpg 1024w, https:\/\/elfar.ch\/content\/wp-content\/uploads\/2023\/01\/k-Mountain-2a-300x200.jpg 300w, https:\/\/elfar.ch\/content\/wp-content\/uploads\/2023\/01\/k-Mountain-2a-768x512.jpg 768w\" sizes=\"auto, (max-width: 1024px) 100vw, 1024px\" \/>\t\t\t\t\t\t\n\t\t\t\t\t<\/div>\n\t\t\t\t\t\t\t\t\n<style>\n#image_2012011767 {\n  width: 100%;\n}\n<\/style>\n\t<\/div>\n\t\n\n\n\t\t<\/div>\n\t\t\t\t\t<\/div>\n\n\t\n\n<\/div>\n\n\t\t<\/div>\n\n\t\t\n<style>\n#section_1955774508 {\n  padding-top: 0px;\n  padding-bottom: 0px;\n}\n<\/style>\n\t<\/section>\n\t\n\n\t<section class=\"section\" id=\"section_1774577345\">\n\t\t<div class=\"section-bg fill\" >\n\t\t\t\t\t\t\t\t\t\n\t\t\t\n\n\t\t<\/div>\n\n\t\t\n\n\t\t<div class=\"section-content relative\">\n\t\t\t\n\n<div class=\"row row-collapse row-full-width align-middle\"  id=\"row-1346010235\">\n\n\n\t<div id=\"col-1818901628\" class=\"col medium-12 small-12 large-6\"  >\n\t\t\t\t<div class=\"col-inner text-center\"  >\n\t\t\t\n\t\t\t\n\n\t<div id=\"text-916122233\" class=\"text\">\n\t\t\n\n<p>&nbsp;<\/p>\n<h2>Flyer Vollsortiment<\/h2>\n<p>FLYER bietet Ihnen das&nbsp;Vollsortiment an E-Bikes&nbsp;f\u00fcr alle&nbsp;Bed\u00fcrfnisse. Die Unterteilung in drei Segmente erleichtert Ihnen die Wahl f\u00fcr das passende E-Bike.<\/p>\n<p><strong>Tour<\/strong><br>E-Bikes f\u00fcr komfortable Ausfahrten<\/p>\n<p><strong>Urban<\/strong><br>Stillvolle E-Bikes f\u00fcr Zeitersparnis im Alltag<\/p>\n<p><strong>Mountain<\/strong><br>E-Mountainbikes f\u00fcr maximalen Fahrspass in jedem Gel\u00e4nde<\/p>\n<p>Testen Sie die verschiedenen Flyer-Modelle bei elfar und erleben Sie die Fahrfreude selbst.<\/p>\n\t\t\n<style>\n#text-916122233 {\n  text-align: left;\n}\n<\/style>\n\t<\/div>\n\t\n\n\t\t<\/div>\n\t\t\t\t\n<style>\n#col-1818901628 > .col-inner {\n  padding: 7% 20px 10% 20px;\n  max-width: 520px;\n}\n@media (min-width:550px) {\n  #col-1818901628 > .col-inner {\n    padding: 7% 0% 10% 0px;\n  }\n}\n@media (min-width:850px) {\n  #col-1818901628 > .col-inner {\n    padding: 7% 10% 10% 0px;\n  }\n}\n<\/style>\n\t<\/div>\n\n\t\n\n\t<div id=\"col-474270216\" class=\"col medium-12 small-12 large-6\"  >\n\t\t\t\t<div class=\"col-inner\"  >\n\t\t\t\n\t\t\t\n\n\t<div class=\"img has-hover x md-x lg-x y md-y lg-y\" id=\"image_988665773\">\n\t\t\t\t\t\t\t\t<div class=\"img-inner image-cover dark\" style=\"padding-top:56.25%;\">\n\t\t\t<img loading=\"lazy\" decoding=\"async\" width=\"2560\" height=\"1707\" src=\"https:\/\/elfar.ch\/content\/wp-content\/uploads\/2023\/12\/Gotour_2023_DSC02011-scaled.jpg\" class=\"attachment-original size-original\" alt=\"\" srcset=\"https:\/\/elfar.ch\/content\/wp-content\/uploads\/2023\/12\/Gotour_2023_DSC02011-scaled.jpg 2560w, https:\/\/elfar.ch\/content\/wp-content\/uploads\/2023\/12\/Gotour_2023_DSC02011-300x200.jpg 300w, https:\/\/elfar.ch\/content\/wp-content\/uploads\/2023\/12\/Gotour_2023_DSC02011-1024x683.jpg 1024w, https:\/\/elfar.ch\/content\/wp-content\/uploads\/2023\/12\/Gotour_2023_DSC02011-768x512.jpg 768w, https:\/\/elfar.ch\/content\/wp-content\/uploads\/2023\/12\/Gotour_2023_DSC02011-1536x1024.jpg 1536w, https:\/\/elfar.ch\/content\/wp-content\/uploads\/2023\/12\/Gotour_2023_DSC02011-2048x1365.jpg 2048w\" sizes=\"auto, (max-width: 2560px) 100vw, 2560px\" \/>\t\t\t\t\t\t\n\t\t\t\t\t<\/div>\n\t\t\t\t\t\t\t\t\n<style>\n#image_988665773 {\n  width: 100%;\n}\n<\/style>\n\t<\/div>\n\t\n\n\n\t\t<\/div>\n\t\t\t\t\t<\/div>\n\n\t\n\n<\/div>\n\n\t\t<\/div>\n\n\t\t\n<style>\n#section_1774577345 {\n  padding-top: 0px;\n  padding-bottom: 0px;\n  background-color: rgb(204, 204, 204);\n}\n<\/style>\n\t<\/section>\n\t\n\n\t<section class=\"section\" id=\"section_1236711595\">\n\t\t<div class=\"section-bg fill\" >\n\t\t\t\t\t\t\t\t\t\n\t\t\t\n\n\t\t<\/div>\n\n\t\t\n\n\t\t<div class=\"section-content relative\">\n\t\t\t\n\n<div class=\"row row-collapse row-full-width align-middle\"  id=\"row-611900138\">\n\n\n\t<div id=\"col-1947387578\" class=\"col medium-12 small-12 large-6\"  >\n\t\t\t\t<div class=\"col-inner text-center\"  >\n\t\t\t\n\t\t\t\n\n\t<div id=\"text-1347331890\" class=\"text\">\n\t\t\n\n<h2>FLYER Intelligent Technology (FIT)<\/h2>\n<p>Die harmonisch integrierten und perfekt aufeinander abgestimmten Komponenten erm\u00f6glichen der FLYER Intelligent Technology (FIT) das unabl\u00e4ssige, pr\u00e4zise Kommunizieren der einzelnen Komponenten miteinander.<\/p>\n<p><strong>SIB \u2013 Smart Integrated Battery: Auff\u00e4llig unauff\u00e4llig.<\/strong><br>Dieser Akku kann sich sehen lassen \u2013 wenn man ihn denn entdeckt. Das schlichte, wertige Design hat bei der FLYER Intelligent Technology (FIT) System. Den Ingenieuren und Designern von FLYER ist es gelungen, revolution\u00e4re Zellen mit neuster Technologie unauff\u00e4llig und nahtlos in den Rahmen zu integrieren. Gleichzeitig sind das Einsetzen und Herausnehmen denkbar einfach.<\/p>\n<p><strong>Multi Speed Assist System: Von der Zukunft angetrieben.<\/strong><br>Der erste E-Bike-Motor mit 2-Gang-Getriebe. Eine Weltneuheit, die mit einem Geniestreich den Gesamt\u00fcbersetzungsbereich massiv vergr\u00f6ssert. Daraus resultieren eine Steigf\u00e4higkeit und ein satter Antrieb, die dem Spielraum des ambitionierten E-Bikers eine v\u00f6llig neue Dimension verleihen.<\/p>\n<p>Mit FIT intelligent unterwegs in Richtung Zukunft.<\/p>\n\t\t\n<style>\n#text-1347331890 {\n  text-align: left;\n}\n<\/style>\n\t<\/div>\n\t\n\n\t\t<\/div>\n\t\t\t\t\n<style>\n#col-1947387578 > .col-inner {\n  padding: 7% 20px 10% 20px;\n  max-width: 520px;\n}\n@media (min-width:550px) {\n  #col-1947387578 > .col-inner {\n    padding: 7% 0% 10% 0px;\n  }\n}\n@media (min-width:850px) {\n  #col-1947387578 > .col-inner {\n    padding: 7% 10% 10% 0px;\n  }\n}\n<\/style>\n\t<\/div>\n\n\t\n\n\t<div id=\"col-246935376\" class=\"col medium-12 small-12 large-6\"  >\n\t\t\t\t<div class=\"col-inner\"  >\n\t\t\t\n\t\t\t\n\n\t<div class=\"img has-hover x md-x lg-x y md-y lg-y\" id=\"image_504441839\">\n\t\t\t\t\t\t\t\t<div class=\"img-inner image-cover dark\" style=\"padding-top:100%;\">\n\t\t\t<img loading=\"lazy\" decoding=\"async\" width=\"696\" height=\"696\" src=\"https:\/\/elfar.ch\/content\/wp-content\/uploads\/2023\/12\/csm_FLYER_E-Bikes_Urban_Upstreet5_Oerlikon_029_9e2d819269.jpg\" class=\"attachment-original size-original\" alt=\"\" srcset=\"https:\/\/elfar.ch\/content\/wp-content\/uploads\/2023\/12\/csm_FLYER_E-Bikes_Urban_Upstreet5_Oerlikon_029_9e2d819269.jpg 696w, https:\/\/elfar.ch\/content\/wp-content\/uploads\/2023\/12\/csm_FLYER_E-Bikes_Urban_Upstreet5_Oerlikon_029_9e2d819269-300x300.jpg 300w, https:\/\/elfar.ch\/content\/wp-content\/uploads\/2023\/12\/csm_FLYER_E-Bikes_Urban_Upstreet5_Oerlikon_029_9e2d819269-150x150.jpg 150w\" sizes=\"auto, (max-width: 696px) 100vw, 696px\" \/>\t\t\t\t\t\t\n\t\t\t\t\t<\/div>\n\t\t\t\t\t\t\t\t\n<style>\n#image_504441839 {\n  width: 100%;\n}\n<\/style>\n\t<\/div>\n\t\n\n\n\t\t<\/div>\n\t\t\t\t\t<\/div>\n\n\t\n\n<\/div>\n\n\t\t<\/div>\n\n\t\t\n<style>\n#section_1236711595 {\n  padding-top: 0px;\n  padding-bottom: 0px;\n}\n<\/style>\n\t<\/section>\n\t\n<div class=\"text-center\"><div class=\"is-divider divider clearfix\" style=\"margin-top:20px;margin-bottom:20px;max-width:100%;height:1px;background-color:rgb(204, 204, 204);\"><\/div><\/div>\n\n\n\t<section class=\"section\" id=\"section_77193566\">\n\t\t<div class=\"section-bg fill\" >\n\t\t\t\t\t\t\t\t\t\n\t\t\t\n\n\t\t<\/div>\n\n\t\t\n\n\t\t<div class=\"section-content relative\">\n\t\t\t\n\n<div class=\"row row-collapse align-center\"  id=\"row-708265192\">\n\n\n\t<div id=\"col-1840739816\" class=\"col small-12 large-12\"  >\n\t\t\t\t<div class=\"col-inner\"  >\n\t\t\t\n\t\t\t\n\n<h2 style=\"text-align: center;\"><strong>Ich fahre Flyer, weil &#8230;<\/strong><\/h2>\n<p style=\"text-align: center;\"><span style=\"font-size: 150%;\"><em>&#8222;&#8230; wenn die Beine nicht mehr so wollen, bringt der Flyer Spass am Rollen.&#8220;<\/em><\/span><\/p>\n<p style=\"text-align: center;\"><span style=\"font-size: 110%;\"><em>&#8222;&#8230; ich ohne Auto und grossen Kraftaufwand mit dem Flyer v\u00f6llig unabh\u00e4ngig und mit einem guten Gef\u00fchl unterwegs sein kann.&#8220;<\/em><\/span><\/p>\n<p style=\"text-align: center;\"><span style=\"font-size: 130%;\"><em>&#8222;&#8230; weil ich mich aus Parkgr\u00fcnden gegen das Auto und f\u00fcr den Flyer entschieden habe und mit diesem wendig und schnell im urbanen Dschungel unterwegs bin.&#8220;<\/em><\/span><\/p>\n\n\t\t<\/div>\n\t\t\t\t\t<\/div>\n\n\t\n\n<\/div>\n\n\t\t<\/div>\n\n\t\t\n<style>\n#section_77193566 {\n  padding-top: 30px;\n  padding-bottom: 30px;\n}\n<\/style>\n\t<\/section>\n\t\n<div class=\"text-center\"><div class=\"is-divider divider clearfix\" style=\"margin-top:20px;margin-bottom:20px;max-width:100%;height:1px;background-color:rgb(204, 204, 204);\"><\/div><\/div>\n\n\n\t<section class=\"section\" id=\"section_1001497425\">\n\t\t<div class=\"section-bg fill\" >\n\t\t\t\t\t\t\t\t\t\n\t\t\t\n\n\t\t<\/div>\n\n\t\t\n\n\t\t<div class=\"section-content relative\">\n\t\t\t\n\n  <div class=\"banner-grid-wrapper\">\n  <div id=\"banner-grid-109724636\" class=\"banner-grid row row-grid row-xsmall row-full-width\" data-packery-options=\"\">\n                      \n\n<div class=\"col grid-col large-8 grid-col-2-3\" ><div class=\"col-inner\">\n\n\n  <div class=\"banner has-hover\" id=\"banner-1388630497\">\n          <div class=\"banner-inner fill\">\n        <div class=\"banner-bg fill\" >\n            <img loading=\"lazy\" decoding=\"async\" width=\"2560\" height=\"1707\" src=\"https:\/\/elfar.ch\/content\/wp-content\/uploads\/2023\/12\/Gotour_2023_DSC00647-scaled.jpg\" class=\"bg attachment-original size-original\" alt=\"\" \/>                                    \n                    <\/div>\n\t\t\n        <div class=\"banner-layers container\">\n            <div class=\"fill banner-link\"><\/div>            \n\n\n        <\/div>\n      <\/div>\n\n            \n<style>\n#banner-1388630497 {\n  padding-top: 500px;\n  background-color: rgb(255, 255, 255);\n}\n#banner-1388630497 .banner-bg img {\n  object-position: 65% 56%;\n}\n<\/style>\n  <\/div>\n\n\n\n<\/div><\/div>\n<div class=\"col grid-col large-4 grid-col-1-3\" ><div class=\"col-inner\">\n\n\n  <div class=\"banner has-hover\" id=\"banner-74518545\">\n          <div class=\"banner-inner fill\">\n        <div class=\"banner-bg fill\" >\n            <img loading=\"lazy\" decoding=\"async\" width=\"2560\" height=\"1707\" src=\"https:\/\/elfar.ch\/content\/wp-content\/uploads\/2023\/12\/Gotour_2023_DSC01533-scaled.jpg\" class=\"bg attachment-original size-original\" alt=\"\" \/>                                    \n                    <\/div>\n\t\t\n        <div class=\"banner-layers container\">\n            <div class=\"fill banner-link\"><\/div>            \n\n\n        <\/div>\n      <\/div>\n\n            \n<style>\n#banner-74518545 {\n  padding-top: 500px;\n  background-color: rgb(255, 255, 255);\n}\n#banner-74518545 .banner-bg img {\n  object-position: 43% 79%;\n}\n<\/style>\n  <\/div>\n\n\n\n<\/div><\/div>\n<div class=\"col grid-col large-4 grid-col-2-3\" ><div class=\"col-inner\">\n\n\n  <div class=\"banner has-hover\" id=\"banner-1607573298\">\n          <div class=\"banner-inner fill\">\n        <div class=\"banner-bg fill\" >\n            <img loading=\"lazy\" decoding=\"async\" width=\"1080\" height=\"1080\" src=\"https:\/\/elfar.ch\/content\/wp-content\/uploads\/2023\/12\/1x1_UprocEVOX_Feature_Infeed-Carousel_4.png\" class=\"bg attachment-original size-original\" alt=\"\" \/>                                    \n                    <\/div>\n\t\t\n        <div class=\"banner-layers container\">\n            <div class=\"fill banner-link\"><\/div>            \n\n\n        <\/div>\n      <\/div>\n\n            \n<style>\n#banner-1607573298 {\n  padding-top: 500px;\n  background-color: rgb(255, 255, 255);\n}\n#banner-1607573298 .banner-bg img {\n  object-position: 0% 99%;\n}\n<\/style>\n  <\/div>\n\n\n\n<\/div><\/div>\n<div class=\"col grid-col large-8 grid-col-1-3\" ><div class=\"col-inner\">\n\n\n  <div class=\"banner has-hover\" id=\"banner-654566033\">\n          <div class=\"banner-inner fill\">\n        <div class=\"banner-bg fill\" >\n            <img loading=\"lazy\" decoding=\"async\" width=\"2560\" height=\"1707\" src=\"https:\/\/elfar.ch\/content\/wp-content\/uploads\/2023\/12\/Gotour_2023_DSC01587-scaled.jpg\" class=\"bg attachment-original size-original\" alt=\"\" \/>                                    \n                    <\/div>\n\t\t\n        <div class=\"banner-layers container\">\n            <div class=\"fill banner-link\"><\/div>            \n\n   <div id=\"text-box-276693603\" class=\"text-box banner-layer x50 md-x50 lg-x50 y50 md-y50 lg-y50 res-text\">\n                                <div class=\"text-box-content text dark\">\n              \n              <div class=\"text-inner text-center\">\n                  \n\n\n              <\/div>\n           <\/div>\n                            \n<style>\n#text-box-276693603 {\n  width: 60%;\n}\n#text-box-276693603 .text-box-content {\n  font-size: 100%;\n}\n<\/style>\n    <\/div>\n \n\n        <\/div>\n      <\/div>\n\n            \n<style>\n#banner-654566033 {\n  padding-top: 500px;\n  background-color: rgb(255, 255, 255);\n}\n#banner-654566033 .banner-bg img {\n  object-position: 19% 68%;\n}\n<\/style>\n  <\/div>\n\n\n\n<\/div><\/div>\n\n            <\/div>\n    <style>\n    #banner-grid-109724636 .grid-col-1{height: 600px}\n    #banner-grid-109724636 .grid-col-1-2{height: 300px}\n    #banner-grid-109724636 .grid-col-1-3{height:200px}\n    #banner-grid-109724636 .grid-col-2-3{height: 400px}\n    #banner-grid-109724636 .grid-col-1-4{height: 150px}\n    #banner-grid-109724636 .grid-col-3-4{height: 450px}\n\n\n    \n    \n\n  <\/style>\n    <\/div>\n  \n\n\t\t<\/div>\n\n\t\t\n<style>\n#section_1001497425 {\n  padding-top: 30px;\n  padding-bottom: 30px;\n}\n<\/style>\n\t<\/section>\n\t\n\n","protected":false},"excerpt":{"rendered":"","protected":false},"author":1,"featured_media":0,"parent":86,"menu_order":3,"comment_status":"closed","ping_status":"closed","template":"","meta":{"footnotes":""},"class_list":["post-196","page","type-page","status-publish","hentry"],"yoast_head":"<!-- This site is optimized with the Yoast SEO plugin v27.5 - https:\/\/yoast.com\/product\/yoast-seo-wordpress\/ -->\n<title>Flyer - Elfar<\/title>\n<meta name=\"robots\" content=\"index, follow, max-snippet:-1, max-image-preview:large, max-video-preview:-1\" \/>\n<link rel=\"canonical\" href=\"https:\/\/elfar.ch\/content\/produkte\/e-bikes\/flyer\/\" \/>\n<meta property=\"og:locale\" content=\"de_DE\" \/>\n<meta property=\"og:type\" content=\"article\" \/>\n<meta property=\"og:title\" content=\"Flyer - Elfar\" \/>\n<meta property=\"og:url\" content=\"https:\/\/elfar.ch\/content\/produkte\/e-bikes\/flyer\/\" \/>\n<meta property=\"og:site_name\" content=\"Elfar\" \/>\n<meta property=\"article:modified_time\" content=\"2024-03-21T09:56:16+00:00\" \/>\n<meta name=\"twitter:card\" content=\"summary_large_image\" \/>\n<meta name=\"twitter:label1\" content=\"Gesch\u00e4tzte Lesezeit\" \/>\n\t<meta name=\"twitter:data1\" content=\"4\u00a0Minuten\" \/>\n<script type=\"application\/ld+json\" class=\"yoast-schema-graph\">{\"@context\":\"https:\\\/\\\/schema.org\",\"@graph\":[{\"@type\":\"WebPage\",\"@id\":\"https:\\\/\\\/elfar.ch\\\/content\\\/produkte\\\/e-bikes\\\/flyer\\\/\",\"url\":\"https:\\\/\\\/elfar.ch\\\/content\\\/produkte\\\/e-bikes\\\/flyer\\\/\",\"name\":\"Flyer - Elfar\",\"isPartOf\":{\"@id\":\"https:\\\/\\\/elfar.ch\\\/content\\\/#website\"},\"datePublished\":\"2023-01-25T13:29:09+00:00\",\"dateModified\":\"2024-03-21T09:56:16+00:00\",\"breadcrumb\":{\"@id\":\"https:\\\/\\\/elfar.ch\\\/content\\\/produkte\\\/e-bikes\\\/flyer\\\/#breadcrumb\"},\"inLanguage\":\"de\",\"potentialAction\":[{\"@type\":\"ReadAction\",\"target\":[\"https:\\\/\\\/elfar.ch\\\/content\\\/produkte\\\/e-bikes\\\/flyer\\\/\"]}]},{\"@type\":\"BreadcrumbList\",\"@id\":\"https:\\\/\\\/elfar.ch\\\/content\\\/produkte\\\/e-bikes\\\/flyer\\\/#breadcrumb\",\"itemListElement\":[{\"@type\":\"ListItem\",\"position\":1,\"name\":\"Startseite\",\"item\":\"https:\\\/\\\/elfar.ch\\\/content\\\/\"},{\"@type\":\"ListItem\",\"position\":2,\"name\":\"Produkte\",\"item\":\"https:\\\/\\\/elfar.ch\\\/content\\\/produkte\\\/\"},{\"@type\":\"ListItem\",\"position\":3,\"name\":\"E-Bike\",\"item\":\"https:\\\/\\\/elfar.ch\\\/content\\\/produkte\\\/e-bikes\\\/\"},{\"@type\":\"ListItem\",\"position\":4,\"name\":\"Flyer\"}]},{\"@type\":\"WebSite\",\"@id\":\"https:\\\/\\\/elfar.ch\\\/content\\\/#website\",\"url\":\"https:\\\/\\\/elfar.ch\\\/content\\\/\",\"name\":\"elfar\",\"description\":\"Wir fahren elektrisch\",\"publisher\":{\"@id\":\"https:\\\/\\\/elfar.ch\\\/content\\\/#organization\"},\"potentialAction\":[{\"@type\":\"SearchAction\",\"target\":{\"@type\":\"EntryPoint\",\"urlTemplate\":\"https:\\\/\\\/elfar.ch\\\/content\\\/?s={search_term_string}\"},\"query-input\":{\"@type\":\"PropertyValueSpecification\",\"valueRequired\":true,\"valueName\":\"search_term_string\"}}],\"inLanguage\":\"de\"},{\"@type\":\"Organization\",\"@id\":\"https:\\\/\\\/elfar.ch\\\/content\\\/#organization\",\"name\":\"elfar GmbH\",\"url\":\"https:\\\/\\\/elfar.ch\\\/content\\\/\",\"logo\":{\"@type\":\"ImageObject\",\"inLanguage\":\"de\",\"@id\":\"https:\\\/\\\/elfar.ch\\\/content\\\/#\\\/schema\\\/logo\\\/image\\\/\",\"url\":\"https:\\\/\\\/elfar.ch\\\/content\\\/wp-content\\\/uploads\\\/2022\\\/12\\\/logo4.png\",\"contentUrl\":\"https:\\\/\\\/elfar.ch\\\/content\\\/wp-content\\\/uploads\\\/2022\\\/12\\\/logo4.png\",\"width\":543,\"height\":204,\"caption\":\"elfar GmbH\"},\"image\":{\"@id\":\"https:\\\/\\\/elfar.ch\\\/content\\\/#\\\/schema\\\/logo\\\/image\\\/\"},\"sameAs\":[\"https:\\\/\\\/www.instagram.com\\\/elfar_gmbh\\\/\"]}]}<\/script>\n<!-- \/ Yoast SEO plugin. -->","yoast_head_json":{"title":"Flyer - Elfar","robots":{"index":"index","follow":"follow","max-snippet":"max-snippet:-1","max-image-preview":"max-image-preview:large","max-video-preview":"max-video-preview:-1"},"canonical":"https:\/\/elfar.ch\/content\/produkte\/e-bikes\/flyer\/","og_locale":"de_DE","og_type":"article","og_title":"Flyer - Elfar","og_url":"https:\/\/elfar.ch\/content\/produkte\/e-bikes\/flyer\/","og_site_name":"Elfar","article_modified_time":"2024-03-21T09:56:16+00:00","twitter_card":"summary_large_image","twitter_misc":{"Gesch\u00e4tzte Lesezeit":"4\u00a0Minuten"},"schema":{"@context":"https:\/\/schema.org","@graph":[{"@type":"WebPage","@id":"https:\/\/elfar.ch\/content\/produkte\/e-bikes\/flyer\/","url":"https:\/\/elfar.ch\/content\/produkte\/e-bikes\/flyer\/","name":"Flyer - Elfar","isPartOf":{"@id":"https:\/\/elfar.ch\/content\/#website"},"datePublished":"2023-01-25T13:29:09+00:00","dateModified":"2024-03-21T09:56:16+00:00","breadcrumb":{"@id":"https:\/\/elfar.ch\/content\/produkte\/e-bikes\/flyer\/#breadcrumb"},"inLanguage":"de","potentialAction":[{"@type":"ReadAction","target":["https:\/\/elfar.ch\/content\/produkte\/e-bikes\/flyer\/"]}]},{"@type":"BreadcrumbList","@id":"https:\/\/elfar.ch\/content\/produkte\/e-bikes\/flyer\/#breadcrumb","itemListElement":[{"@type":"ListItem","position":1,"name":"Startseite","item":"https:\/\/elfar.ch\/content\/"},{"@type":"ListItem","position":2,"name":"Produkte","item":"https:\/\/elfar.ch\/content\/produkte\/"},{"@type":"ListItem","position":3,"name":"E-Bike","item":"https:\/\/elfar.ch\/content\/produkte\/e-bikes\/"},{"@type":"ListItem","position":4,"name":"Flyer"}]},{"@type":"WebSite","@id":"https:\/\/elfar.ch\/content\/#website","url":"https:\/\/elfar.ch\/content\/","name":"elfar","description":"Wir fahren elektrisch","publisher":{"@id":"https:\/\/elfar.ch\/content\/#organization"},"potentialAction":[{"@type":"SearchAction","target":{"@type":"EntryPoint","urlTemplate":"https:\/\/elfar.ch\/content\/?s={search_term_string}"},"query-input":{"@type":"PropertyValueSpecification","valueRequired":true,"valueName":"search_term_string"}}],"inLanguage":"de"},{"@type":"Organization","@id":"https:\/\/elfar.ch\/content\/#organization","name":"elfar GmbH","url":"https:\/\/elfar.ch\/content\/","logo":{"@type":"ImageObject","inLanguage":"de","@id":"https:\/\/elfar.ch\/content\/#\/schema\/logo\/image\/","url":"https:\/\/elfar.ch\/content\/wp-content\/uploads\/2022\/12\/logo4.png","contentUrl":"https:\/\/elfar.ch\/content\/wp-content\/uploads\/2022\/12\/logo4.png","width":543,"height":204,"caption":"elfar GmbH"},"image":{"@id":"https:\/\/elfar.ch\/content\/#\/schema\/logo\/image\/"},"sameAs":["https:\/\/www.instagram.com\/elfar_gmbh\/"]}]}},"_links":{"self":[{"href":"https:\/\/elfar.ch\/content\/wp-json\/wp\/v2\/pages\/196","targetHints":{"allow":["GET"]}}],"collection":[{"href":"https:\/\/elfar.ch\/content\/wp-json\/wp\/v2\/pages"}],"about":[{"href":"https:\/\/elfar.ch\/content\/wp-json\/wp\/v2\/types\/page"}],"author":[{"embeddable":true,"href":"https:\/\/elfar.ch\/content\/wp-json\/wp\/v2\/users\/1"}],"replies":[{"embeddable":true,"href":"https:\/\/elfar.ch\/content\/wp-json\/wp\/v2\/comments?post=196"}],"version-history":[{"count":31,"href":"https:\/\/elfar.ch\/content\/wp-json\/wp\/v2\/pages\/196\/revisions"}],"predecessor-version":[{"id":2043,"href":"https:\/\/elfar.ch\/content\/wp-json\/wp\/v2\/pages\/196\/revisions\/2043"}],"up":[{"embeddable":true,"href":"https:\/\/elfar.ch\/content\/wp-json\/wp\/v2\/pages\/86"}],"wp:attachment":[{"href":"https:\/\/elfar.ch\/content\/wp-json\/wp\/v2\/media?parent=196"}],"curies":[{"name":"wp","href":"https:\/\/api.w.org\/{rel}","templated":true}]}}