{"id":1970,"date":"2023-12-01T15:55:27","date_gmt":"2023-12-01T15:55:27","guid":{"rendered":"https:\/\/elfar.ch\/content\/?page_id=1970"},"modified":"2026-01-08T10:59:07","modified_gmt":"2026-01-08T10:59:07","slug":"myesel","status":"publish","type":"page","link":"https:\/\/elfar.ch\/content\/produkte\/e-bikes\/myesel\/","title":{"rendered":"My Esel"},"content":{"rendered":"\n\n  <div class=\"banner has-hover has-parallax\" id=\"banner-1038278804\">\n          <div class=\"banner-inner fill\">\n        <div class=\"banner-bg fill\" data-parallax=\"-3\" data-parallax-container=\".banner\" data-parallax-background>\n            <img loading=\"lazy\" decoding=\"async\" width=\"1840\" height=\"1040\" src=\"https:\/\/elfar.ch\/content\/wp-content\/uploads\/2023\/12\/E-SUV-2-\u00a9-Andreas-Maxones.png\" class=\"bg attachment-original size-original\" alt=\"\" \/>                        <div class=\"overlay\"><\/div>            \n                    <\/div>\n\t\t\n        <div class=\"banner-layers container\">\n            <div class=\"fill banner-link\"><\/div>            \n\n   <div id=\"text-box-1697700037\" class=\"text-box banner-layer x50 md-x50 lg-x50 y85 md-y85 lg-y85 res-text\">\n                                <div class=\"text-box-content text dark\">\n              \n              <div class=\"text-inner text-center\">\n                  \n\n<h1 class=\"uppercase\"><strong>My Esel<br \/><\/strong><\/h1>\n<h3 class=\"uppercase\"><strong>Nachhaltig aus Holz<br \/><\/strong><\/h3>\n\n              <\/div>\n           <\/div>\n                            \n<style>\n#text-box-1697700037 .text-box-content {\n  background-color: rgba(0, 0, 0, 0.7);\n  border-radius: 6px;\n  font-size: 100%;\n}\n#text-box-1697700037 {\n  width: 100%;\n}\n<\/style>\n    <\/div>\n \n\n        <\/div>\n      <\/div>\n\n            \n<style>\n#banner-1038278804 {\n  padding-top: 50%;\n  background-color: rgb(255, 255, 255);\n}\n#banner-1038278804 .overlay {\n  background-color: rgba(0, 0, 0, 0.17);\n}\n#banner-1038278804 .banner-bg img {\n  object-position: 59% 10%;\n}\n<\/style>\n  <\/div>\n\n\n\n\t<section class=\"section\" id=\"section_953218081\">\n\t\t<div class=\"section-bg fill\" >\n\t\t\t\t\t\t\t\t\t\n\t\t\t\n\n\t\t<\/div>\n\n\t\t\n\n\t\t<div class=\"section-content relative\">\n\t\t\t\n\n<div class=\"row row-collapse align-center\"  id=\"row-397809200\">\n\n\n\t<div id=\"col-573812268\" class=\"col small-12 large-12\"  >\n\t\t\t\t<div class=\"col-inner\"  >\n\t\t\t\n\t\t\t\n\n<p><span style=\"color: #0f0f0f;\">Erlebe die einzigartige Kombination aus Design, Komfort und Sicherheit der Holz Bikes. Sp\u00fcre die unerwartete Leichtigkeit und die \u00fcberlegene D\u00e4mpfung von Vibrationen und St\u00f6\u00dfen. Die R\u00e4der sind regional gewachsen, designed &amp; gefertigt. <br \/><\/span><\/p>\n\n\t\t<\/div>\n\t\t\t\t\t<\/div>\n\n\t\n\n<\/div>\n\n\t\t<\/div>\n\n\t\t\n<style>\n#section_953218081 {\n  padding-top: 40px;\n  padding-bottom: 40px;\n  background-color: rgb(204, 204, 204);\n}\n<\/style>\n\t<\/section>\n\t\n\n\t<section class=\"section\" id=\"section_384418407\">\n\t\t<div class=\"section-bg fill\" >\n\t\t\t\t\t\t\t\t\t\n\t\t\t\n\n\t\t<\/div>\n\n\t\t\n\n\t\t<div class=\"section-content relative\">\n\t\t\t\n\n<div class=\"row row-collapse row-full-width align-middle\"  id=\"row-595412787\">\n\n\n\t<div id=\"col-1480709544\" class=\"col medium-12 small-12 large-6\"  >\n\t\t\t\t<div class=\"col-inner text-center\"  >\n\t\t\t\n\t\t\t\n\n\t<div id=\"text-1437419657\" class=\"text\">\n\t\t\n\n<h2><br \/>HOLZ F\u00dcR MAXIMALEN FAHRKOMFORT<\/h2>\n<p><br \/>Die hohe Individualit\u00e4t von My Esel Fahrr\u00e4dern wird auch durch den Rahmen aus Holz<br \/>unterstrichen. Das Material sieht nicht nur ungew\u00f6hnlich aus, sondern ist auch aus<br \/>mechanischer Sicht spannend: \u201eHolz ist ein Faserwerkstoff, ganz \u00e4hnlich wie Carbon, aber<br \/>im Gegensatz dazu organisch gewachsen und nachhaltig. Holz d\u00e4mpft Vibrationen sehr gut<br \/>und ist trotzdem steif. Das f\u00fchrt zu einem besonders ruhigen und angenehmen Fahrgef\u00fchl.<br \/>Nicht ohne Grund ist Holz ein essenzieller Bestandteil jedes Rennski und Snowboards. Mit<br \/>der richtigen Verarbeitung ist es absolut alltagstauglich bei jedem Wetter. Kurz: Holz ist f\u00fcr Fahrradrahmen ausgezeichnet geeignet\u201c, sagt Christoph Fraundorfer, Gr\u00fcnder und Gesch\u00e4ftsf\u00fchrer der My Esel GmbH<\/p>\n\t\t\n<style>\n#text-1437419657 {\n  text-align: left;\n}\n<\/style>\n\t<\/div>\n\t\n\n\t\t<\/div>\n\t\t\t\t\n<style>\n#col-1480709544 > .col-inner {\n  padding: 7% 0% 10% 0px;\n  max-width: 520px;\n}\n@media (min-width:850px) {\n  #col-1480709544 > .col-inner {\n    padding: 7% 10% 10% 0px;\n  }\n}\n<\/style>\n\t<\/div>\n\n\t\n\n\t<div id=\"col-1503900371\" class=\"col medium-12 small-12 large-6\"  >\n\t\t\t\t<div class=\"col-inner\"  >\n\t\t\t\n\t\t\t\n\n\t<div class=\"img has-hover x md-x lg-x y md-y lg-y\" id=\"image_562172641\">\n\t\t\t\t\t\t\t\t<div class=\"img-inner image-cover dark\" style=\"padding-top:56.25%;\">\n\t\t\t<img loading=\"lazy\" decoding=\"async\" width=\"1840\" height=\"1380\" src=\"https:\/\/elfar.ch\/content\/wp-content\/uploads\/2023\/12\/My-Esel-E-Cross_Comfort-\u00a9andreasmaxones_myesel-klein.png\" class=\"attachment-original size-original\" alt=\"\" srcset=\"https:\/\/elfar.ch\/content\/wp-content\/uploads\/2023\/12\/My-Esel-E-Cross_Comfort-\u00a9andreasmaxones_myesel-klein.png 1840w, https:\/\/elfar.ch\/content\/wp-content\/uploads\/2023\/12\/My-Esel-E-Cross_Comfort-\u00a9andreasmaxones_myesel-klein-300x225.png 300w, https:\/\/elfar.ch\/content\/wp-content\/uploads\/2023\/12\/My-Esel-E-Cross_Comfort-\u00a9andreasmaxones_myesel-klein-1024x768.png 1024w, https:\/\/elfar.ch\/content\/wp-content\/uploads\/2023\/12\/My-Esel-E-Cross_Comfort-\u00a9andreasmaxones_myesel-klein-768x576.png 768w, https:\/\/elfar.ch\/content\/wp-content\/uploads\/2023\/12\/My-Esel-E-Cross_Comfort-\u00a9andreasmaxones_myesel-klein-1536x1152.png 1536w\" sizes=\"auto, (max-width: 1840px) 100vw, 1840px\" \/>\t\t\t\t\t\t\n\t\t\t\t\t<\/div>\n\t\t\t\t\t\t\t\t\n<style>\n#image_562172641 {\n  width: 100%;\n}\n<\/style>\n\t<\/div>\n\t\n\n\n\t\t<\/div>\n\t\t\t\t\t<\/div>\n\n\t\n\n<\/div>\n\n\t\t<\/div>\n\n\t\t\n<style>\n#section_384418407 {\n  padding-top: 0px;\n  padding-bottom: 0px;\n}\n<\/style>\n\t<\/section>\n\t\n\n\t<section class=\"section\" id=\"section_970989459\">\n\t\t<div class=\"section-bg fill\" >\n\t\t\t\t\t\t\t\t\t\n\t\t\t\n\n\t\t<\/div>\n\n\t\t\n\n\t\t<div class=\"section-content relative\">\n\t\t\t\n\n<div class=\"row row-collapse row-full-width align-middle\"  id=\"row-668465343\">\n\n\n\t<div id=\"col-445452574\" class=\"col medium-12 small-12 large-6\"  >\n\t\t\t\t<div class=\"col-inner text-center\"  >\n\t\t\t\n\t\t\t\n\n\t<div id=\"text-1874720056\" class=\"text\">\n\t\t\n\n<div id=\"e-1681153830296\" class=\"element-wrap\" data-label=\"Heading\" data-key=\"heading\" data-atomgroup=\"element\" data-icon=\"gpicon-heading\" data-ver=\"2\" data-id=\"1681153830296\">\n<div class=\"elm text-edit gf-elm-center gf-elm-left-md gf-elm-left-sm gf-elm-left-xs gf-elm-left-lg line-before\" data-gemlang=\"en\" data-exc=\"line-before\">\n<h2 class=\"gf_gs-text-heading-2\">Die neue E-Bike PRO Serie<\/h2>\n<\/div>\n<\/div>\n<div id=\"e-1681681539808\" class=\"element-wrap\" data-label=\"Heading\" data-key=\"heading\" data-atomgroup=\"element\" data-icon=\"gpicon-heading\" data-ver=\"2\" data-id=\"1681681539808\">\n<div class=\"elm text-edit gf-elm-center gf-elm-left-md gf-elm-left-sm gf-elm-left-xs gf-elm-left-lg line-before\" data-gemlang=\"en\" data-exc=\"line-before\">\n<h2 class=\"gf_gs-text-heading-3\">Smarter. weiter. PRO. <\/h2>\n<\/div>\n<\/div>\n<ul>\n<li>\n<div class=\"gf-il-content item-content\" data-index=\"1\" data-key=\"content1\">\n<div id=\"e-1681678356559-2\" class=\"element-wrap\" data-label=\"Text Block\" data-id=\"1681678356559-2\" data-icon=\"gpicon-textblock\" data-ver=\"1\">\n<div class=\"elm text-edit gf-elm-left gf_gs_ct gf-elm-left-lg gf-elm-left-md gf-elm-left-sm gf-elm-left-xs gf_gs-text-paragraph-1\" data-exc=\"\">\n<p>Mit einer beeindruckenden Reichweite von echten 70-130 km werden lange Touren zu einem unterbrechungsfreien Genuss.<\/p>\n<\/div>\n<\/div>\n<\/div>\n<\/li>\n<li>\n<div class=\"gf-il-content item-content\" data-index=\"2\" data-key=\"content1\">\n<div id=\"e-1681678356559-4\" class=\"element-wrap\" data-label=\"Text Block\" data-id=\"1681678356559-4\" data-icon=\"gpicon-textblock\" data-ver=\"1\">\n<div class=\"elm text-edit gf_gs-text-paragraph-1 gf-elm-left\">\n<p>Mit dem neuen hochexakten Drehmomentsensor hast du die perfekte Kontrolle \u00fcber den Antrieb und er sorgt f\u00fcr ein unvergleichbar angenehmes Beschleunigungsgef\u00fchl.<\/p>\n<\/div>\n<\/div>\n<\/div>\n<\/li>\n<li>\n<div class=\"gf-il-content item-content\" data-index=\"3\" data-key=\"content1\">\n<div id=\"e-1681678356559-6\" class=\"element-wrap\" data-label=\"Text Block\" data-id=\"1681678356559-6\" data-icon=\"gpicon-textblock\" data-ver=\"1\">\n<div class=\"elm text-edit gf_gs-text-paragraph-1 gf-elm-left\">\n<p>Die neuen Komfortgriffe schmiegen sich auch nach vielen Stunden noch perfekt in deine H\u00e4nde und bieten hervorragenden Halt.<\/p>\n<\/div>\n<\/div>\n<\/div>\n<\/li>\n<li>\n<div class=\"gf-il-content item-content\" data-index=\"4\" data-key=\"content1\">\n<div id=\"e-1681680172302\" class=\"element-wrap\" data-label=\"Text Block\" data-id=\"1681680172302\" data-icon=\"gpicon-textblock\" data-ver=\"1\">\n<div class=\"elm text-edit gf_gs-text-paragraph-1 gf-elm-left\">\n<p>Die intelligent platzierte Ladebuchse auf der Seite erm\u00f6glicht ein intuitives und m\u00fcheloses Aufladen ganz ohne Akrobatik.<\/p>\n<\/div>\n<\/div>\n<\/div>\n<\/li>\n<\/ul>\n<div class=\"gf-il-content item-content\" data-index=\"5\" data-key=\"content1\">\n<div id=\"e-1681680831022\" class=\"element-wrap\" data-label=\"Text Block\" data-id=\"1681680831022\" data-icon=\"gpicon-textblock\" data-ver=\"1\">\n<div class=\"elm text-edit gf_gs-text-paragraph-1 gf-elm-left\">\n<ul>\n<li>Mit 22kg beweisen unsere neuen Pro Modelle wieder, dass E-Bikes aus Holz nicht schwerer sind als solche aus Aluminium mit \u00e4hnlich exzellenter Ausstattung.<\/li>\n<\/ul>\n<\/div>\n<\/div>\n<\/div>\n\t\t\n<style>\n#text-1874720056 {\n  text-align: left;\n}\n<\/style>\n\t<\/div>\n\t\n\n\t\t<\/div>\n\t\t\t\t\n<style>\n#col-445452574 > .col-inner {\n  padding: 7% 20px 10% 20px;\n  max-width: 520px;\n}\n@media (min-width:550px) {\n  #col-445452574 > .col-inner {\n    padding: 7% 0% 10% 0px;\n  }\n}\n@media (min-width:850px) {\n  #col-445452574 > .col-inner {\n    padding: 7% 10% 10% 0px;\n  }\n}\n<\/style>\n\t<\/div>\n\n\t\n\n\t<div id=\"col-934694852\" class=\"col medium-12 small-12 large-6\"  >\n\t\t\t\t<div class=\"col-inner\"  >\n\t\t\t\n\t\t\t\n\n\t<div class=\"img has-hover x md-x lg-x y md-y lg-y\" id=\"image_1453635713\">\n\t\t\t\t\t\t\t\t<div class=\"img-inner image-cover dark\" style=\"padding-top:56.25%;\">\n\t\t\t<img loading=\"lazy\" decoding=\"async\" width=\"1840\" height=\"1040\" src=\"https:\/\/elfar.ch\/content\/wp-content\/uploads\/2023\/12\/E-TOUR-PRO-3-\u00a9-Andreas-Maxones.png\" class=\"attachment-original size-original\" alt=\"\" srcset=\"https:\/\/elfar.ch\/content\/wp-content\/uploads\/2023\/12\/E-TOUR-PRO-3-\u00a9-Andreas-Maxones.png 1840w, https:\/\/elfar.ch\/content\/wp-content\/uploads\/2023\/12\/E-TOUR-PRO-3-\u00a9-Andreas-Maxones-300x170.png 300w, https:\/\/elfar.ch\/content\/wp-content\/uploads\/2023\/12\/E-TOUR-PRO-3-\u00a9-Andreas-Maxones-1024x579.png 1024w, https:\/\/elfar.ch\/content\/wp-content\/uploads\/2023\/12\/E-TOUR-PRO-3-\u00a9-Andreas-Maxones-768x434.png 768w, https:\/\/elfar.ch\/content\/wp-content\/uploads\/2023\/12\/E-TOUR-PRO-3-\u00a9-Andreas-Maxones-1536x868.png 1536w\" sizes=\"auto, (max-width: 1840px) 100vw, 1840px\" \/>\t\t\t\t\t\t\n\t\t\t\t\t<\/div>\n\t\t\t\t\t\t\t\t\n<style>\n#image_1453635713 {\n  width: 100%;\n}\n<\/style>\n\t<\/div>\n\t\n\n\n\t\t<\/div>\n\t\t\t\t\t<\/div>\n\n\t\n\n<\/div>\n\n\t\t<\/div>\n\n\t\t\n<style>\n#section_970989459 {\n  padding-top: 0px;\n  padding-bottom: 0px;\n  background-color: rgb(204, 204, 204);\n}\n<\/style>\n\t<\/section>\n\t\n\n\t<section class=\"section\" id=\"section_538110647\">\n\t\t<div class=\"section-bg fill\" >\n\t\t\t\t\t\t\t\t\t\n\t\t\t\n\n\t\t<\/div>\n\n\t\t\n\n\t\t<div class=\"section-content relative\">\n\t\t\t\n\n\t<div id=\"gap-1925880693\" class=\"gap-element clearfix\" style=\"display:block; height:auto;\">\n\t\t\n<style>\n#gap-1925880693 {\n  padding-top: 50px;\n}\n<\/style>\n\t<\/div>\n\t\n\n<div class=\"row\"  id=\"row-1116086686\">\n\n\n\t<div id=\"col-5964146\" class=\"col small-12 large-12\"  >\n\t\t\t\t<div class=\"col-inner\"  >\n\t\t\t\n\t\t\t\n\n<h2>MY ESEL E-BIKE AUS HOLZ \u2013 NACHHALTIG, INNOVATIV<\/h2>\n<p>Der &#8222;E-Esel&#8220; (19 kg Gesamtgewicht) bietet v\u00f6llig neue Wege f\u00fcr kundenindividuelle Anpassung von Fahrr\u00e4dern in Serienproduktion. Neben der speziellen und sehr reduzierten Optik bieten die My Esel Holzrahmen die M\u00f6glichkeit mittels automatisierter CNC Bearbeitung und biometrischer Software individuelle Rahmengeometrien (Losgr\u00f6\u00dfe1) in einem Serienprozess zu fertigen. Die Hohlr\u00e4ume im Rahmen erm\u00f6glichen eine unsichtbare Integration des E-Bike Systems. My Esel Holz-Rahmen sind witterungsbest\u00e4ndig, steif und robust und das bei au\u00dfergew\u00f6hnlicher Vibrationsd\u00e4mpfung und Laufruhe. Die Verwendung eines nachwachsenden Materials samt regionaler und fairer Produktion ergibt ein nachhaltiges Produkt. Innovation Fokus auf Ma\u00df-Serienfertigung. My Esel kombiniert die Vorteile der Ma\u00dffertigung mit den skalierbaren Produktionsprozessen der Serienfertigung.<\/p>\n\n\t\t<\/div>\n\t\t\t\t\t<\/div>\n\n\t\n\n<\/div>\n<div class=\"row row-collapse row-full-width align-middle\"  id=\"row-843299212\">\n\n\n\t<div id=\"col-546580839\" class=\"col medium-12 small-12 large-6\"  >\n\t\t\t\t<div class=\"col-inner text-center\"  >\n\t\t\t\n\t\t\t\n\n\t<div id=\"text-2449775391\" class=\"text\">\n\t\t\n\n<p><strong>Funktionalit\u00e4t<\/strong><\/p>\n<p>Das Produkt hat alle Tests f\u00fcr E-Bikes bestanden, die Rahmen wurden im EFBE Institut getestet.<\/p>\n<p><strong>Design<\/strong><\/p>\n<p>Das Ziel war das Design auf das Wesentliche zu reduzieren. Das Aussehen hat den Ursprung in der Kostenreduktion und der statischen Funktion der Holzelemente.<\/p>\n<p><strong>Material<\/strong><\/p>\n<p>Jeder Holzrahmen ist aufgrund der unterschiedlichen Struktur einzigartig. Trotz<br \/>vierfach Beschichtung\/Lackierung sieht und f\u00fchlt sich die \u00d6berfl\u00e4che wie Holz an.<\/p>\n<p><strong>Qualit\u00e4t<\/strong><\/p>\n<p>Die Form unserer Rahmen folgt der Funktion sowie den individuellen Bed\u00fcrfnissen<br \/>des Kunden. CNC gefr\u00e4ste Teile und Handwerkskunst zeugen f\u00fcr Qualit\u00e4t.<\/p>\n<p><strong>Nachhaltigkeit<\/strong><\/p>\n<p>Bedeutet f\u00fcr uns der nachwachsende Rohstoff Holz in Kombination mit einer<br \/>fairen und lokalen Produktion.<\/p>\n\t\t\n<style>\n#text-2449775391 {\n  text-align: left;\n}\n<\/style>\n\t<\/div>\n\t\n\n\t\t<\/div>\n\t\t\t\t\n<style>\n#col-546580839 > .col-inner {\n  padding: 7% 20px 10% 20px;\n  max-width: 520px;\n}\n@media (min-width:550px) {\n  #col-546580839 > .col-inner {\n    padding: 7% 0% 10% 0px;\n  }\n}\n@media (min-width:850px) {\n  #col-546580839 > .col-inner {\n    padding: 7% 10% 10% 0px;\n  }\n}\n<\/style>\n\t<\/div>\n\n\t\n\n\t<div id=\"col-187465332\" class=\"col medium-12 small-12 large-6\"  >\n\t\t\t\t<div class=\"col-inner\"  >\n\t\t\t\n\t\t\t\n\n\t<div class=\"img has-hover x md-x lg-x y md-y lg-y\" id=\"image_2035488809\">\n\t\t\t\t\t\t\t\t<div class=\"img-inner image-cover dark\" style=\"padding-top:56.25%;\">\n\t\t\t<img loading=\"lazy\" decoding=\"async\" width=\"2000\" height=\"1331\" src=\"https:\/\/elfar.ch\/content\/wp-content\/uploads\/2023\/12\/Gruender-My-Esel_Fraundorfer_Mayrhofer-\u00a9myesel.jpg\" class=\"attachment-original size-original\" alt=\"\" srcset=\"https:\/\/elfar.ch\/content\/wp-content\/uploads\/2023\/12\/Gruender-My-Esel_Fraundorfer_Mayrhofer-\u00a9myesel.jpg 2000w, https:\/\/elfar.ch\/content\/wp-content\/uploads\/2023\/12\/Gruender-My-Esel_Fraundorfer_Mayrhofer-\u00a9myesel-300x200.jpg 300w, https:\/\/elfar.ch\/content\/wp-content\/uploads\/2023\/12\/Gruender-My-Esel_Fraundorfer_Mayrhofer-\u00a9myesel-1024x681.jpg 1024w, https:\/\/elfar.ch\/content\/wp-content\/uploads\/2023\/12\/Gruender-My-Esel_Fraundorfer_Mayrhofer-\u00a9myesel-768x511.jpg 768w, https:\/\/elfar.ch\/content\/wp-content\/uploads\/2023\/12\/Gruender-My-Esel_Fraundorfer_Mayrhofer-\u00a9myesel-1536x1022.jpg 1536w\" sizes=\"auto, (max-width: 2000px) 100vw, 2000px\" \/>\t\t\t\t\t\t\n\t\t\t\t\t<\/div>\n\t\t\t\t\t\t\t\t\n<style>\n#image_2035488809 {\n  width: 100%;\n}\n<\/style>\n\t<\/div>\n\t\n\n\n\t\t<\/div>\n\t\t\t\t\t<\/div>\n\n\t\n\n<\/div>\n\n\t\t<\/div>\n\n\t\t\n<style>\n#section_538110647 {\n  padding-top: 0px;\n  padding-bottom: 0px;\n}\n<\/style>\n\t<\/section>\n\t\n<div class=\"text-center\"><div class=\"is-divider divider clearfix\" style=\"margin-top:20px;margin-bottom:20px;max-width:100%;height:1px;background-color:rgb(204, 204, 204);\"><\/div><\/div>\n\n<div class=\"text-center\"><div class=\"is-divider divider clearfix\" style=\"margin-top:20px;margin-bottom:20px;max-width:100%;height:1px;background-color:rgb(204, 204, 204);\"><\/div><\/div>\n\n\n\t<section class=\"section\" id=\"section_185377057\">\n\t\t<div class=\"section-bg fill\" >\n\t\t\t\t\t\t\t\t\t\n\t\t\t\n\n\t\t<\/div>\n\n\t\t\n\n\t\t<div class=\"section-content relative\">\n\t\t\t\n\n  <div class=\"banner-grid-wrapper\">\n  <div id=\"banner-grid-1464118532\" class=\"banner-grid row row-grid row-xsmall row-full-width\" data-packery-options=\"\">\n                      \n\n<div class=\"col grid-col large-8 grid-col-2-3\" ><div class=\"col-inner\">\n\n\n  <div class=\"banner has-hover\" id=\"banner-321965378\">\n          <div class=\"banner-inner fill\">\n        <div class=\"banner-bg fill\" >\n            <img loading=\"lazy\" decoding=\"async\" width=\"2560\" height=\"1938\" src=\"https:\/\/elfar.ch\/content\/wp-content\/uploads\/2023\/12\/My-Esel-E-Cross_Comfort-1-\u00a9andreasmaxones_myesel-scaled.jpg\" class=\"bg attachment-original size-original\" alt=\"\" \/>                                    \n                    <\/div>\n\t\t\n        <div class=\"banner-layers container\">\n            <div class=\"fill banner-link\"><\/div>            \n\n\n        <\/div>\n      <\/div>\n\n            \n<style>\n#banner-321965378 {\n  padding-top: 500px;\n  background-color: rgb(255, 255, 255);\n}\n#banner-321965378 .banner-bg img {\n  object-position: 0% 47%;\n}\n<\/style>\n  <\/div>\n\n\n\n<\/div><\/div>\n<div class=\"col grid-col large-4 grid-col-1-3\" ><div class=\"col-inner\">\n\n\n  <div class=\"banner has-hover\" id=\"banner-367893948\">\n          <div class=\"banner-inner fill\">\n        <div class=\"banner-bg fill\" >\n            <img loading=\"lazy\" decoding=\"async\" width=\"1840\" height=\"1040\" src=\"https:\/\/elfar.ch\/content\/wp-content\/uploads\/2023\/12\/E-TOUR-PRO-Komfort-4-\u00a9-Andreas-Maxones.png\" class=\"bg attachment-original size-original\" alt=\"\" \/>                                    \n                    <\/div>\n\t\t\n        <div class=\"banner-layers container\">\n            <div class=\"fill banner-link\"><\/div>            \n\n\n        <\/div>\n      <\/div>\n\n            \n<style>\n#banner-367893948 {\n  padding-top: 500px;\n  background-color: rgb(255, 255, 255);\n}\n<\/style>\n  <\/div>\n\n\n\n<\/div><\/div>\n<div class=\"col grid-col large-4 grid-col-2-3\" ><div class=\"col-inner\">\n\n\n  <div class=\"banner has-hover\" id=\"banner-1799452379\">\n          <div class=\"banner-inner fill\">\n        <div class=\"banner-bg fill\" >\n            <img loading=\"lazy\" decoding=\"async\" width=\"1840\" height=\"1040\" src=\"https:\/\/elfar.ch\/content\/wp-content\/uploads\/2023\/12\/E-TOUR-PRO-2-\u00a9-Andreas-Maxones.png\" class=\"bg attachment-original size-original\" alt=\"\" \/>                                    \n                    <\/div>\n\t\t\n        <div class=\"banner-layers container\">\n            <div class=\"fill banner-link\"><\/div>            \n\n\n        <\/div>\n      <\/div>\n\n            \n<style>\n#banner-1799452379 {\n  padding-top: 500px;\n  background-color: rgb(255, 255, 255);\n}\n#banner-1799452379 .banner-bg img {\n  object-position: 53% 39%;\n}\n<\/style>\n  <\/div>\n\n\n\n<\/div><\/div>\n<div class=\"col grid-col large-8 grid-col-1-3\" ><div class=\"col-inner\">\n\n\n  <div class=\"banner has-hover\" id=\"banner-494900501\">\n          <div class=\"banner-inner fill\">\n        <div class=\"banner-bg fill\" >\n            <img loading=\"lazy\" decoding=\"async\" width=\"2560\" height=\"1920\" src=\"https:\/\/elfar.ch\/content\/wp-content\/uploads\/2023\/12\/My-Esel-E-Cross-\u00a9andreasmaxones_myesel-scaled.jpg\" class=\"bg attachment-original size-original\" alt=\"\" \/>                                    \n                    <\/div>\n\t\t\n        <div class=\"banner-layers container\">\n            <div class=\"fill banner-link\"><\/div>            \n\n   <div id=\"text-box-1203718579\" class=\"text-box banner-layer x50 md-x50 lg-x50 y50 md-y50 lg-y50 res-text\">\n                                <div class=\"text-box-content text dark\">\n              \n              <div class=\"text-inner text-center\">\n                  \n\n\n              <\/div>\n           <\/div>\n                            \n<style>\n#text-box-1203718579 {\n  width: 60%;\n}\n#text-box-1203718579 .text-box-content {\n  font-size: 100%;\n}\n<\/style>\n    <\/div>\n \n\n        <\/div>\n      <\/div>\n\n            \n<style>\n#banner-494900501 {\n  padding-top: 500px;\n  background-color: rgb(255, 255, 255);\n}\n#banner-494900501 .banner-bg img {\n  object-position: 53% 76%;\n}\n<\/style>\n  <\/div>\n\n\n\n<\/div><\/div>\n\n            <\/div>\n    <style>\n    #banner-grid-1464118532 .grid-col-1{height: 600px}\n    #banner-grid-1464118532 .grid-col-1-2{height: 300px}\n    #banner-grid-1464118532 .grid-col-1-3{height:200px}\n    #banner-grid-1464118532 .grid-col-2-3{height: 400px}\n    #banner-grid-1464118532 .grid-col-1-4{height: 150px}\n    #banner-grid-1464118532 .grid-col-3-4{height: 450px}\n\n\n    \n    \n\n  <\/style>\n    <\/div>\n  \n\n\t\t<\/div>\n\n\t\t\n<style>\n#section_185377057 {\n  padding-top: 30px;\n  padding-bottom: 30px;\n}\n<\/style>\n\t<\/section>\n\t\n\n","protected":false},"excerpt":{"rendered":"","protected":false},"author":1,"featured_media":0,"parent":86,"menu_order":1,"comment_status":"closed","ping_status":"closed","template":"","meta":{"footnotes":""},"class_list":["post-1970","page","type-page","status-publish","hentry"],"yoast_head":"<!-- This site is optimized with the Yoast SEO plugin v27.5 - https:\/\/yoast.com\/product\/yoast-seo-wordpress\/ -->\n<title>My Esel - Elfar<\/title>\n<meta name=\"description\" content=\"MyEsel, die \u00f6sterreichischen Fahrr\u00e4der aus Holz gefertigt. Ein hingucker schlichthin. Erleben Sie es selbst.\" \/>\n<meta name=\"robots\" content=\"index, follow, max-snippet:-1, max-image-preview:large, max-video-preview:-1\" \/>\n<link rel=\"canonical\" href=\"https:\/\/elfar.ch\/content\/produkte\/e-bikes\/myesel\/\" \/>\n<meta property=\"og:locale\" content=\"de_DE\" \/>\n<meta property=\"og:type\" content=\"article\" \/>\n<meta property=\"og:title\" content=\"My Esel - Elfar\" \/>\n<meta property=\"og:description\" content=\"MyEsel, die \u00f6sterreichischen Fahrr\u00e4der aus Holz gefertigt. Ein hingucker schlichthin. Erleben Sie es selbst.\" \/>\n<meta property=\"og:url\" content=\"https:\/\/elfar.ch\/content\/produkte\/e-bikes\/myesel\/\" \/>\n<meta property=\"og:site_name\" content=\"Elfar\" \/>\n<meta property=\"article:modified_time\" content=\"2026-01-08T10:59:07+00:00\" \/>\n<meta name=\"twitter:card\" content=\"summary_large_image\" \/>\n<meta name=\"twitter:label1\" content=\"Gesch\u00e4tzte Lesezeit\" \/>\n\t<meta name=\"twitter:data1\" content=\"4\u00a0Minuten\" \/>\n<script type=\"application\/ld+json\" class=\"yoast-schema-graph\">{\"@context\":\"https:\\\/\\\/schema.org\",\"@graph\":[{\"@type\":\"WebPage\",\"@id\":\"https:\\\/\\\/elfar.ch\\\/content\\\/produkte\\\/e-bikes\\\/myesel\\\/\",\"url\":\"https:\\\/\\\/elfar.ch\\\/content\\\/produkte\\\/e-bikes\\\/myesel\\\/\",\"name\":\"My Esel - Elfar\",\"isPartOf\":{\"@id\":\"https:\\\/\\\/elfar.ch\\\/content\\\/#website\"},\"datePublished\":\"2023-12-01T15:55:27+00:00\",\"dateModified\":\"2026-01-08T10:59:07+00:00\",\"description\":\"MyEsel, die \u00f6sterreichischen Fahrr\u00e4der aus Holz gefertigt. Ein hingucker schlichthin. Erleben Sie es selbst.\",\"breadcrumb\":{\"@id\":\"https:\\\/\\\/elfar.ch\\\/content\\\/produkte\\\/e-bikes\\\/myesel\\\/#breadcrumb\"},\"inLanguage\":\"de\",\"potentialAction\":[{\"@type\":\"ReadAction\",\"target\":[\"https:\\\/\\\/elfar.ch\\\/content\\\/produkte\\\/e-bikes\\\/myesel\\\/\"]}]},{\"@type\":\"BreadcrumbList\",\"@id\":\"https:\\\/\\\/elfar.ch\\\/content\\\/produkte\\\/e-bikes\\\/myesel\\\/#breadcrumb\",\"itemListElement\":[{\"@type\":\"ListItem\",\"position\":1,\"name\":\"Startseite\",\"item\":\"https:\\\/\\\/elfar.ch\\\/content\\\/\"},{\"@type\":\"ListItem\",\"position\":2,\"name\":\"Produkte\",\"item\":\"https:\\\/\\\/elfar.ch\\\/content\\\/produkte\\\/\"},{\"@type\":\"ListItem\",\"position\":3,\"name\":\"E-Bike\",\"item\":\"https:\\\/\\\/elfar.ch\\\/content\\\/produkte\\\/e-bikes\\\/\"},{\"@type\":\"ListItem\",\"position\":4,\"name\":\"My Esel\"}]},{\"@type\":\"WebSite\",\"@id\":\"https:\\\/\\\/elfar.ch\\\/content\\\/#website\",\"url\":\"https:\\\/\\\/elfar.ch\\\/content\\\/\",\"name\":\"elfar\",\"description\":\"Wir fahren elektrisch\",\"publisher\":{\"@id\":\"https:\\\/\\\/elfar.ch\\\/content\\\/#organization\"},\"potentialAction\":[{\"@type\":\"SearchAction\",\"target\":{\"@type\":\"EntryPoint\",\"urlTemplate\":\"https:\\\/\\\/elfar.ch\\\/content\\\/?s={search_term_string}\"},\"query-input\":{\"@type\":\"PropertyValueSpecification\",\"valueRequired\":true,\"valueName\":\"search_term_string\"}}],\"inLanguage\":\"de\"},{\"@type\":\"Organization\",\"@id\":\"https:\\\/\\\/elfar.ch\\\/content\\\/#organization\",\"name\":\"elfar GmbH\",\"url\":\"https:\\\/\\\/elfar.ch\\\/content\\\/\",\"logo\":{\"@type\":\"ImageObject\",\"inLanguage\":\"de\",\"@id\":\"https:\\\/\\\/elfar.ch\\\/content\\\/#\\\/schema\\\/logo\\\/image\\\/\",\"url\":\"https:\\\/\\\/elfar.ch\\\/content\\\/wp-content\\\/uploads\\\/2022\\\/12\\\/logo4.png\",\"contentUrl\":\"https:\\\/\\\/elfar.ch\\\/content\\\/wp-content\\\/uploads\\\/2022\\\/12\\\/logo4.png\",\"width\":543,\"height\":204,\"caption\":\"elfar GmbH\"},\"image\":{\"@id\":\"https:\\\/\\\/elfar.ch\\\/content\\\/#\\\/schema\\\/logo\\\/image\\\/\"},\"sameAs\":[\"https:\\\/\\\/www.instagram.com\\\/elfar_gmbh\\\/\"]}]}<\/script>\n<!-- \/ Yoast SEO plugin. -->","yoast_head_json":{"title":"My Esel - Elfar","description":"MyEsel, die \u00f6sterreichischen Fahrr\u00e4der aus Holz gefertigt. Ein hingucker schlichthin. Erleben Sie es selbst.","robots":{"index":"index","follow":"follow","max-snippet":"max-snippet:-1","max-image-preview":"max-image-preview:large","max-video-preview":"max-video-preview:-1"},"canonical":"https:\/\/elfar.ch\/content\/produkte\/e-bikes\/myesel\/","og_locale":"de_DE","og_type":"article","og_title":"My Esel - Elfar","og_description":"MyEsel, die \u00f6sterreichischen Fahrr\u00e4der aus Holz gefertigt. Ein hingucker schlichthin. Erleben Sie es selbst.","og_url":"https:\/\/elfar.ch\/content\/produkte\/e-bikes\/myesel\/","og_site_name":"Elfar","article_modified_time":"2026-01-08T10:59:07+00:00","twitter_card":"summary_large_image","twitter_misc":{"Gesch\u00e4tzte Lesezeit":"4\u00a0Minuten"},"schema":{"@context":"https:\/\/schema.org","@graph":[{"@type":"WebPage","@id":"https:\/\/elfar.ch\/content\/produkte\/e-bikes\/myesel\/","url":"https:\/\/elfar.ch\/content\/produkte\/e-bikes\/myesel\/","name":"My Esel - Elfar","isPartOf":{"@id":"https:\/\/elfar.ch\/content\/#website"},"datePublished":"2023-12-01T15:55:27+00:00","dateModified":"2026-01-08T10:59:07+00:00","description":"MyEsel, die \u00f6sterreichischen Fahrr\u00e4der aus Holz gefertigt. Ein hingucker schlichthin. Erleben Sie es selbst.","breadcrumb":{"@id":"https:\/\/elfar.ch\/content\/produkte\/e-bikes\/myesel\/#breadcrumb"},"inLanguage":"de","potentialAction":[{"@type":"ReadAction","target":["https:\/\/elfar.ch\/content\/produkte\/e-bikes\/myesel\/"]}]},{"@type":"BreadcrumbList","@id":"https:\/\/elfar.ch\/content\/produkte\/e-bikes\/myesel\/#breadcrumb","itemListElement":[{"@type":"ListItem","position":1,"name":"Startseite","item":"https:\/\/elfar.ch\/content\/"},{"@type":"ListItem","position":2,"name":"Produkte","item":"https:\/\/elfar.ch\/content\/produkte\/"},{"@type":"ListItem","position":3,"name":"E-Bike","item":"https:\/\/elfar.ch\/content\/produkte\/e-bikes\/"},{"@type":"ListItem","position":4,"name":"My Esel"}]},{"@type":"WebSite","@id":"https:\/\/elfar.ch\/content\/#website","url":"https:\/\/elfar.ch\/content\/","name":"elfar","description":"Wir fahren elektrisch","publisher":{"@id":"https:\/\/elfar.ch\/content\/#organization"},"potentialAction":[{"@type":"SearchAction","target":{"@type":"EntryPoint","urlTemplate":"https:\/\/elfar.ch\/content\/?s={search_term_string}"},"query-input":{"@type":"PropertyValueSpecification","valueRequired":true,"valueName":"search_term_string"}}],"inLanguage":"de"},{"@type":"Organization","@id":"https:\/\/elfar.ch\/content\/#organization","name":"elfar GmbH","url":"https:\/\/elfar.ch\/content\/","logo":{"@type":"ImageObject","inLanguage":"de","@id":"https:\/\/elfar.ch\/content\/#\/schema\/logo\/image\/","url":"https:\/\/elfar.ch\/content\/wp-content\/uploads\/2022\/12\/logo4.png","contentUrl":"https:\/\/elfar.ch\/content\/wp-content\/uploads\/2022\/12\/logo4.png","width":543,"height":204,"caption":"elfar GmbH"},"image":{"@id":"https:\/\/elfar.ch\/content\/#\/schema\/logo\/image\/"},"sameAs":["https:\/\/www.instagram.com\/elfar_gmbh\/"]}]}},"_links":{"self":[{"href":"https:\/\/elfar.ch\/content\/wp-json\/wp\/v2\/pages\/1970","targetHints":{"allow":["GET"]}}],"collection":[{"href":"https:\/\/elfar.ch\/content\/wp-json\/wp\/v2\/pages"}],"about":[{"href":"https:\/\/elfar.ch\/content\/wp-json\/wp\/v2\/types\/page"}],"author":[{"embeddable":true,"href":"https:\/\/elfar.ch\/content\/wp-json\/wp\/v2\/users\/1"}],"replies":[{"embeddable":true,"href":"https:\/\/elfar.ch\/content\/wp-json\/wp\/v2\/comments?post=1970"}],"version-history":[{"count":9,"href":"https:\/\/elfar.ch\/content\/wp-json\/wp\/v2\/pages\/1970\/revisions"}],"predecessor-version":[{"id":2097,"href":"https:\/\/elfar.ch\/content\/wp-json\/wp\/v2\/pages\/1970\/revisions\/2097"}],"up":[{"embeddable":true,"href":"https:\/\/elfar.ch\/content\/wp-json\/wp\/v2\/pages\/86"}],"wp:attachment":[{"href":"https:\/\/elfar.ch\/content\/wp-json\/wp\/v2\/media?parent=1970"}],"curies":[{"name":"wp","href":"https:\/\/api.w.org\/{rel}","templated":true}]}}