{"id":2273,"date":"2025-06-03T12:32:35","date_gmt":"2025-06-03T12:32:20","guid":{"rendered":"https:\/\/elfar.ch\/content\/produkte\/e-motorrad\/zero\/zero-ds-dsr-fx-2\/"},"modified":"2025-06-03T14:52:08","modified_gmt":"2025-06-03T14:52:08","slug":"zero-xb-xe","status":"publish","type":"page","link":"https:\/\/elfar.ch\/content\/produkte\/e-motorrad\/zero\/zero-xb-xe\/","title":{"rendered":"Zero XB\/XE"},"content":{"rendered":"\n\n\t<section class=\"section\" id=\"section_883092930\">\n\t\t<div class=\"section-bg fill\" >\n\t\t\t\t\t\t\t\t\t\n\t\t\t\n\n\t\t<\/div>\n\n\t\t\n\n\t\t<div class=\"section-content relative\">\n\t\t\t\n\n<div class=\"row row-collapse align-center\"  id=\"row-1454940182\">\n\n\n\t<div id=\"col-1282093310\" class=\"col small-12 large-12\"  >\n\t\t\t\t<div class=\"col-inner\"  >\n\t\t\t\n\t\t\t\n\n\t<div id=\"text-3981262351\" class=\"text\">\n\t\t\n\n<p class=\"lead\">Die neuen Zero Crossbikes sind da. Mit ihrem markanten Design, modernster Technik und einem unschlagbaren Leistungsgewicht bieten sie Fahrspa\u00df pur \u2013 auf der Stra\u00dfe wie im Gel\u00e4nde. Besonders beeindruckend: die perfekt programmierte Gasannahme, wie man sie von den gro\u00dfen Zeros kennt, sorgt f\u00fcr eine unmittelbare und pr\u00e4zise Kontrolle. Ob urbane Abenteuer oder weit ab von jeglichen Strassen \u2013 die XB und XE liefern elektrisierende Dynamik in jeder Situation.<\/p>\n\t\t\n<style>\n#text-3981262351 {\n  text-align: center;\n}\n<\/style>\n\t<\/div>\n\t\n\n\t\t<\/div>\n\t\t\t\t\t<\/div>\n\n\t\n\n<\/div>\n\n\t\t<\/div>\n\n\t\t\n<style>\n#section_883092930 {\n  padding-top: 40px;\n  padding-bottom: 40px;\n  background-color: rgb(204, 204, 204);\n}\n<\/style>\n\t<\/section>\n\t\n\n\t<section class=\"section\" id=\"section_1883989937\">\n\t\t<div class=\"section-bg fill\" >\n\t\t\t\t\t\t\t\t\t\n\t\t\t\n\n\t\t<\/div>\n\n\t\t\n\n\t\t<div class=\"section-content relative\">\n\t\t\t\n\n<div class=\"row row-collapse row-full-width align-middle\"  id=\"row-1546265786\">\n\n\n\t<div id=\"col-578364991\" class=\"col medium-12 small-12 large-6\"  >\n\t\t\t\t<div class=\"col-inner text-center\"  >\n\t\t\t\n\t\t\t\n\n\t<div id=\"text-2011170908\" class=\"text\">\n\t\t\n\n<h3><strong>Zero XB &#8211; Leicht und wendig<\/strong><\/h3>\n<p data-start=\"265\" data-end=\"646\">Mit nur 65 Kilogramm Gewicht ist die neue <strong data-start=\"307\" data-end=\"318\">Zero XB<\/strong> der Inbegriff agiler Elektropower. Sie verbindet beeindruckende Beschleunigung mit einem ultraleichten Design \u2013 f\u00fcr ein Fahrgef\u00fchl, das Spa\u00df macht und einfach zu handhaben ist. Ob du dich durch die City bewegst oder \u00fcber kurvige Landstra\u00dfen gleitest: Die Zero XB ist dein zuverl\u00e4ssiger, wendiger Begleiter mit echtem Charakter.<\/p>\n<h3 data-start=\"648\" data-end=\"679\"><strong data-start=\"652\" data-end=\"679\">Kategorie A1 bis 45km\/h (ab 15 Jahren)<\/strong><\/h3>\n<p data-start=\"681\" data-end=\"1029\">Endlich unabh\u00e4ngig unterwegs \u2013 und das schon ab 15 Jahren! Dank der Zulassung f\u00fcr den <strong data-start=\"767\" data-end=\"786\">A1-F\u00fchrerschein<\/strong> ist die Zero XB perfekt f\u00fcr junge Fahrerinnen und Fahrer, die fr\u00fch durchstarten wollen. Keine Emissionen, kein L\u00e4rm \u2013 nur pures, elektrisches Fahrvergn\u00fcgen. Die Zero XB er\u00f6ffnet neue M\u00f6glichkeiten und bringt dich sicher und stilvoll ans Ziel.<\/p>\n\t\t\n<style>\n#text-2011170908 {\n  text-align: left;\n}\n<\/style>\n\t<\/div>\n\t\n\n\t\t<\/div>\n\t\t\t\t\n<style>\n#col-578364991 > .col-inner {\n  padding: 7% 20px 10% 20px;\n  max-width: 520px;\n}\n@media (min-width:550px) {\n  #col-578364991 > .col-inner {\n    padding: 7% 0px 10% 0px;\n  }\n}\n@media (min-width:850px) {\n  #col-578364991 > .col-inner {\n    padding: 7% 10% 10% 0px;\n  }\n}\n<\/style>\n\t<\/div>\n\n\t\n\n\t<div id=\"col-1255035467\" class=\"col medium-12 small-12 large-6\"  >\n\t\t\t\t<div class=\"col-inner\"  >\n\t\t\t\n\t\t\t\n\n\t<div class=\"img has-hover x md-x lg-x y md-y lg-y\" id=\"image_1468317843\">\n\t\t\t\t\t\t\t\t<div class=\"img-inner image-cover dark\" style=\"padding-top:85%;\">\n\t\t\t<img loading=\"lazy\" decoding=\"async\" width=\"1708\" height=\"2560\" src=\"https:\/\/elfar.ch\/content\/wp-content\/uploads\/2025\/06\/MY26_xb-gallery-4_mjtulw-scaled.jpg\" class=\"attachment-original size-original\" alt=\"\" srcset=\"https:\/\/elfar.ch\/content\/wp-content\/uploads\/2025\/06\/MY26_xb-gallery-4_mjtulw-scaled.jpg 1708w, https:\/\/elfar.ch\/content\/wp-content\/uploads\/2025\/06\/MY26_xb-gallery-4_mjtulw-200x300.jpg 200w, https:\/\/elfar.ch\/content\/wp-content\/uploads\/2025\/06\/MY26_xb-gallery-4_mjtulw-683x1024.jpg 683w, https:\/\/elfar.ch\/content\/wp-content\/uploads\/2025\/06\/MY26_xb-gallery-4_mjtulw-768x1151.jpg 768w, https:\/\/elfar.ch\/content\/wp-content\/uploads\/2025\/06\/MY26_xb-gallery-4_mjtulw-1025x1536.jpg 1025w, https:\/\/elfar.ch\/content\/wp-content\/uploads\/2025\/06\/MY26_xb-gallery-4_mjtulw-1366x2048.jpg 1366w\" sizes=\"auto, (max-width: 1708px) 100vw, 1708px\" \/>\t\t\t\t\t\t\n\t\t\t\t\t<\/div>\n\t\t\t\t\t\t\t\t\n<style>\n#image_1468317843 {\n  width: 100%;\n}\n<\/style>\n\t<\/div>\n\t\n\n\n\t\t<\/div>\n\t\t\t\t\t<\/div>\n\n\t\n\n<\/div>\n\n\t\t<\/div>\n\n\t\t\n<style>\n#section_1883989937 {\n  padding-top: 0px;\n  padding-bottom: 0px;\n}\n<\/style>\n\t<\/section>\n\t\n\n\t<section class=\"section\" id=\"section_27994814\">\n\t\t<div class=\"section-bg fill\" >\n\t\t\t\t\t\t\t\t\t\n\t\t\t\n\n\t\t<\/div>\n\n\t\t\n\n\t\t<div class=\"section-content relative\">\n\t\t\t\n\n<div class=\"row row-collapse row-full-width align-middle\"  id=\"row-1091581514\">\n\n\n\t<div id=\"col-302076407\" class=\"col medium-12 small-12 large-6\"  >\n\t\t\t\t<div class=\"col-inner text-center\"  >\n\t\t\t\n\t\t\t\n\n\t<div id=\"text-2027459388\" class=\"text\">\n\t\t\n\n<h3 data-start=\"191\" data-end=\"238\"><strong data-start=\"195\" data-end=\"238\">Zero XE \u2013 Drehmoment ohne Ende<\/strong><\/h3>\n<p data-start=\"240\" data-end=\"626\">Die <strong data-start=\"244\" data-end=\"255\">Zero XE<\/strong> definiert, was elektrischer Antrieb wirklich leisten kann. Mit einem Drehmoment von \u00fcber 600\u202fNm setzt sie neue Ma\u00dfst\u00e4be in ihrer Klasse \u2013 und katapultiert dich mit brachialer Kraft nach vorn. Das alles v\u00f6llig emissionsfrei, ger\u00e4uscharm und mit einem Fokus auf pure Performance. Die Zero XE ist gebaut f\u00fcr alle, die das Extreme suchen \u2013 auf der Stra\u00dfe wie im Gel\u00e4nde.<\/p>\n<p data-start=\"669\" data-end=\"1037\">Mehr als 80\u202fkm\/h Spitze und eine Beschleunigung, die dir den Atem raubt \u2013 die Zero XE bringt echte Sportlichkeit auf zwei R\u00e4der. Ideal f\u00fcr alle, die keine Lust auf lahme Kompromisse haben. Ihre ausgekl\u00fcgelte Fahrwerksgeometrie sorgt dabei f\u00fcr maximale Stabilit\u00e4t, selbst bei hoher Geschwindigkeit und anspruchsvollem Terrain. Diese E-Maschine will gefahren werden. Steig auf, dreh am Griff \u2013 und erlebe, wie sich \u00fcber 600\u202fNm elektrische Rohgewalt anf\u00fchlen. <strong data-start=\"1404\" data-end=\"1444\">Zero XE \u2013 Power. Pr\u00e4zision. Elektro.<\/strong><\/p>\n\t\t\n<style>\n#text-2027459388 {\n  text-align: left;\n}\n<\/style>\n\t<\/div>\n\t\n\n\t\t<\/div>\n\t\t\t\t\n<style>\n#col-302076407 > .col-inner {\n  padding: 7% 20px 10% 20px;\n  max-width: 520px;\n}\n@media (min-width:550px) {\n  #col-302076407 > .col-inner {\n    padding: 7% 0px 10% 0px;\n  }\n}\n@media (min-width:850px) {\n  #col-302076407 > .col-inner {\n    padding: 7% 10% 10% 0px;\n  }\n}\n<\/style>\n\t<\/div>\n\n\t\n\n\t<div id=\"col-464367367\" class=\"col medium-12 small-12 large-6\"  >\n\t\t\t\t<div class=\"col-inner\"  >\n\t\t\t\n\t\t\t\n\n\t<div class=\"img has-hover x md-x lg-x y md-y lg-y\" id=\"image_1025700858\">\n\t\t\t\t\t\t\t\t<div class=\"img-inner image-cover dark\" style=\"padding-top:56.25%;\">\n\t\t\t<img loading=\"lazy\" decoding=\"async\" width=\"2560\" height=\"1421\" src=\"https:\/\/elfar.ch\/content\/wp-content\/uploads\/2025\/06\/MY26_xe-gallery-12_krudrk-scaled.jpg\" class=\"attachment-original size-original\" alt=\"\" srcset=\"https:\/\/elfar.ch\/content\/wp-content\/uploads\/2025\/06\/MY26_xe-gallery-12_krudrk-scaled.jpg 2560w, https:\/\/elfar.ch\/content\/wp-content\/uploads\/2025\/06\/MY26_xe-gallery-12_krudrk-300x167.jpg 300w, https:\/\/elfar.ch\/content\/wp-content\/uploads\/2025\/06\/MY26_xe-gallery-12_krudrk-1024x568.jpg 1024w, https:\/\/elfar.ch\/content\/wp-content\/uploads\/2025\/06\/MY26_xe-gallery-12_krudrk-768x426.jpg 768w, https:\/\/elfar.ch\/content\/wp-content\/uploads\/2025\/06\/MY26_xe-gallery-12_krudrk-1536x852.jpg 1536w, https:\/\/elfar.ch\/content\/wp-content\/uploads\/2025\/06\/MY26_xe-gallery-12_krudrk-2048x1137.jpg 2048w\" sizes=\"auto, (max-width: 2560px) 100vw, 2560px\" \/>\t\t\t\t\t\t\n\t\t\t\t\t<\/div>\n\t\t\t\t\t\t\t\t\n<style>\n#image_1025700858 {\n  width: 100%;\n}\n<\/style>\n\t<\/div>\n\t\n\n\n\t\t<\/div>\n\t\t\t\t\t<\/div>\n\n\t\n\n<\/div>\n\n\t\t<\/div>\n\n\t\t\n<style>\n#section_27994814 {\n  padding-top: 0px;\n  padding-bottom: 0px;\n  background-color: rgb(204, 204, 204);\n}\n<\/style>\n\t<\/section>\n\t\n<div class=\"text-center\"><div class=\"is-divider divider clearfix\" style=\"margin-top:20px;margin-bottom:20px;max-width:100%;height:1px;background-color:rgb(204, 204, 204);\"><\/div><\/div>\n\n\n\t<section class=\"section\" id=\"section_1737204587\">\n\t\t<div class=\"section-bg fill\" >\n\t\t\t\t\t\t\t\t\t\n\t\t\t\n\n\t\t<\/div>\n\n\t\t\n\n\t\t<div class=\"section-content relative\">\n\t\t\t\n\n<div class=\"row row-collapse align-center\"  id=\"row-1967288490\">\n\n\n\t<div id=\"col-1075469765\" class=\"col small-12 large-12\"  >\n\t\t\t\t<div class=\"col-inner\"  >\n\t\t\t\n\t\t\t\n\n<table cellspacing=\"2\" cellpadding=\"2\">\n<tbody>\n<tr>\n<td>\u00a0<strong>Modell<\/strong><\/td>\n<td><strong>XB<\/strong><\/td>\n<td><strong>XE<\/strong><\/td>\n<td>\u00a0<\/td>\n<\/tr>\n<tr>\n<td>\u00a0<\/td>\n<td>\u00a0<\/td>\n<td>\u00a0<\/td>\n<td>\u00a0<\/td>\n<\/tr>\n<tr>\n<td>Drehmoment<\/td>\n<td>\n<p>373 Nm<\/p>\n<\/td>\n<td>635 Nm<\/td>\n<td>\u00a0<\/td>\n<\/tr>\n<tr>\n<td>F\u00fchrerschein<\/td>\n<td>A1 bis 45km\/h<\/td>\n<td>A1\u00a0<\/td>\n<td>\u00a0<\/td>\n<\/tr>\n<tr>\n<td>Leistung (Max)<\/td>\n<td>7.5 kW \/ 10 PS<\/td>\n<td>\n<p>15.5 kW \/ 20 PS<\/p>\n<\/td>\n<td>\u00a0<\/td>\n<\/tr>\n<tr>\n<td>H\u00f6chstgeschwindigkeit\u00a0\u00a0\u00a0\u00a0<\/td>\n<td>45 km\/h\u00a0<\/td>\n<td>85 km\/h<\/td>\n<td>\u00a0<\/td>\n<\/tr>\n<tr>\n<td>Reichweite<\/td>\n<td>70 km<\/td>\n<td>\n<p>75 km<\/p>\n<\/td>\n<td>\u00a0<\/td>\n<\/tr>\n<tr>\n<td>\u00a0Ladeleistung<\/td>\n<td>800 W<\/td>\n<td>800 W<\/td>\n<td>\u00a0<\/td>\n<\/tr>\n<tr>\n<td>Gewicht\u00a0<\/td>\n<td>49 kg<\/td>\n<td>\u00a078 kg<\/td>\n<td>\u00a0<\/td>\n<\/tr>\n<tr>\n<td>Sitzh\u00f6he<\/td>\n<td>832 mm<\/td>\n<td>\u00a0900 mm<\/td>\n<td>\u00a0<\/td>\n<\/tr>\n<\/tbody>\n<\/table>\n\n\t\t<\/div>\n\t\t\t\t\n<style>\n#col-1075469765 > .col-inner {\n  padding: 0px 20px 0px 20px;\n}\n@media (min-width:550px) {\n  #col-1075469765 > .col-inner {\n    padding: 0px 20px 0px 20px;\n  }\n}\n<\/style>\n\t<\/div>\n\n\t\n\n<\/div>\n\n\t\t<\/div>\n\n\t\t\n<style>\n#section_1737204587 {\n  padding-top: 30px;\n  padding-bottom: 30px;\n}\n<\/style>\n\t<\/section>\n\t\n<div class=\"text-center\"><div class=\"is-divider divider clearfix\" style=\"margin-top:20px;margin-bottom:20px;max-width:100%;height:1px;background-color:rgb(204, 204, 204);\"><\/div><\/div>\n\n\n\t<section class=\"section\" id=\"section_421275125\">\n\t\t<div class=\"section-bg fill\" >\n\t\t\t\t\t\t\t\t\t\n\t\t\t\n\n\t\t<\/div>\n\n\t\t\n\n\t\t<div class=\"section-content relative\">\n\t\t\t\n\n  <div class=\"banner-grid-wrapper\">\n  <div id=\"banner-grid-198796864\" class=\"banner-grid row row-grid row-xsmall row-full-width\" data-packery-options=\"\">\n                      \n\n<div class=\"col grid-col large-8 grid-col-2-3\" ><div class=\"col-inner\">\n\n\n  <div class=\"banner has-hover\" id=\"banner-2019668789\">\n          <div class=\"banner-inner fill\">\n        <div class=\"banner-bg fill\" >\n            <img loading=\"lazy\" decoding=\"async\" width=\"2560\" height=\"1708\" src=\"https:\/\/elfar.ch\/content\/wp-content\/uploads\/2025\/06\/MY26_xb-gallery-9_fjvltn-scaled.jpg\" class=\"bg attachment-original size-original\" alt=\"\" \/>                                    \n                    <\/div>\n\t\t\n        <div class=\"banner-layers container\">\n            <div class=\"fill banner-link\"><\/div>            \n\n\n        <\/div>\n      <\/div>\n\n            \n<style>\n#banner-2019668789 {\n  padding-top: 450.88px;\n  background-color: rgb(255, 255, 255);\n}\n#banner-2019668789 .banner-bg img {\n  object-position: 4% 60%;\n}\n<\/style>\n  <\/div>\n\n\n\n<\/div><\/div>\n<div class=\"col grid-col large-4 grid-col-1-3\" ><div class=\"col-inner\">\n\n\n  <div class=\"banner has-hover\" id=\"banner-1636581476\">\n          <div class=\"banner-inner fill\">\n        <div class=\"banner-bg fill\" >\n            <img loading=\"lazy\" decoding=\"async\" width=\"2560\" height=\"1708\" src=\"https:\/\/elfar.ch\/content\/wp-content\/uploads\/2025\/06\/MY26_xb-gallery-3_eedm2e-scaled.jpg\" class=\"bg attachment-original size-original\" alt=\"\" \/>                                    \n                    <\/div>\n\t\t\n        <div class=\"banner-layers container\">\n            <div class=\"fill banner-link\"><\/div>            \n\n\n        <\/div>\n      <\/div>\n\n            \n<style>\n#banner-1636581476 {\n  padding-top: 500px;\n  background-color: rgb(255, 255, 255);\n}\n#banner-1636581476 .banner-bg img {\n  object-position: 45% 34%;\n}\n<\/style>\n  <\/div>\n\n\n\n<\/div><\/div>\n<div class=\"col grid-col large-4 grid-col-2-3\" ><div class=\"col-inner\">\n\n\n  <div class=\"banner has-hover\" id=\"banner-557447814\">\n          <div class=\"banner-inner fill\">\n        <div class=\"banner-bg fill\" >\n            <img loading=\"lazy\" decoding=\"async\" width=\"1708\" height=\"2560\" src=\"https:\/\/elfar.ch\/content\/wp-content\/uploads\/2025\/06\/MY26_xe-gallery-6_eagusc-scaled.jpg\" class=\"bg attachment-original size-original\" alt=\"\" \/>                                    \n                    <\/div>\n\t\t\n        <div class=\"banner-layers container\">\n            <div class=\"fill banner-link\"><\/div>            \n\n\n        <\/div>\n      <\/div>\n\n            \n<style>\n#banner-557447814 {\n  padding-top: 500px;\n  background-color: rgb(255, 255, 255);\n}\n#banner-557447814 .banner-bg img {\n  object-position: 47% 68%;\n}\n<\/style>\n  <\/div>\n\n\n\n<\/div><\/div>\n<div class=\"col grid-col large-8 grid-col-1-3\" ><div class=\"col-inner\">\n\n\n  <div class=\"banner has-hover\" id=\"banner-1604528643\">\n          <div class=\"banner-inner fill\">\n        <div class=\"banner-bg fill\" >\n            <img loading=\"lazy\" decoding=\"async\" width=\"2560\" height=\"1708\" src=\"https:\/\/elfar.ch\/content\/wp-content\/uploads\/2025\/06\/MY26_xe-gallery-9_eyq2wp-scaled.jpg\" class=\"bg attachment-original size-original\" alt=\"\" \/>                                    \n                    <\/div>\n\t\t\n        <div class=\"banner-layers container\">\n            <div class=\"fill banner-link\"><\/div>            \n\n   <div id=\"text-box-407317222\" class=\"text-box banner-layer x50 md-x50 lg-x50 y50 md-y50 lg-y50 res-text\">\n                                <div class=\"text-box-content text dark\">\n              \n              <div class=\"text-inner text-center\">\n                  \n\n\n              <\/div>\n           <\/div>\n                            \n<style>\n#text-box-407317222 {\n  width: 60%;\n}\n#text-box-407317222 .text-box-content {\n  font-size: 100%;\n}\n<\/style>\n    <\/div>\n \n\n        <\/div>\n      <\/div>\n\n            \n<style>\n#banner-1604528643 {\n  padding-top: 500px;\n  background-color: rgb(255, 255, 255);\n}\n#banner-1604528643 .banner-bg img {\n  object-position: 12% 59%;\n}\n<\/style>\n  <\/div>\n\n\n\n<\/div><\/div>\n\n            <\/div>\n    <style>\n    #banner-grid-198796864 .grid-col-1{height: 600px}\n    #banner-grid-198796864 .grid-col-1-2{height: 300px}\n    #banner-grid-198796864 .grid-col-1-3{height:200px}\n    #banner-grid-198796864 .grid-col-2-3{height: 400px}\n    #banner-grid-198796864 .grid-col-1-4{height: 150px}\n    #banner-grid-198796864 .grid-col-3-4{height: 450px}\n\n\n    \n    \n\n  <\/style>\n    <\/div>\n  \n\n\t\t<\/div>\n\n\t\t\n<style>\n#section_421275125 {\n  padding-top: 30px;\n  padding-bottom: 30px;\n}\n<\/style>\n\t<\/section>\n\t\n\n","protected":false},"excerpt":{"rendered":"","protected":false},"author":3,"featured_media":0,"parent":857,"menu_order":1,"comment_status":"closed","ping_status":"closed","template":"","meta":{"footnotes":""},"class_list":["post-2273","page","type-page","status-publish","hentry"],"yoast_head":"<!-- This site is optimized with the Yoast SEO plugin v27.5 - https:\/\/yoast.com\/product\/yoast-seo-wordpress\/ -->\n<title>Zero XB\/XE - Elfar<\/title>\n<meta name=\"robots\" content=\"index, follow, max-snippet:-1, max-image-preview:large, max-video-preview:-1\" \/>\n<link rel=\"canonical\" href=\"https:\/\/elfar.ch\/content\/produkte\/e-motorrad\/zero\/zero-xb-xe\/\" \/>\n<meta property=\"og:locale\" content=\"de_DE\" \/>\n<meta property=\"og:type\" content=\"article\" \/>\n<meta property=\"og:title\" content=\"Zero XB\/XE - Elfar\" \/>\n<meta property=\"og:url\" content=\"https:\/\/elfar.ch\/content\/produkte\/e-motorrad\/zero\/zero-xb-xe\/\" \/>\n<meta property=\"og:site_name\" content=\"Elfar\" \/>\n<meta property=\"article:modified_time\" content=\"2025-06-03T14:52:08+00:00\" \/>\n<meta name=\"twitter:card\" content=\"summary_large_image\" \/>\n<meta name=\"twitter:label1\" content=\"Gesch\u00e4tzte Lesezeit\" \/>\n\t<meta name=\"twitter:data1\" content=\"3\u00a0Minuten\" \/>\n<script type=\"application\/ld+json\" class=\"yoast-schema-graph\">{\"@context\":\"https:\\\/\\\/schema.org\",\"@graph\":[{\"@type\":\"WebPage\",\"@id\":\"https:\\\/\\\/elfar.ch\\\/content\\\/produkte\\\/e-motorrad\\\/zero\\\/zero-xb-xe\\\/\",\"url\":\"https:\\\/\\\/elfar.ch\\\/content\\\/produkte\\\/e-motorrad\\\/zero\\\/zero-xb-xe\\\/\",\"name\":\"Zero XB\\\/XE - Elfar\",\"isPartOf\":{\"@id\":\"https:\\\/\\\/elfar.ch\\\/content\\\/#website\"},\"datePublished\":\"2025-06-03T12:32:20+00:00\",\"dateModified\":\"2025-06-03T14:52:08+00:00\",\"breadcrumb\":{\"@id\":\"https:\\\/\\\/elfar.ch\\\/content\\\/produkte\\\/e-motorrad\\\/zero\\\/zero-xb-xe\\\/#breadcrumb\"},\"inLanguage\":\"de\",\"potentialAction\":[{\"@type\":\"ReadAction\",\"target\":[\"https:\\\/\\\/elfar.ch\\\/content\\\/produkte\\\/e-motorrad\\\/zero\\\/zero-xb-xe\\\/\"]}]},{\"@type\":\"BreadcrumbList\",\"@id\":\"https:\\\/\\\/elfar.ch\\\/content\\\/produkte\\\/e-motorrad\\\/zero\\\/zero-xb-xe\\\/#breadcrumb\",\"itemListElement\":[{\"@type\":\"ListItem\",\"position\":1,\"name\":\"Startseite\",\"item\":\"https:\\\/\\\/elfar.ch\\\/content\\\/\"},{\"@type\":\"ListItem\",\"position\":2,\"name\":\"Produkte\",\"item\":\"https:\\\/\\\/elfar.ch\\\/content\\\/produkte\\\/\"},{\"@type\":\"ListItem\",\"position\":3,\"name\":\"E-Motorrad\",\"item\":\"https:\\\/\\\/elfar.ch\\\/content\\\/produkte\\\/e-motorrad\\\/\"},{\"@type\":\"ListItem\",\"position\":4,\"name\":\"Zero\",\"item\":\"https:\\\/\\\/elfar.ch\\\/content\\\/produkte\\\/e-motorrad\\\/zero\\\/\"},{\"@type\":\"ListItem\",\"position\":5,\"name\":\"Zero XB\\\/XE\"}]},{\"@type\":\"WebSite\",\"@id\":\"https:\\\/\\\/elfar.ch\\\/content\\\/#website\",\"url\":\"https:\\\/\\\/elfar.ch\\\/content\\\/\",\"name\":\"elfar\",\"description\":\"Wir fahren elektrisch\",\"publisher\":{\"@id\":\"https:\\\/\\\/elfar.ch\\\/content\\\/#organization\"},\"potentialAction\":[{\"@type\":\"SearchAction\",\"target\":{\"@type\":\"EntryPoint\",\"urlTemplate\":\"https:\\\/\\\/elfar.ch\\\/content\\\/?s={search_term_string}\"},\"query-input\":{\"@type\":\"PropertyValueSpecification\",\"valueRequired\":true,\"valueName\":\"search_term_string\"}}],\"inLanguage\":\"de\"},{\"@type\":\"Organization\",\"@id\":\"https:\\\/\\\/elfar.ch\\\/content\\\/#organization\",\"name\":\"elfar GmbH\",\"url\":\"https:\\\/\\\/elfar.ch\\\/content\\\/\",\"logo\":{\"@type\":\"ImageObject\",\"inLanguage\":\"de\",\"@id\":\"https:\\\/\\\/elfar.ch\\\/content\\\/#\\\/schema\\\/logo\\\/image\\\/\",\"url\":\"https:\\\/\\\/elfar.ch\\\/content\\\/wp-content\\\/uploads\\\/2022\\\/12\\\/logo4.png\",\"contentUrl\":\"https:\\\/\\\/elfar.ch\\\/content\\\/wp-content\\\/uploads\\\/2022\\\/12\\\/logo4.png\",\"width\":543,\"height\":204,\"caption\":\"elfar GmbH\"},\"image\":{\"@id\":\"https:\\\/\\\/elfar.ch\\\/content\\\/#\\\/schema\\\/logo\\\/image\\\/\"},\"sameAs\":[\"https:\\\/\\\/www.instagram.com\\\/elfar_gmbh\\\/\"]}]}<\/script>\n<!-- \/ Yoast SEO plugin. -->","yoast_head_json":{"title":"Zero XB\/XE - Elfar","robots":{"index":"index","follow":"follow","max-snippet":"max-snippet:-1","max-image-preview":"max-image-preview:large","max-video-preview":"max-video-preview:-1"},"canonical":"https:\/\/elfar.ch\/content\/produkte\/e-motorrad\/zero\/zero-xb-xe\/","og_locale":"de_DE","og_type":"article","og_title":"Zero XB\/XE - Elfar","og_url":"https:\/\/elfar.ch\/content\/produkte\/e-motorrad\/zero\/zero-xb-xe\/","og_site_name":"Elfar","article_modified_time":"2025-06-03T14:52:08+00:00","twitter_card":"summary_large_image","twitter_misc":{"Gesch\u00e4tzte Lesezeit":"3\u00a0Minuten"},"schema":{"@context":"https:\/\/schema.org","@graph":[{"@type":"WebPage","@id":"https:\/\/elfar.ch\/content\/produkte\/e-motorrad\/zero\/zero-xb-xe\/","url":"https:\/\/elfar.ch\/content\/produkte\/e-motorrad\/zero\/zero-xb-xe\/","name":"Zero XB\/XE - Elfar","isPartOf":{"@id":"https:\/\/elfar.ch\/content\/#website"},"datePublished":"2025-06-03T12:32:20+00:00","dateModified":"2025-06-03T14:52:08+00:00","breadcrumb":{"@id":"https:\/\/elfar.ch\/content\/produkte\/e-motorrad\/zero\/zero-xb-xe\/#breadcrumb"},"inLanguage":"de","potentialAction":[{"@type":"ReadAction","target":["https:\/\/elfar.ch\/content\/produkte\/e-motorrad\/zero\/zero-xb-xe\/"]}]},{"@type":"BreadcrumbList","@id":"https:\/\/elfar.ch\/content\/produkte\/e-motorrad\/zero\/zero-xb-xe\/#breadcrumb","itemListElement":[{"@type":"ListItem","position":1,"name":"Startseite","item":"https:\/\/elfar.ch\/content\/"},{"@type":"ListItem","position":2,"name":"Produkte","item":"https:\/\/elfar.ch\/content\/produkte\/"},{"@type":"ListItem","position":3,"name":"E-Motorrad","item":"https:\/\/elfar.ch\/content\/produkte\/e-motorrad\/"},{"@type":"ListItem","position":4,"name":"Zero","item":"https:\/\/elfar.ch\/content\/produkte\/e-motorrad\/zero\/"},{"@type":"ListItem","position":5,"name":"Zero XB\/XE"}]},{"@type":"WebSite","@id":"https:\/\/elfar.ch\/content\/#website","url":"https:\/\/elfar.ch\/content\/","name":"elfar","description":"Wir fahren elektrisch","publisher":{"@id":"https:\/\/elfar.ch\/content\/#organization"},"potentialAction":[{"@type":"SearchAction","target":{"@type":"EntryPoint","urlTemplate":"https:\/\/elfar.ch\/content\/?s={search_term_string}"},"query-input":{"@type":"PropertyValueSpecification","valueRequired":true,"valueName":"search_term_string"}}],"inLanguage":"de"},{"@type":"Organization","@id":"https:\/\/elfar.ch\/content\/#organization","name":"elfar GmbH","url":"https:\/\/elfar.ch\/content\/","logo":{"@type":"ImageObject","inLanguage":"de","@id":"https:\/\/elfar.ch\/content\/#\/schema\/logo\/image\/","url":"https:\/\/elfar.ch\/content\/wp-content\/uploads\/2022\/12\/logo4.png","contentUrl":"https:\/\/elfar.ch\/content\/wp-content\/uploads\/2022\/12\/logo4.png","width":543,"height":204,"caption":"elfar GmbH"},"image":{"@id":"https:\/\/elfar.ch\/content\/#\/schema\/logo\/image\/"},"sameAs":["https:\/\/www.instagram.com\/elfar_gmbh\/"]}]}},"_links":{"self":[{"href":"https:\/\/elfar.ch\/content\/wp-json\/wp\/v2\/pages\/2273","targetHints":{"allow":["GET"]}}],"collection":[{"href":"https:\/\/elfar.ch\/content\/wp-json\/wp\/v2\/pages"}],"about":[{"href":"https:\/\/elfar.ch\/content\/wp-json\/wp\/v2\/types\/page"}],"author":[{"embeddable":true,"href":"https:\/\/elfar.ch\/content\/wp-json\/wp\/v2\/users\/3"}],"replies":[{"embeddable":true,"href":"https:\/\/elfar.ch\/content\/wp-json\/wp\/v2\/comments?post=2273"}],"version-history":[{"count":8,"href":"https:\/\/elfar.ch\/content\/wp-json\/wp\/v2\/pages\/2273\/revisions"}],"predecessor-version":[{"id":2300,"href":"https:\/\/elfar.ch\/content\/wp-json\/wp\/v2\/pages\/2273\/revisions\/2300"}],"up":[{"embeddable":true,"href":"https:\/\/elfar.ch\/content\/wp-json\/wp\/v2\/pages\/857"}],"wp:attachment":[{"href":"https:\/\/elfar.ch\/content\/wp-json\/wp\/v2\/media?parent=2273"}],"curies":[{"name":"wp","href":"https:\/\/api.w.org\/{rel}","templated":true}]}}