{"id":467,"date":"2023-02-10T20:56:26","date_gmt":"2023-02-10T20:56:26","guid":{"rendered":"https:\/\/elfar.ch\/elfar_wp\/?page_id=467"},"modified":"2023-03-26T12:04:31","modified_gmt":"2023-03-26T12:04:31","slug":"v-oco","status":"publish","type":"page","link":"https:\/\/elfar.ch\/content\/produkte\/e-bikes\/v-oco\/","title":{"rendered":"V-OCO"},"content":{"rendered":"\n\n  <div class=\"banner has-hover has-parallax\" id=\"banner-1461052542\">\n          <div class=\"banner-inner fill\">\n        <div class=\"banner-bg fill\" data-parallax=\"-3\" data-parallax-container=\".banner\" data-parallax-background>\n            <img loading=\"lazy\" decoding=\"async\" width=\"1615\" height=\"578\" src=\"https:\/\/elfar.ch\/content\/wp-content\/uploads\/2023\/02\/voco-full.jpg\" class=\"bg attachment-original size-original\" alt=\"\" \/>                        <div class=\"overlay\"><\/div>            \n                    <\/div>\n\t\t\n        <div class=\"banner-layers container\">\n            <div class=\"fill banner-link\"><\/div>            \n\n   <div id=\"text-box-1517829492\" class=\"text-box banner-layer x50 md-x50 lg-x50 y85 md-y85 lg-y85 res-text\">\n                                <div class=\"text-box-content text dark\">\n              \n              <div class=\"text-inner text-center\">\n                  \n\n<section id=\"lead\">\n<div class=\"container\">\n<div class=\"jumbotron\">\n<h1><strong>V-OCO<\/strong><\/h1>\n<h3><strong>Das Schweizer Unikat<\/strong><\/h3>\n<\/div>\n<\/div>\n<\/section>\n\n              <\/div>\n           <\/div>\n                            \n<style>\n#text-box-1517829492 .text-box-content {\n  background-color: rgba(0, 0, 0, 0.7);\n  border-radius: 6px;\n  font-size: 100%;\n}\n#text-box-1517829492 {\n  width: 100%;\n}\n<\/style>\n    <\/div>\n \n\n        <\/div>\n      <\/div>\n\n            \n<style>\n#banner-1461052542 {\n  padding-top: 50%;\n  background-color: rgb(255, 255, 255);\n}\n#banner-1461052542 .overlay {\n  background-color: rgba(0, 0, 0, 0.17);\n}\n#banner-1461052542 .banner-bg img {\n  object-position: 28% 64%;\n}\n<\/style>\n  <\/div>\n\n\n\n\t<section class=\"section\" id=\"section_666104481\">\n\t\t<div class=\"section-bg fill\" >\n\t\t\t\t\t\t\t\t\t\n\t\t\t\n\n\t\t<\/div>\n\n\t\t\n\n\t\t<div class=\"section-content relative\">\n\t\t\t\n\n<div class=\"row row-collapse align-center\"  id=\"row-851585301\">\n\n\n\t<div id=\"col-1139777970\" class=\"col small-12 large-12\"  >\n\t\t\t\t<div class=\"col-inner\"  >\n\t\t\t\n\t\t\t\n\n<p>Den Style einer Chopper, die Einfachheit eines Velos, die Power der neusten Technik \u2013 eine Firma in der Schweiz verwandelt all dies zu einem Unikat, zu einem V-OCO E-Bike. Sp\u00fcren Sie den Fahrtwind, sei es durch die Tretunterst\u00fctzung oder dank dem integriertem Gashebel. Geniessen Sie Ihr Bike, denn Sie werden keinem begegnen, dass gleich aussieht. In der Westschweiz wird jedes V-OCO von Hand ganz individuell erstellt.<\/p>\n\n\t\t<\/div>\n\t\t\t\t\n<style>\n#col-1139777970 > .col-inner {\n  padding: 0px 20px 0px 20px;\n}\n@media (min-width:550px) {\n  #col-1139777970 > .col-inner {\n    padding: 0px 20px 0px 20px;\n  }\n}\n<\/style>\n\t<\/div>\n\n\t\n\n<\/div>\n\n\t\t<\/div>\n\n\t\t\n<style>\n#section_666104481 {\n  padding-top: 40px;\n  padding-bottom: 40px;\n  background-color: rgb(204, 204, 204);\n}\n<\/style>\n\t<\/section>\n\t\n\n\t<section class=\"section\" id=\"section_389409867\">\n\t\t<div class=\"section-bg fill\" >\n\t\t\t\t\t\t\t\t\t\n\t\t\t\n\n\t\t<\/div>\n\n\t\t\n\n\t\t<div class=\"section-content relative\">\n\t\t\t\n\n<div class=\"row row-collapse row-full-width align-middle\"  id=\"row-1025250540\">\n\n\n\t<div id=\"col-353155801\" class=\"col medium-12 small-12 large-6\"  >\n\t\t\t\t<div class=\"col-inner text-center\"  >\n\t\t\t\n\t\t\t\n\n\t<div id=\"text-581483038\" class=\"text\">\n\t\t\n\n<h2 class=\"caption leftAlone\"><strong>Schweizer Handarbeit<br \/><\/strong><\/h2>\n<p>In der Schweiz wird jedes V-OCO E-Fahrrad von Hand einzeln hergestellt. So ist jedes E-Bike, das Sie kaufen, \u00abSWISS HANDMADE\u00bb und verspr\u00fcht seinen einzigartigen Charme. Denn jedes V-OCO Projekt ist einzigartig und speziell f\u00fcr Sie gebaut.<br \/>Unser V-OCO E-Bike ist bequem, robust und einzigartig und wurde speziell f\u00fcr den Schweizer Markt entwickelt.<\/p>\n\t\t\n<style>\n#text-581483038 {\n  text-align: left;\n}\n<\/style>\n\t<\/div>\n\t\n\n\t\t<\/div>\n\t\t\t\t\n<style>\n#col-353155801 > .col-inner {\n  padding: 7% 20px 10% 20px;\n  max-width: 520px;\n}\n@media (min-width:550px) {\n  #col-353155801 > .col-inner {\n    padding: 7% 0px 10% 0px;\n  }\n}\n@media (min-width:850px) {\n  #col-353155801 > .col-inner {\n    padding: 7% 10% 10% 0px;\n  }\n}\n<\/style>\n\t<\/div>\n\n\t\n\n\t<div id=\"col-134340869\" class=\"col medium-12 small-12 large-6\"  >\n\t\t\t\t<div class=\"col-inner\"  >\n\t\t\t\n\t\t\t\n\n\t<div class=\"img has-hover x md-x lg-x y md-y lg-y\" id=\"image_712946308\">\n\t\t\t\t\t\t\t\t<div class=\"img-inner image-cover dark\" style=\"padding-top:56.25%;\">\n\t\t\t<img loading=\"lazy\" decoding=\"async\" width=\"600\" height=\"401\" src=\"https:\/\/elfar.ch\/content\/wp-content\/uploads\/2023\/02\/voco-elfar-2.jpg\" class=\"attachment-original size-original\" alt=\"\" srcset=\"https:\/\/elfar.ch\/content\/wp-content\/uploads\/2023\/02\/voco-elfar-2.jpg 600w, https:\/\/elfar.ch\/content\/wp-content\/uploads\/2023\/02\/voco-elfar-2-300x201.jpg 300w\" sizes=\"auto, (max-width: 600px) 100vw, 600px\" \/>\t\t\t\t\t\t\n\t\t\t\t\t<\/div>\n\t\t\t\t\t\t\t\t\n<style>\n#image_712946308 {\n  width: 100%;\n}\n<\/style>\n\t<\/div>\n\t\n\n\n\t\t<\/div>\n\t\t\t\t\t<\/div>\n\n\t\n\n<\/div>\n\n\t\t<\/div>\n\n\t\t\n<style>\n#section_389409867 {\n  padding-top: 0px;\n  padding-bottom: 0px;\n}\n<\/style>\n\t<\/section>\n\t\n\n\t<section class=\"section\" id=\"section_1561590845\">\n\t\t<div class=\"section-bg fill\" >\n\t\t\t\t\t\t\t\t\t\n\t\t\t\n\n\t\t<\/div>\n\n\t\t\n\n\t\t<div class=\"section-content relative\">\n\t\t\t\n\n<div class=\"row row-collapse row-full-width align-middle\"  id=\"row-226234699\">\n\n\n\t<div id=\"col-2095451814\" class=\"col medium-12 small-12 large-6\"  >\n\t\t\t\t<div class=\"col-inner text-center\"  >\n\t\t\t\n\t\t\t\n\n\t<div id=\"text-1048272088\" class=\"text\">\n\t\t\n\n<p>\u00a0<\/p>\n<h2 class=\"caption leftAlone\"><strong>Antriebstechnologie von Bafang<br \/><\/strong><\/h2>\n<p>Die V-OCO E-Bikes setzen voll und ganz auf die Technologie von Bafang.<\/p>\n<p>BAFANG ist ein international t\u00e4tiger Hersteller im Bereich der E-Mobilit\u00e4t. Ihre Kernkompetenz ist die Systemherstellung f\u00fcr E-Bikes und E-Scooter.<\/p>\n<p>BAFANG entwickelt seit mehr als 10 Jahren Systemkomponenten und Komplettsysteme f\u00fcr Elektrofahrzeuge. Dank ihren langj\u00e4hrigen Erfahrung und einem Entwicklungsteam von derzeit mehr als 40 Ingenieuren produzieren sie heute Motoren der zweiten Generation f\u00fcr E-Bikes und E-Scooters. Sie sind stetig gewachsen und ihre Produktionskapazit\u00e4ten erlauben die Herstellung von einer Million Motoren pro Jahr.<\/p>\n<p>BAFANG legt bei der Entwicklung und Produktion seiner Produkte stets grossen Wert auf Zuverl\u00e4ssigkeit, Qualit\u00e4t und Langlebigkeit.<\/p>\n<p>\u00a0<\/p>\n\t\t\n<style>\n#text-1048272088 {\n  text-align: left;\n}\n<\/style>\n\t<\/div>\n\t\n\n\t\t<\/div>\n\t\t\t\t\n<style>\n#col-2095451814 > .col-inner {\n  padding: 7% 20px 10% 20px;\n  max-width: 520px;\n}\n@media (min-width:550px) {\n  #col-2095451814 > .col-inner {\n    padding: 7% 0px 10% 0px;\n  }\n}\n@media (min-width:850px) {\n  #col-2095451814 > .col-inner {\n    padding: 7% 10% 10% 0px;\n  }\n}\n<\/style>\n\t<\/div>\n\n\t\n\n\t<div id=\"col-1195714145\" class=\"col medium-12 small-12 large-6\"  >\n\t\t\t\t<div class=\"col-inner\"  >\n\t\t\t\n\t\t\t\n\n\t<div class=\"img has-hover x md-x lg-x y md-y lg-y\" id=\"image_782971597\">\n\t\t\t\t\t\t\t\t<div class=\"img-inner image-cover dark\" style=\"padding-top:56.25%;\">\n\t\t\t<img loading=\"lazy\" decoding=\"async\" width=\"600\" height=\"401\" src=\"https:\/\/elfar.ch\/content\/wp-content\/uploads\/2023\/02\/voco-1.jpg\" class=\"attachment-original size-original\" alt=\"\" srcset=\"https:\/\/elfar.ch\/content\/wp-content\/uploads\/2023\/02\/voco-1.jpg 600w, https:\/\/elfar.ch\/content\/wp-content\/uploads\/2023\/02\/voco-1-300x201.jpg 300w\" sizes=\"auto, (max-width: 600px) 100vw, 600px\" \/>\t\t\t\t\t\t\n\t\t\t\t\t<\/div>\n\t\t\t\t\t\t\t\t\n<style>\n#image_782971597 {\n  width: 100%;\n}\n<\/style>\n\t<\/div>\n\t\n\n\n\t\t<\/div>\n\t\t\t\t\t<\/div>\n\n\t\n\n<\/div>\n\n\t\t<\/div>\n\n\t\t\n<style>\n#section_1561590845 {\n  padding-top: 0px;\n  padding-bottom: 0px;\n  background-color: rgb(204, 204, 204);\n}\n<\/style>\n\t<\/section>\n\t\n<div class=\"text-center\"><div class=\"is-divider divider clearfix\" style=\"margin-top:20px;margin-bottom:20px;max-width:100%;height:1px;background-color:rgb(204, 204, 204);\"><\/div><\/div>\n\n\n\t<section class=\"section\" id=\"section_1168985425\">\n\t\t<div class=\"section-bg fill\" >\n\t\t\t\t\t\t\t\t\t\n\t\t\t\n\n\t\t<\/div>\n\n\t\t\n\n\t\t<div class=\"section-content relative\">\n\t\t\t\n\n<div class=\"row row-collapse align-center\"  id=\"row-1690822573\">\n\n\n\t<div id=\"col-1653535886\" class=\"col small-12 large-12\"  >\n\t\t\t\t<div class=\"col-inner\"  >\n\t\t\t\n\t\t\t\n\n<p>\u00a0<\/p>\n<table style=\"height: 260px;\" width=\"498\" cellspacing=\"2\" cellpadding=\"2\">\n<tbody>\n<tr>\n<td><strong>Version<\/strong><\/td>\n<td><strong>V-OCO 346 500W<\/strong><\/td>\n<td><strong>V-OCO 346 750W<\/strong><\/td>\n<\/tr>\n<tr>\n<td>F\u00fchrerschein<\/td>\n<td>ab 14 Jahren: M <br \/>ab 16 Jahren: ohne\u00a0\u00a0\u00a0\u00a0<\/td>\n<td>ab 14 Jahren: M<\/td>\n<\/tr>\n<tr>\n<td>Leistung<\/td>\n<td>500 W<\/td>\n<td>750 W<\/td>\n<\/tr>\n<tr>\n<td>Drehmoment<\/td>\n<td>120 Nm<\/td>\n<td>120 Nm<\/td>\n<\/tr>\n<tr>\n<td>H\u00f6chstgeschwindigkeit<\/td>\n<td>25 km\/h<\/td>\n<td>40 &#8211; 45 km\/h<\/td>\n<\/tr>\n<tr>\n<td>Reichweite<\/td>\n<td>40 &#8211; 80 km<\/td>\n<td>40 &#8211; 80 km<\/td>\n<\/tr>\n<tr>\n<td>Ladezeit<\/td>\n<td>5-6 Stunden<\/td>\n<td>5 &#8211; 6 Stunden<\/td>\n<\/tr>\n<tr>\n<td>Gewicht<\/td>\n<td>35 kg<\/td>\n<td>37 kg<\/td>\n<\/tr>\n<\/tbody>\n<\/table>\n\n\t\t<\/div>\n\t\t\t\t\n<style>\n#col-1653535886 > .col-inner {\n  padding: 0px 20px 0px 20px;\n}\n@media (min-width:550px) {\n  #col-1653535886 > .col-inner {\n    padding: 0px 20px 0px 20px;\n  }\n}\n<\/style>\n\t<\/div>\n\n\t\n\n<\/div>\n\n\t\t<\/div>\n\n\t\t\n<style>\n#section_1168985425 {\n  padding-top: 30px;\n  padding-bottom: 30px;\n}\n<\/style>\n\t<\/section>\n\t\n<div class=\"text-center\"><div class=\"is-divider divider clearfix\" style=\"margin-top:20px;margin-bottom:20px;max-width:100%;height:1px;background-color:rgb(204, 204, 204);\"><\/div><\/div>\n\n\n\t<section class=\"section\" id=\"section_578704372\">\n\t\t<div class=\"section-bg fill\" >\n\t\t\t\t\t\t\t\t\t\n\t\t\t\n\n\t\t<\/div>\n\n\t\t\n\n\t\t<div class=\"section-content relative\">\n\t\t\t\n\n  <div class=\"banner-grid-wrapper\">\n  <div id=\"banner-grid-1222502857\" class=\"banner-grid row row-grid row-xsmall row-full-width\" data-packery-options=\"\">\n                      \n\n<div class=\"col grid-col large-8 grid-col-2-3\" ><div class=\"col-inner\">\n\n\n  <div class=\"banner has-hover\" id=\"banner-1442455914\">\n          <div class=\"banner-inner fill\">\n        <div class=\"banner-bg fill\" >\n            <img loading=\"lazy\" decoding=\"async\" width=\"959\" height=\"640\" src=\"https:\/\/elfar.ch\/content\/wp-content\/uploads\/2023\/02\/voco-see-2.jpg\" class=\"bg attachment-original size-original\" alt=\"\" \/>                                    \n                    <\/div>\n\t\t\n        <div class=\"banner-layers container\">\n            <div class=\"fill banner-link\"><\/div>            \n\n\n        <\/div>\n      <\/div>\n\n            \n<style>\n#banner-1442455914 {\n  padding-top: 500px;\n  background-color: rgb(255, 255, 255);\n}\n#banner-1442455914 .banner-bg img {\n  object-position: 52% 40%;\n}\n<\/style>\n  <\/div>\n\n\n\n<\/div><\/div>\n<div class=\"col grid-col large-4 grid-col-1-3\" ><div class=\"col-inner\">\n\n\n  <div class=\"banner has-hover\" id=\"banner-1156265528\">\n          <div class=\"banner-inner fill\">\n        <div class=\"banner-bg fill\" >\n            <img loading=\"lazy\" decoding=\"async\" width=\"959\" height=\"639\" src=\"https:\/\/elfar.ch\/content\/wp-content\/uploads\/2023\/02\/voco-see-4.jpg\" class=\"bg attachment-original size-original\" alt=\"\" \/>                                    \n                    <\/div>\n\t\t\n        <div class=\"banner-layers container\">\n            <div class=\"fill banner-link\"><\/div>            \n\n\n        <\/div>\n      <\/div>\n\n            \n<style>\n#banner-1156265528 {\n  padding-top: 500px;\n  background-color: rgb(255, 255, 255);\n}\n#banner-1156265528 .banner-bg img {\n  object-position: 39% 36%;\n}\n<\/style>\n  <\/div>\n\n\n\n<\/div><\/div>\n<div class=\"col grid-col large-4 grid-col-2-3\" ><div class=\"col-inner\">\n\n\n  <div class=\"banner has-hover\" id=\"banner-1013334182\">\n          <div class=\"banner-inner fill\">\n        <div class=\"banner-bg fill\" >\n            <img loading=\"lazy\" decoding=\"async\" width=\"787\" height=\"525\" src=\"https:\/\/elfar.ch\/content\/wp-content\/uploads\/2023\/02\/voco-lifestyle-1.jpg\" class=\"bg attachment-original size-original\" alt=\"\" \/>                                    \n                    <\/div>\n\t\t\n        <div class=\"banner-layers container\">\n            <div class=\"fill banner-link\"><\/div>            \n\n\n        <\/div>\n      <\/div>\n\n            \n<style>\n#banner-1013334182 {\n  padding-top: 500px;\n  background-color: rgb(255, 255, 255);\n}\n#banner-1013334182 .banner-bg img {\n  object-position: 59% 51%;\n}\n<\/style>\n  <\/div>\n\n\n\n<\/div><\/div>\n<div class=\"col grid-col large-8 grid-col-1-3\" ><div class=\"col-inner\">\n\n\n  <div class=\"banner has-hover\" id=\"banner-1214350881\">\n          <div class=\"banner-inner fill\">\n        <div class=\"banner-bg fill\" >\n            <img loading=\"lazy\" decoding=\"async\" width=\"788\" height=\"526\" src=\"https:\/\/elfar.ch\/content\/wp-content\/uploads\/2023\/02\/voco-ausstellung-3.jpg\" class=\"bg attachment-original size-original\" alt=\"\" \/>                                    \n                    <\/div>\n\t\t\n        <div class=\"banner-layers container\">\n            <div class=\"fill banner-link\"><\/div>            \n\n   <div id=\"text-box-1791404359\" class=\"text-box banner-layer x50 md-x50 lg-x50 y50 md-y50 lg-y50 res-text\">\n                                <div class=\"text-box-content text dark\">\n              \n              <div class=\"text-inner text-center\">\n                  \n\n\n              <\/div>\n           <\/div>\n                            \n<style>\n#text-box-1791404359 {\n  width: 60%;\n}\n#text-box-1791404359 .text-box-content {\n  font-size: 100%;\n}\n<\/style>\n    <\/div>\n \n\n        <\/div>\n      <\/div>\n\n            \n<style>\n#banner-1214350881 {\n  padding-top: 500px;\n  background-color: rgb(255, 255, 255);\n}\n#banner-1214350881 .banner-bg img {\n  object-position: 38% 46%;\n}\n<\/style>\n  <\/div>\n\n\n\n<\/div><\/div>\n\n            <\/div>\n    <style>\n    #banner-grid-1222502857 .grid-col-1{height: 600px}\n    #banner-grid-1222502857 .grid-col-1-2{height: 300px}\n    #banner-grid-1222502857 .grid-col-1-3{height:200px}\n    #banner-grid-1222502857 .grid-col-2-3{height: 400px}\n    #banner-grid-1222502857 .grid-col-1-4{height: 150px}\n    #banner-grid-1222502857 .grid-col-3-4{height: 450px}\n\n\n    \n    \n\n  <\/style>\n    <\/div>\n  \n\n\t\t<\/div>\n\n\t\t\n<style>\n#section_578704372 {\n  padding-top: 30px;\n  padding-bottom: 30px;\n}\n<\/style>\n\t<\/section>\n\t\n\n","protected":false},"excerpt":{"rendered":"","protected":false},"author":1,"featured_media":0,"parent":86,"menu_order":8,"comment_status":"closed","ping_status":"closed","template":"","meta":{"footnotes":""},"class_list":["post-467","page","type-page","status-publish","hentry"],"yoast_head":"<!-- This site is optimized with the Yoast SEO plugin v27.5 - https:\/\/yoast.com\/product\/yoast-seo-wordpress\/ -->\n<title>V-OCO - Elfar<\/title>\n<meta name=\"robots\" content=\"index, follow, max-snippet:-1, max-image-preview:large, max-video-preview:-1\" \/>\n<link rel=\"canonical\" href=\"https:\/\/elfar.ch\/content\/produkte\/e-bikes\/v-oco\/\" \/>\n<meta property=\"og:locale\" content=\"de_DE\" \/>\n<meta property=\"og:type\" content=\"article\" \/>\n<meta property=\"og:title\" content=\"V-OCO - Elfar\" \/>\n<meta property=\"og:url\" content=\"https:\/\/elfar.ch\/content\/produkte\/e-bikes\/v-oco\/\" \/>\n<meta property=\"og:site_name\" content=\"Elfar\" \/>\n<meta property=\"article:modified_time\" content=\"2023-03-26T12:04:31+00:00\" \/>\n<meta name=\"twitter:card\" content=\"summary_large_image\" \/>\n<meta name=\"twitter:label1\" content=\"Gesch\u00e4tzte Lesezeit\" \/>\n\t<meta name=\"twitter:data1\" content=\"3\u00a0Minuten\" \/>\n<script type=\"application\/ld+json\" class=\"yoast-schema-graph\">{\"@context\":\"https:\\\/\\\/schema.org\",\"@graph\":[{\"@type\":\"WebPage\",\"@id\":\"https:\\\/\\\/elfar.ch\\\/content\\\/produkte\\\/e-bikes\\\/v-oco\\\/\",\"url\":\"https:\\\/\\\/elfar.ch\\\/content\\\/produkte\\\/e-bikes\\\/v-oco\\\/\",\"name\":\"V-OCO - Elfar\",\"isPartOf\":{\"@id\":\"https:\\\/\\\/elfar.ch\\\/content\\\/#website\"},\"datePublished\":\"2023-02-10T20:56:26+00:00\",\"dateModified\":\"2023-03-26T12:04:31+00:00\",\"breadcrumb\":{\"@id\":\"https:\\\/\\\/elfar.ch\\\/content\\\/produkte\\\/e-bikes\\\/v-oco\\\/#breadcrumb\"},\"inLanguage\":\"de\",\"potentialAction\":[{\"@type\":\"ReadAction\",\"target\":[\"https:\\\/\\\/elfar.ch\\\/content\\\/produkte\\\/e-bikes\\\/v-oco\\\/\"]}]},{\"@type\":\"BreadcrumbList\",\"@id\":\"https:\\\/\\\/elfar.ch\\\/content\\\/produkte\\\/e-bikes\\\/v-oco\\\/#breadcrumb\",\"itemListElement\":[{\"@type\":\"ListItem\",\"position\":1,\"name\":\"Startseite\",\"item\":\"https:\\\/\\\/elfar.ch\\\/content\\\/\"},{\"@type\":\"ListItem\",\"position\":2,\"name\":\"Produkte\",\"item\":\"https:\\\/\\\/elfar.ch\\\/content\\\/produkte\\\/\"},{\"@type\":\"ListItem\",\"position\":3,\"name\":\"E-Bike\",\"item\":\"https:\\\/\\\/elfar.ch\\\/content\\\/produkte\\\/e-bikes\\\/\"},{\"@type\":\"ListItem\",\"position\":4,\"name\":\"V-OCO\"}]},{\"@type\":\"WebSite\",\"@id\":\"https:\\\/\\\/elfar.ch\\\/content\\\/#website\",\"url\":\"https:\\\/\\\/elfar.ch\\\/content\\\/\",\"name\":\"elfar\",\"description\":\"Wir fahren elektrisch\",\"publisher\":{\"@id\":\"https:\\\/\\\/elfar.ch\\\/content\\\/#organization\"},\"potentialAction\":[{\"@type\":\"SearchAction\",\"target\":{\"@type\":\"EntryPoint\",\"urlTemplate\":\"https:\\\/\\\/elfar.ch\\\/content\\\/?s={search_term_string}\"},\"query-input\":{\"@type\":\"PropertyValueSpecification\",\"valueRequired\":true,\"valueName\":\"search_term_string\"}}],\"inLanguage\":\"de\"},{\"@type\":\"Organization\",\"@id\":\"https:\\\/\\\/elfar.ch\\\/content\\\/#organization\",\"name\":\"elfar GmbH\",\"url\":\"https:\\\/\\\/elfar.ch\\\/content\\\/\",\"logo\":{\"@type\":\"ImageObject\",\"inLanguage\":\"de\",\"@id\":\"https:\\\/\\\/elfar.ch\\\/content\\\/#\\\/schema\\\/logo\\\/image\\\/\",\"url\":\"https:\\\/\\\/elfar.ch\\\/content\\\/wp-content\\\/uploads\\\/2022\\\/12\\\/logo4.png\",\"contentUrl\":\"https:\\\/\\\/elfar.ch\\\/content\\\/wp-content\\\/uploads\\\/2022\\\/12\\\/logo4.png\",\"width\":543,\"height\":204,\"caption\":\"elfar GmbH\"},\"image\":{\"@id\":\"https:\\\/\\\/elfar.ch\\\/content\\\/#\\\/schema\\\/logo\\\/image\\\/\"},\"sameAs\":[\"https:\\\/\\\/www.instagram.com\\\/elfar_gmbh\\\/\"]}]}<\/script>\n<!-- \/ Yoast SEO plugin. -->","yoast_head_json":{"title":"V-OCO - Elfar","robots":{"index":"index","follow":"follow","max-snippet":"max-snippet:-1","max-image-preview":"max-image-preview:large","max-video-preview":"max-video-preview:-1"},"canonical":"https:\/\/elfar.ch\/content\/produkte\/e-bikes\/v-oco\/","og_locale":"de_DE","og_type":"article","og_title":"V-OCO - Elfar","og_url":"https:\/\/elfar.ch\/content\/produkte\/e-bikes\/v-oco\/","og_site_name":"Elfar","article_modified_time":"2023-03-26T12:04:31+00:00","twitter_card":"summary_large_image","twitter_misc":{"Gesch\u00e4tzte Lesezeit":"3\u00a0Minuten"},"schema":{"@context":"https:\/\/schema.org","@graph":[{"@type":"WebPage","@id":"https:\/\/elfar.ch\/content\/produkte\/e-bikes\/v-oco\/","url":"https:\/\/elfar.ch\/content\/produkte\/e-bikes\/v-oco\/","name":"V-OCO - Elfar","isPartOf":{"@id":"https:\/\/elfar.ch\/content\/#website"},"datePublished":"2023-02-10T20:56:26+00:00","dateModified":"2023-03-26T12:04:31+00:00","breadcrumb":{"@id":"https:\/\/elfar.ch\/content\/produkte\/e-bikes\/v-oco\/#breadcrumb"},"inLanguage":"de","potentialAction":[{"@type":"ReadAction","target":["https:\/\/elfar.ch\/content\/produkte\/e-bikes\/v-oco\/"]}]},{"@type":"BreadcrumbList","@id":"https:\/\/elfar.ch\/content\/produkte\/e-bikes\/v-oco\/#breadcrumb","itemListElement":[{"@type":"ListItem","position":1,"name":"Startseite","item":"https:\/\/elfar.ch\/content\/"},{"@type":"ListItem","position":2,"name":"Produkte","item":"https:\/\/elfar.ch\/content\/produkte\/"},{"@type":"ListItem","position":3,"name":"E-Bike","item":"https:\/\/elfar.ch\/content\/produkte\/e-bikes\/"},{"@type":"ListItem","position":4,"name":"V-OCO"}]},{"@type":"WebSite","@id":"https:\/\/elfar.ch\/content\/#website","url":"https:\/\/elfar.ch\/content\/","name":"elfar","description":"Wir fahren elektrisch","publisher":{"@id":"https:\/\/elfar.ch\/content\/#organization"},"potentialAction":[{"@type":"SearchAction","target":{"@type":"EntryPoint","urlTemplate":"https:\/\/elfar.ch\/content\/?s={search_term_string}"},"query-input":{"@type":"PropertyValueSpecification","valueRequired":true,"valueName":"search_term_string"}}],"inLanguage":"de"},{"@type":"Organization","@id":"https:\/\/elfar.ch\/content\/#organization","name":"elfar GmbH","url":"https:\/\/elfar.ch\/content\/","logo":{"@type":"ImageObject","inLanguage":"de","@id":"https:\/\/elfar.ch\/content\/#\/schema\/logo\/image\/","url":"https:\/\/elfar.ch\/content\/wp-content\/uploads\/2022\/12\/logo4.png","contentUrl":"https:\/\/elfar.ch\/content\/wp-content\/uploads\/2022\/12\/logo4.png","width":543,"height":204,"caption":"elfar GmbH"},"image":{"@id":"https:\/\/elfar.ch\/content\/#\/schema\/logo\/image\/"},"sameAs":["https:\/\/www.instagram.com\/elfar_gmbh\/"]}]}},"_links":{"self":[{"href":"https:\/\/elfar.ch\/content\/wp-json\/wp\/v2\/pages\/467","targetHints":{"allow":["GET"]}}],"collection":[{"href":"https:\/\/elfar.ch\/content\/wp-json\/wp\/v2\/pages"}],"about":[{"href":"https:\/\/elfar.ch\/content\/wp-json\/wp\/v2\/types\/page"}],"author":[{"embeddable":true,"href":"https:\/\/elfar.ch\/content\/wp-json\/wp\/v2\/users\/1"}],"replies":[{"embeddable":true,"href":"https:\/\/elfar.ch\/content\/wp-json\/wp\/v2\/comments?post=467"}],"version-history":[{"count":17,"href":"https:\/\/elfar.ch\/content\/wp-json\/wp\/v2\/pages\/467\/revisions"}],"predecessor-version":[{"id":1445,"href":"https:\/\/elfar.ch\/content\/wp-json\/wp\/v2\/pages\/467\/revisions\/1445"}],"up":[{"embeddable":true,"href":"https:\/\/elfar.ch\/content\/wp-json\/wp\/v2\/pages\/86"}],"wp:attachment":[{"href":"https:\/\/elfar.ch\/content\/wp-json\/wp\/v2\/media?parent=467"}],"curies":[{"name":"wp","href":"https:\/\/api.w.org\/{rel}","templated":true}]}}