{"id":793,"date":"2023-02-16T16:44:56","date_gmt":"2023-02-16T16:44:56","guid":{"rendered":"https:\/\/elfar.ch\/elfar_wp\/?page_id=793"},"modified":"2025-10-10T13:21:59","modified_gmt":"2025-10-10T13:21:59","slug":"e-motorrad","status":"publish","type":"page","link":"https:\/\/elfar.ch\/content\/produkte\/e-motorrad\/","title":{"rendered":"E-Motorrad"},"content":{"rendered":"\n\n  <div class=\"banner has-hover has-parallax\" id=\"banner-639740981\">\n          <div class=\"banner-inner fill\">\n        <div class=\"banner-bg fill\" data-parallax=\"-3\" data-parallax-container=\".banner\" data-parallax-background>\n            <img loading=\"lazy\" decoding=\"async\" width=\"2560\" height=\"1707\" src=\"https:\/\/elfar.ch\/content\/wp-content\/uploads\/2023\/08\/Zero-DSRX-SRF-Jonas-Leo-Annau-du-Rhin-scaled.jpg\" class=\"bg attachment-original size-original\" alt=\"\" \/>                                    \n                    <\/div>\n\t\t\n        <div class=\"banner-layers container\">\n            <div class=\"fill banner-link\"><\/div>            \n\n   <div id=\"text-box-2037706961\" class=\"text-box banner-layer x50 md-x50 lg-x50 y85 md-y85 lg-y85 res-text\">\n                                <div class=\"text-box-content text dark\">\n              \n              <div class=\"text-inner text-center\">\n                  \n\n<h1 class=\"uppercase\"><strong>E-Motorrad<\/strong><\/h1>\n\n              <\/div>\n           <\/div>\n                            \n<style>\n#text-box-2037706961 .text-box-content {\n  background-color: rgba(0, 0, 0, 0.7);\n  font-size: 100%;\n}\n#text-box-2037706961 {\n  width: 100%;\n}\n<\/style>\n    <\/div>\n \n\n        <\/div>\n      <\/div>\n\n            \n<style>\n#banner-639740981 {\n  padding-top: 100%;\n  background-color: rgb(255, 255, 255);\n}\n#banner-639740981 .banner-bg img {\n  object-position: 54% 42%;\n}\n@media (min-width:550px) {\n  #banner-639740981 {\n    padding-top: 50%;\n  }\n}\n<\/style>\n  <\/div>\n\n\n\n\t<section class=\"section\" id=\"section_1600834517\">\n\t\t<div class=\"section-bg fill\" >\n\t\t\t\t\t\t\t\t\t\n\t\t\t\n\n\t\t<\/div>\n\n\t\t\n\n\t\t<div class=\"section-content relative\">\n\t\t\t\n\n<div class=\"row row-collapse align-center\"  id=\"row-1830918338\">\n\n\n\t<div id=\"col-1990430950\" class=\"col small-12 large-12\"  >\n\t\t\t\t<div class=\"col-inner\"  >\n\t\t\t\n\t\t\t\n\n<p>Schl\u00e4gt Ihr Herz f\u00fcr Passstrassen, steile Kurvenlage und eindrucksvolle Beschleunigung? Dann sind Sie hier genau richtig. \u00dcberzeugen Sie sich selbst, dass elektrische Motorr\u00e4der nicht erst \u00fcbermorgen kommen, sondern schon heute &#8211; hier bei uns &#8211; auf Sie warten E-Motorr\u00e4der k\u00f6nnen sich zuversichtlich mit den konventionellen Motorr\u00e4dern messen, erstrecht wenn es um die Leistung und den Antrieb geht \u2013 auch im Bereich der Rennmaschinen. Zugleich m\u00fcssen Sie aber nicht auf die sagenhaften Vorteile eines elektrischen Antriebs verzichten. Haben Sie schon mal die lineare Beschleunigung im majest\u00e4tischen Bereich einer Zero SR erlebt? In Zahlen heisst das: 3.3 Sekunde von 0 \u2013 100 km\/h!<\/p>\n\n\t\t<\/div>\n\t\t\t\t\n<style>\n#col-1990430950 > .col-inner {\n  padding: 0px 20px 0px 20px;\n}\n<\/style>\n\t<\/div>\n\n\t\n\n<\/div>\n\n\t\t<\/div>\n\n\t\t\n<style>\n#section_1600834517 {\n  padding-top: 40px;\n  padding-bottom: 40px;\n  background-color: rgb(204, 204, 204);\n}\n<\/style>\n\t<\/section>\n\t\n\t<div id=\"gap-2019078489\" class=\"gap-element clearfix\" style=\"display:block; height:auto;\">\n\t\t\n<style>\n#gap-2019078489 {\n  padding-top: 4px;\n}\n<\/style>\n\t<\/div>\n\t\n\n\t<div id=\"gap-1425578450\" class=\"gap-element clearfix\" style=\"display:block; height:auto;\">\n\t\t\n<style>\n#gap-1425578450 {\n  padding-top: 4px;\n}\n<\/style>\n\t<\/div>\n\t\n\n\n\t<section class=\"section\" id=\"section_1041321005\">\n\t\t<div class=\"section-bg fill\" >\n\t\t\t\t\t\t\t\t\t\n\t\t\t\n\n\t\t<\/div>\n\n\t\t\n\n\t\t<div class=\"section-content relative\">\n\t\t\t\n\n  <div class=\"banner-grid-wrapper\">\n  <div id=\"banner-grid-1658317588\" class=\"banner-grid row row-grid row-xsmall row-full-width\" data-packery-options=\"\">\n                      \n\n<div class=\"col grid-col small-12 large-6 grid-col-1-2\" ><div class=\"col-inner\">\n\n\n  <div class=\"banner has-hover bg-zoom\" id=\"banner-568278381\">\n          <div class=\"banner-inner fill\">\n        <div class=\"banner-bg fill\" >\n            <img loading=\"lazy\" decoding=\"async\" width=\"600\" height=\"400\" src=\"https:\/\/elfar.ch\/content\/wp-content\/uploads\/2023\/02\/2020_zero-srf_outdoors-11_4800x3200_press.jpg\" class=\"bg attachment-original size-original\" alt=\"\" \/>                                    \n                    <\/div>\n\t\t\n        <div class=\"banner-layers container\">\n            <a class=\"fill\" href=\"https:\/\/elfar.ch\/content\/produkte\/e-motorrad\/zero\/\" ><div class=\"fill banner-link\"><\/div><\/a>            \n\n   <div id=\"text-box-2008102853\" class=\"text-box banner-layer x50 md-x50 lg-x50 y95 md-y95 lg-y95 res-text\">\n                                <div class=\"text-box-content text dark\">\n              \n              <div class=\"text-inner text-center\">\n                  \n\n<h3 class=\"uppercase\"><strong>zero<\/strong><\/h3>\n<h4>Heizen mit Strom<\/h4>\n\n              <\/div>\n           <\/div>\n                            \n<style>\n#text-box-2008102853 .text-box-content {\n  background-color: rgba(0, 0, 0, 0.6);\n  font-size: 100%;\n}\n#text-box-2008102853 {\n  width: 100%;\n}\n<\/style>\n    <\/div>\n \n\n        <\/div>\n      <\/div>\n\n            \n<style>\n#banner-568278381 {\n  padding-top: 500px;\n  background-color: rgb(255, 255, 255);\n}\n#banner-568278381 .banner-bg img {\n  object-position: 53% 90%;\n}\n<\/style>\n  <\/div>\n\n\n\n<\/div><\/div>\n<div class=\"col grid-col small-12 large-6 grid-col-1-2\" ><div class=\"col-inner\">\n\n\n  <div class=\"banner has-hover bg-zoom\" id=\"banner-1187940127\">\n          <div class=\"banner-inner fill\">\n        <div class=\"banner-bg fill\" >\n            <img loading=\"lazy\" decoding=\"async\" width=\"1620\" height=\"1080\" src=\"https:\/\/elfar.ch\/content\/wp-content\/uploads\/2023\/02\/Meijs-Motorman-1-of-1-2-1620x1080-1.jpg\" class=\"bg attachment-original size-original\" alt=\"\" \/>                                    \n                    <\/div>\n\t\t\n        <div class=\"banner-layers container\">\n            <a class=\"fill\" href=\"https:\/\/elfar.ch\/content\/produkte\/e-motorrad\/meijs\/\" ><div class=\"fill banner-link\"><\/div><\/a>            \n\n   <div id=\"text-box-1132438781\" class=\"text-box banner-layer x50 md-x50 lg-x50 y95 md-y95 lg-y95 res-text\">\n                                <div class=\"text-box-content text dark\">\n              \n              <div class=\"text-inner text-center\">\n                  \n\n<h3 class=\"uppercase\"><strong>Meijs<\/strong><\/h3>\n<h4><strong>Retro Style-Hitech<\/strong><\/h4>\n\n              <\/div>\n           <\/div>\n                            \n<style>\n#text-box-1132438781 .text-box-content {\n  background-color: rgba(0, 0, 0, 0.6);\n  font-size: 100%;\n}\n#text-box-1132438781 {\n  width: 100%;\n}\n<\/style>\n    <\/div>\n \n\n        <\/div>\n      <\/div>\n\n            \n<style>\n#banner-1187940127 {\n  padding-top: 500px;\n  background-color: rgb(255, 255, 255);\n}\n#banner-1187940127 .banner-bg img {\n  object-position: 58% 34%;\n}\n<\/style>\n  <\/div>\n\n\n\n<\/div><\/div>\n<div class=\"col grid-col small-12 large-6 grid-col-1-2\" ><div class=\"col-inner\">\n\n\n  <div class=\"banner has-hover bg-zoom\" id=\"banner-608534812\">\n          <div class=\"banner-inner fill\">\n        <div class=\"banner-bg fill\" >\n            <img loading=\"lazy\" decoding=\"async\" width=\"2355\" height=\"1605\" src=\"https:\/\/elfar.ch\/content\/wp-content\/uploads\/2023\/07\/Screenshot-2023-07-02-191652.png\" class=\"bg attachment-original size-original\" alt=\"\" \/>                                    \n                    <\/div>\n\t\t\n        <div class=\"banner-layers container\">\n            <a class=\"fill\" href=\"https:\/\/elfar.ch\/content\/produkte\/e-motorrad\/sur-ron\/\" ><div class=\"fill banner-link\"><\/div><\/a>            \n\n   <div id=\"text-box-899070163\" class=\"text-box banner-layer x50 md-x50 lg-x50 y95 md-y95 lg-y95 res-text\">\n                                <div class=\"text-box-content text dark\">\n              \n              <div class=\"text-inner text-center\">\n                  \n\n<h3 class=\"uppercase\"><strong>SUR-RON<\/strong><\/h3>\n<h4>Clean Power<\/h4>\n\n              <\/div>\n           <\/div>\n                            \n<style>\n#text-box-899070163 .text-box-content {\n  background-color: rgba(0, 0, 0, 0.6);\n  font-size: 100%;\n}\n#text-box-899070163 {\n  width: 100%;\n}\n<\/style>\n    <\/div>\n \n\n        <\/div>\n      <\/div>\n\n            \n<style>\n#banner-608534812 {\n  padding-top: 500px;\n  background-color: rgb(255, 255, 255);\n}\n#banner-608534812 .banner-bg img {\n  object-position: 70% 39%;\n}\n<\/style>\n  <\/div>\n\n\n\n<\/div><\/div>\n<div class=\"col grid-col small-12 large-6 grid-col-1-2\" ><div class=\"col-inner\">\n\n\n  <div class=\"banner has-hover bg-zoom\" id=\"banner-317339923\">\n          <div class=\"banner-inner fill\">\n        <div class=\"banner-bg fill\" >\n            <img loading=\"lazy\" decoding=\"async\" width=\"2560\" height=\"1920\" src=\"https:\/\/elfar.ch\/content\/wp-content\/uploads\/2024\/06\/IMG_1193-scaled.jpg\" class=\"bg attachment-original size-original\" alt=\"NIU RQi\" \/>                                    \n                    <\/div>\n\t\t\n        <div class=\"banner-layers container\">\n            <a class=\"fill\" href=\"https:\/\/elfar.ch\/content\/produkte\/e-motorrad\/niu-rqi\/\" ><div class=\"fill banner-link\"><\/div><\/a>            \n\n   <div id=\"text-box-1216644691\" class=\"text-box banner-layer x50 md-x50 lg-x50 y95 md-y95 lg-y95 res-text\">\n                                <div class=\"text-box-content text dark\">\n              \n              <div class=\"text-inner text-center\">\n                  \n\n<h1 class=\"chakra-text css-1ocfgkf\">NIU RQi<\/h1>\n<h4>Bet\u00f6rende Technik und Fahrspass pur<\/h4>\n\n              <\/div>\n           <\/div>\n                            \n<style>\n#text-box-1216644691 .text-box-content {\n  background-color: rgba(0, 0, 0, 0.6);\n  font-size: 100%;\n}\n#text-box-1216644691 {\n  width: 100%;\n}\n<\/style>\n    <\/div>\n \n\n        <\/div>\n      <\/div>\n\n            \n<style>\n#banner-317339923 {\n  padding-top: 500px;\n  background-color: rgb(255, 255, 255);\n}\n#banner-317339923 .banner-bg img {\n  object-position: 42% 48%;\n}\n<\/style>\n  <\/div>\n\n\n\n<\/div><\/div>\n<div class=\"col grid-col small-12 large-6 grid-col-1-2\" ><div class=\"col-inner\">\n\n\n  <div class=\"banner has-hover bg-zoom\" id=\"banner-48054977\">\n          <div class=\"banner-inner fill\">\n        <div class=\"banner-bg fill\" >\n            <img loading=\"lazy\" decoding=\"async\" width=\"1920\" height=\"1080\" src=\"https:\/\/elfar.ch\/content\/wp-content\/uploads\/2024\/09\/img-rent-a-rgnt.jpg\" class=\"bg attachment-original size-original\" alt=\"\" \/>                                    \n                    <\/div>\n\t\t\n        <div class=\"banner-layers container\">\n            <a class=\"fill\" href=\"https:\/\/elfar.ch\/content\/produkte\/e-motorrad\/rgnt\/\" ><div class=\"fill banner-link\"><\/div><\/a>            \n\n   <div id=\"text-box-385529099\" class=\"text-box banner-layer x50 md-x50 lg-x50 y95 md-y95 lg-y95 res-text\">\n                                <div class=\"text-box-content text dark\">\n              \n              <div class=\"text-inner text-center\">\n                  \n\n<h1 class=\"chakra-text css-1ocfgkf\">RGNT<\/h1>\n<h4>Hochmodernes Motorrad im klassischen Design<\/h4>\n\n              <\/div>\n           <\/div>\n                            \n<style>\n#text-box-385529099 .text-box-content {\n  background-color: rgba(0, 0, 0, 0.6);\n  font-size: 100%;\n}\n#text-box-385529099 {\n  width: 100%;\n}\n<\/style>\n    <\/div>\n \n\n        <\/div>\n      <\/div>\n\n            \n<style>\n#banner-48054977 {\n  padding-top: 500px;\n  background-color: rgb(255, 255, 255);\n}\n#banner-48054977 .banner-bg img {\n  object-position: 42% 48%;\n}\n<\/style>\n  <\/div>\n\n\n\n<\/div><\/div>\n\n            <\/div>\n    <style>\n    #banner-grid-1658317588 .grid-col-1{height: 600px}\n    #banner-grid-1658317588 .grid-col-1-2{height: 300px}\n    #banner-grid-1658317588 .grid-col-1-3{height:200px}\n    #banner-grid-1658317588 .grid-col-2-3{height: 400px}\n    #banner-grid-1658317588 .grid-col-1-4{height: 150px}\n    #banner-grid-1658317588 .grid-col-3-4{height: 450px}\n\n\n    \n    \n\n  <\/style>\n    <\/div>\n  \n\n\t\t<\/div>\n\n\t\t\n<style>\n#section_1041321005 {\n  padding-top: 0px;\n  padding-bottom: 0px;\n}\n<\/style>\n\t<\/section>\n\t\n\t<div id=\"gap-2008383331\" class=\"gap-element clearfix\" style=\"display:block; height:auto;\">\n\t\t\n<style>\n#gap-2008383331 {\n  padding-top: 4px;\n}\n<\/style>\n\t<\/div>\n\t\n\n\n","protected":false},"excerpt":{"rendered":"","protected":false},"author":1,"featured_media":0,"parent":33,"menu_order":4,"comment_status":"closed","ping_status":"closed","template":"","meta":{"footnotes":""},"class_list":["post-793","page","type-page","status-publish","hentry"],"yoast_head":"<!-- This site is optimized with the Yoast SEO plugin v27.5 - https:\/\/yoast.com\/product\/yoast-seo-wordpress\/ -->\n<title>E-Motorrad - Elfar<\/title>\n<meta name=\"description\" content=\"Elektro T\u00f6ff. Elektro Motrorrad. Fachh\u00e4ndler Nordwestwestschweiz. Probefahrten und kompetente Beratung.\" \/>\n<meta name=\"robots\" content=\"index, follow, max-snippet:-1, max-image-preview:large, max-video-preview:-1\" \/>\n<link rel=\"canonical\" href=\"https:\/\/elfar.ch\/content\/produkte\/e-motorrad\/\" \/>\n<meta property=\"og:locale\" content=\"de_DE\" \/>\n<meta property=\"og:type\" content=\"article\" \/>\n<meta property=\"og:title\" content=\"E-Motorrad - Elfar\" \/>\n<meta property=\"og:description\" content=\"Elektro T\u00f6ff. Elektro Motrorrad. Fachh\u00e4ndler Nordwestwestschweiz. Probefahrten und kompetente Beratung.\" \/>\n<meta property=\"og:url\" content=\"https:\/\/elfar.ch\/content\/produkte\/e-motorrad\/\" \/>\n<meta property=\"og:site_name\" content=\"Elfar\" \/>\n<meta property=\"article:modified_time\" content=\"2025-10-10T13:21:59+00:00\" \/>\n<meta name=\"twitter:card\" content=\"summary_large_image\" \/>\n<meta name=\"twitter:label1\" content=\"Gesch\u00e4tzte Lesezeit\" \/>\n\t<meta name=\"twitter:data1\" content=\"2\u00a0Minuten\" \/>\n<script type=\"application\/ld+json\" class=\"yoast-schema-graph\">{\"@context\":\"https:\\\/\\\/schema.org\",\"@graph\":[{\"@type\":\"WebPage\",\"@id\":\"https:\\\/\\\/elfar.ch\\\/content\\\/produkte\\\/e-motorrad\\\/\",\"url\":\"https:\\\/\\\/elfar.ch\\\/content\\\/produkte\\\/e-motorrad\\\/\",\"name\":\"E-Motorrad - Elfar\",\"isPartOf\":{\"@id\":\"https:\\\/\\\/elfar.ch\\\/content\\\/#website\"},\"datePublished\":\"2023-02-16T16:44:56+00:00\",\"dateModified\":\"2025-10-10T13:21:59+00:00\",\"description\":\"Elektro T\u00f6ff. Elektro Motrorrad. Fachh\u00e4ndler Nordwestwestschweiz. Probefahrten und kompetente Beratung.\",\"breadcrumb\":{\"@id\":\"https:\\\/\\\/elfar.ch\\\/content\\\/produkte\\\/e-motorrad\\\/#breadcrumb\"},\"inLanguage\":\"de\",\"potentialAction\":[{\"@type\":\"ReadAction\",\"target\":[\"https:\\\/\\\/elfar.ch\\\/content\\\/produkte\\\/e-motorrad\\\/\"]}]},{\"@type\":\"BreadcrumbList\",\"@id\":\"https:\\\/\\\/elfar.ch\\\/content\\\/produkte\\\/e-motorrad\\\/#breadcrumb\",\"itemListElement\":[{\"@type\":\"ListItem\",\"position\":1,\"name\":\"Startseite\",\"item\":\"https:\\\/\\\/elfar.ch\\\/content\\\/\"},{\"@type\":\"ListItem\",\"position\":2,\"name\":\"Produkte\",\"item\":\"https:\\\/\\\/elfar.ch\\\/content\\\/produkte\\\/\"},{\"@type\":\"ListItem\",\"position\":3,\"name\":\"E-Motorrad\"}]},{\"@type\":\"WebSite\",\"@id\":\"https:\\\/\\\/elfar.ch\\\/content\\\/#website\",\"url\":\"https:\\\/\\\/elfar.ch\\\/content\\\/\",\"name\":\"elfar\",\"description\":\"Wir fahren elektrisch\",\"publisher\":{\"@id\":\"https:\\\/\\\/elfar.ch\\\/content\\\/#organization\"},\"potentialAction\":[{\"@type\":\"SearchAction\",\"target\":{\"@type\":\"EntryPoint\",\"urlTemplate\":\"https:\\\/\\\/elfar.ch\\\/content\\\/?s={search_term_string}\"},\"query-input\":{\"@type\":\"PropertyValueSpecification\",\"valueRequired\":true,\"valueName\":\"search_term_string\"}}],\"inLanguage\":\"de\"},{\"@type\":\"Organization\",\"@id\":\"https:\\\/\\\/elfar.ch\\\/content\\\/#organization\",\"name\":\"elfar GmbH\",\"url\":\"https:\\\/\\\/elfar.ch\\\/content\\\/\",\"logo\":{\"@type\":\"ImageObject\",\"inLanguage\":\"de\",\"@id\":\"https:\\\/\\\/elfar.ch\\\/content\\\/#\\\/schema\\\/logo\\\/image\\\/\",\"url\":\"https:\\\/\\\/elfar.ch\\\/content\\\/wp-content\\\/uploads\\\/2022\\\/12\\\/logo4.png\",\"contentUrl\":\"https:\\\/\\\/elfar.ch\\\/content\\\/wp-content\\\/uploads\\\/2022\\\/12\\\/logo4.png\",\"width\":543,\"height\":204,\"caption\":\"elfar GmbH\"},\"image\":{\"@id\":\"https:\\\/\\\/elfar.ch\\\/content\\\/#\\\/schema\\\/logo\\\/image\\\/\"},\"sameAs\":[\"https:\\\/\\\/www.instagram.com\\\/elfar_gmbh\\\/\"]}]}<\/script>\n<!-- \/ Yoast SEO plugin. -->","yoast_head_json":{"title":"E-Motorrad - Elfar","description":"Elektro T\u00f6ff. Elektro Motrorrad. Fachh\u00e4ndler Nordwestwestschweiz. Probefahrten und kompetente Beratung.","robots":{"index":"index","follow":"follow","max-snippet":"max-snippet:-1","max-image-preview":"max-image-preview:large","max-video-preview":"max-video-preview:-1"},"canonical":"https:\/\/elfar.ch\/content\/produkte\/e-motorrad\/","og_locale":"de_DE","og_type":"article","og_title":"E-Motorrad - Elfar","og_description":"Elektro T\u00f6ff. Elektro Motrorrad. Fachh\u00e4ndler Nordwestwestschweiz. Probefahrten und kompetente Beratung.","og_url":"https:\/\/elfar.ch\/content\/produkte\/e-motorrad\/","og_site_name":"Elfar","article_modified_time":"2025-10-10T13:21:59+00:00","twitter_card":"summary_large_image","twitter_misc":{"Gesch\u00e4tzte Lesezeit":"2\u00a0Minuten"},"schema":{"@context":"https:\/\/schema.org","@graph":[{"@type":"WebPage","@id":"https:\/\/elfar.ch\/content\/produkte\/e-motorrad\/","url":"https:\/\/elfar.ch\/content\/produkte\/e-motorrad\/","name":"E-Motorrad - Elfar","isPartOf":{"@id":"https:\/\/elfar.ch\/content\/#website"},"datePublished":"2023-02-16T16:44:56+00:00","dateModified":"2025-10-10T13:21:59+00:00","description":"Elektro T\u00f6ff. Elektro Motrorrad. Fachh\u00e4ndler Nordwestwestschweiz. Probefahrten und kompetente Beratung.","breadcrumb":{"@id":"https:\/\/elfar.ch\/content\/produkte\/e-motorrad\/#breadcrumb"},"inLanguage":"de","potentialAction":[{"@type":"ReadAction","target":["https:\/\/elfar.ch\/content\/produkte\/e-motorrad\/"]}]},{"@type":"BreadcrumbList","@id":"https:\/\/elfar.ch\/content\/produkte\/e-motorrad\/#breadcrumb","itemListElement":[{"@type":"ListItem","position":1,"name":"Startseite","item":"https:\/\/elfar.ch\/content\/"},{"@type":"ListItem","position":2,"name":"Produkte","item":"https:\/\/elfar.ch\/content\/produkte\/"},{"@type":"ListItem","position":3,"name":"E-Motorrad"}]},{"@type":"WebSite","@id":"https:\/\/elfar.ch\/content\/#website","url":"https:\/\/elfar.ch\/content\/","name":"elfar","description":"Wir fahren elektrisch","publisher":{"@id":"https:\/\/elfar.ch\/content\/#organization"},"potentialAction":[{"@type":"SearchAction","target":{"@type":"EntryPoint","urlTemplate":"https:\/\/elfar.ch\/content\/?s={search_term_string}"},"query-input":{"@type":"PropertyValueSpecification","valueRequired":true,"valueName":"search_term_string"}}],"inLanguage":"de"},{"@type":"Organization","@id":"https:\/\/elfar.ch\/content\/#organization","name":"elfar GmbH","url":"https:\/\/elfar.ch\/content\/","logo":{"@type":"ImageObject","inLanguage":"de","@id":"https:\/\/elfar.ch\/content\/#\/schema\/logo\/image\/","url":"https:\/\/elfar.ch\/content\/wp-content\/uploads\/2022\/12\/logo4.png","contentUrl":"https:\/\/elfar.ch\/content\/wp-content\/uploads\/2022\/12\/logo4.png","width":543,"height":204,"caption":"elfar GmbH"},"image":{"@id":"https:\/\/elfar.ch\/content\/#\/schema\/logo\/image\/"},"sameAs":["https:\/\/www.instagram.com\/elfar_gmbh\/"]}]}},"_links":{"self":[{"href":"https:\/\/elfar.ch\/content\/wp-json\/wp\/v2\/pages\/793","targetHints":{"allow":["GET"]}}],"collection":[{"href":"https:\/\/elfar.ch\/content\/wp-json\/wp\/v2\/pages"}],"about":[{"href":"https:\/\/elfar.ch\/content\/wp-json\/wp\/v2\/types\/page"}],"author":[{"embeddable":true,"href":"https:\/\/elfar.ch\/content\/wp-json\/wp\/v2\/users\/1"}],"replies":[{"embeddable":true,"href":"https:\/\/elfar.ch\/content\/wp-json\/wp\/v2\/comments?post=793"}],"version-history":[{"count":46,"href":"https:\/\/elfar.ch\/content\/wp-json\/wp\/v2\/pages\/793\/revisions"}],"predecessor-version":[{"id":2286,"href":"https:\/\/elfar.ch\/content\/wp-json\/wp\/v2\/pages\/793\/revisions\/2286"}],"up":[{"embeddable":true,"href":"https:\/\/elfar.ch\/content\/wp-json\/wp\/v2\/pages\/33"}],"wp:attachment":[{"href":"https:\/\/elfar.ch\/content\/wp-json\/wp\/v2\/media?parent=793"}],"curies":[{"name":"wp","href":"https:\/\/api.w.org\/{rel}","templated":true}]}}