{"id":857,"date":"2023-02-19T16:09:50","date_gmt":"2023-02-19T16:09:50","guid":{"rendered":"https:\/\/elfar.ch\/elfar_wp\/?page_id=857"},"modified":"2025-10-10T13:23:41","modified_gmt":"2025-10-10T13:23:41","slug":"zero","status":"publish","type":"page","link":"https:\/\/elfar.ch\/content\/produkte\/e-motorrad\/zero\/","title":{"rendered":"Zero"},"content":{"rendered":"\n\n  <div class=\"banner has-hover has-parallax\" id=\"banner-657164050\">\n          <div class=\"banner-inner fill\">\n        <div class=\"banner-bg fill\" data-parallax=\"-3\" data-parallax-container=\".banner\" data-parallax-background>\n            <img loading=\"lazy\" decoding=\"async\" width=\"2048\" height=\"1365\" src=\"https:\/\/elfar.ch\/content\/wp-content\/uploads\/2023\/02\/2019_zero_lifestyle-01_4800x3200_press.jpg\" class=\"bg attachment-original size-original\" alt=\"\" \/>                                    \n                    <\/div>\n\t\t\n        <div class=\"banner-layers container\">\n            <div class=\"fill banner-link\"><\/div>            \n\n   <div id=\"text-box-1899292544\" class=\"text-box banner-layer x50 md-x50 lg-x50 y85 md-y85 lg-y85 res-text\">\n                                <div class=\"text-box-content text dark\">\n              \n              <div class=\"text-inner text-center\">\n                  \n\n<section id=\"lead\">\n<div class=\"container\">\n<div class=\"jumbotron\">\n<h1><strong>ZERO<\/strong><\/h1>\n<h3><strong>Heizen mit Strom<\/strong><\/h3>\n<\/div>\n<\/div>\n<\/section>\n\n              <\/div>\n           <\/div>\n                            \n<style>\n#text-box-1899292544 .text-box-content {\n  background-color: rgba(0, 0, 0, 0.7);\n  font-size: 100%;\n}\n#text-box-1899292544 {\n  width: 100%;\n}\n<\/style>\n    <\/div>\n \n\n        <\/div>\n      <\/div>\n\n            \n<style>\n#banner-657164050 {\n  padding-top: 100%;\n  background-color: rgb(255, 255, 255);\n}\n#banner-657164050 .banner-bg img {\n  object-position: 54% 37%;\n}\n@media (min-width:550px) {\n  #banner-657164050 {\n    padding-top: 50%;\n  }\n}\n<\/style>\n  <\/div>\n\n\n\n\t<section class=\"section\" id=\"section_1289764422\">\n\t\t<div class=\"section-bg fill\" >\n\t\t\t\t\t\t\t\t\t\n\t\t\t\n\n\t\t<\/div>\n\n\t\t\n\n\t\t<div class=\"section-content relative\">\n\t\t\t\n\n<div class=\"row row-collapse align-center\"  id=\"row-443801358\">\n\n\n\t<div id=\"col-1685125434\" class=\"col small-12 large-12\"  >\n\t\t\t\t<div class=\"col-inner\"  >\n\t\t\t\n\t\t\t\n\n<p>Elektrisierende Fahrerlebnisse Stellen Sie sich eine Fahrt vor, bei der Sie m\u00fchelos \u00fcber dem Boden schweben. Sie h\u00f6ren die V\u00f6gel zwitschern, ansonsten herrscht fast v\u00f6llige Stille. Die Beschleunigung ist kraftvoll und ohne Unterbrechungen. Es gibt keine Vibrationen, keine Hitzeabstrahlungen und keine Abgase. Nur Sie und Ihre Motorradfahrt. Willkommen bei Zero. Der Z- Force\u00ae Antrieb einer jeden Zero ist ein kupplungs- und getriebefreier Direktantrieb, der maximales Drehmoment schon ab 0 Umdrehungen leistet. Hinzu kommt, dass der einfache Direktantrieb sehr leicht ist, \u00e4u\u00dferst effizient arbeitet und keine routinem\u00e4\u00dfigen Wartungen ben\u00f6tigt. Viele gute Gr\u00fcnde, jetzt auf E-Mobilit\u00e4t umzusteigen.<\/p>\n\n\t\t<\/div>\n\t\t\t\t\n<style>\n#col-1685125434 > .col-inner {\n  padding: 0px 20px 0px 20px;\n}\n<\/style>\n\t<\/div>\n\n\t\n\n<\/div>\n\n\t\t<\/div>\n\n\t\t\n<style>\n#section_1289764422 {\n  padding-top: 40px;\n  padding-bottom: 40px;\n  background-color: rgb(204, 204, 204);\n}\n<\/style>\n\t<\/section>\n\t\n\n\t<section class=\"section\" id=\"section_765114734\">\n\t\t<div class=\"section-bg fill\" >\n\t\t\t\t\t\t\t\t\t\n\t\t\t\n\n\t\t<\/div>\n\n\t\t\n\n\t\t<div class=\"section-content relative\">\n\t\t\t\n\n  <div class=\"banner-grid-wrapper\">\n  <div id=\"banner-grid-2118654200\" class=\"banner-grid row row-grid row-xsmall row-full-width\" data-packery-options=\"\">\n                      \n\n<div class=\"col grid-col small-12 large-12 grid-col-1-2\" ><div class=\"col-inner\">\n\n\n  <div class=\"banner has-hover bg-zoom\" id=\"banner-1865137655\">\n          <div class=\"banner-inner fill\">\n        <div class=\"banner-bg fill\" >\n            <img loading=\"lazy\" decoding=\"async\" width=\"2560\" height=\"1708\" src=\"https:\/\/elfar.ch\/content\/wp-content\/uploads\/2025\/06\/MY26_xe-gallery-3_m66dq3-scaled.jpg\" class=\"bg attachment-original size-original\" alt=\"\" \/>                                    \n                    <\/div>\n\t\t\n        <div class=\"banner-layers container\">\n            <a class=\"fill\" href=\"https:\/\/elfar.ch\/content\/produkte\/e-motorrad\/zero\/zero-xb-xe\/\" ><div class=\"fill banner-link\"><\/div><\/a>            \n\n   <div id=\"text-box-2036618915\" class=\"text-box banner-layer x50 md-x50 lg-x50 y95 md-y95 lg-y95 res-text\">\n                                <div class=\"text-box-content text dark\">\n              \n              <div class=\"text-inner text-center\">\n                  \n\n<h3><strong>ZERO XB \/ XE<\/strong><\/h3>\n<h4>Klein. Leicht. Wendig.<\/h4>\n\n              <\/div>\n           <\/div>\n                            \n<style>\n#text-box-2036618915 .text-box-content {\n  background-color: rgba(0, 0, 0, 0.6);\n  font-size: 100%;\n}\n#text-box-2036618915 {\n  width: 100%;\n}\n<\/style>\n    <\/div>\n \n\n        <\/div>\n      <\/div>\n\n            \n<style>\n#banner-1865137655 {\n  padding-top: 500px;\n  background-color: rgb(255, 255, 255);\n}\n#banner-1865137655 .banner-bg img {\n  object-position: 7% 79%;\n}\n<\/style>\n  <\/div>\n\n\n\n<\/div><\/div>\n<div class=\"col grid-col small-12 large-12 grid-col-1-2\" ><div class=\"col-inner\">\n\n\n  <div class=\"banner has-hover bg-zoom\" id=\"banner-2097169826\">\n          <div class=\"banner-inner fill\">\n        <div class=\"banner-bg fill\" >\n            <img loading=\"lazy\" decoding=\"async\" width=\"2048\" height=\"1365\" src=\"https:\/\/elfar.ch\/content\/wp-content\/uploads\/2023\/02\/2019_zero-fx_outdoors-04_4800x3200_press.jpg\" class=\"bg attachment-original size-original\" alt=\"\" \/>                                    \n                    <\/div>\n\t\t\n        <div class=\"banner-layers container\">\n            <a class=\"fill\" href=\"https:\/\/elfar.ch\/content\/produkte\/e-motorrad\/zero\/zero-ds-dsr-fx\/\" ><div class=\"fill banner-link\"><\/div><\/a>            \n\n   <div id=\"text-box-1716458916\" class=\"text-box banner-layer x50 md-x50 lg-x50 y95 md-y95 lg-y95 res-text\">\n                                <div class=\"text-box-content text dark\">\n              \n              <div class=\"text-inner text-center\">\n                  \n\n<h3><strong>ZERO S \/ SR \/ FXE<\/strong><\/h3>\n<h4>Perfekt f\u00fcr die Strasse<\/h4>\n\n              <\/div>\n           <\/div>\n                            \n<style>\n#text-box-1716458916 .text-box-content {\n  background-color: rgba(0, 0, 0, 0.6);\n  font-size: 100%;\n}\n#text-box-1716458916 {\n  width: 100%;\n}\n<\/style>\n    <\/div>\n \n\n        <\/div>\n      <\/div>\n\n            \n<style>\n#banner-2097169826 {\n  padding-top: 500px;\n  background-color: rgb(255, 255, 255);\n}\n#banner-2097169826 .banner-bg img {\n  object-position: 40% 57%;\n}\n<\/style>\n  <\/div>\n\n\n\n<\/div><\/div>\n<div class=\"col grid-col small-12 large-12 grid-col-1-2\" ><div class=\"col-inner\">\n\n\n  <div class=\"banner has-hover bg-zoom\" id=\"banner-1303156054\">\n          <div class=\"banner-inner fill\">\n        <div class=\"banner-bg fill\" >\n            <img loading=\"lazy\" decoding=\"async\" width=\"2500\" height=\"1668\" src=\"https:\/\/elfar.ch\/content\/wp-content\/uploads\/2023\/11\/SR_2024_1.webp\" class=\"bg attachment-original size-original\" alt=\"\" \/>                                    \n                    <\/div>\n\t\t\n        <div class=\"banner-layers container\">\n            <a class=\"fill\" href=\"https:\/\/elfar.ch\/content\/produkte\/e-motorrad\/zero\/zero\/\" ><div class=\"fill banner-link\"><\/div><\/a>            \n\n   <div id=\"text-box-1930927948\" class=\"text-box banner-layer x50 md-x50 lg-x50 y95 md-y95 lg-y95 res-text\">\n                                <div class=\"text-box-content text dark\">\n              \n              <div class=\"text-inner text-center\">\n                  \n\n<h3><strong>ZERO DS \/ FX<\/strong><\/h3>\n<h4>Im Gel\u00e4nde und auf der Strasse zuhause<\/h4>\n\n              <\/div>\n           <\/div>\n                            \n<style>\n#text-box-1930927948 .text-box-content {\n  background-color: rgba(0, 0, 0, 0.6);\n  font-size: 100%;\n}\n#text-box-1930927948 {\n  width: 100%;\n}\n<\/style>\n    <\/div>\n \n\n        <\/div>\n      <\/div>\n\n            \n<style>\n#banner-1303156054 {\n  padding-top: 500px;\n  background-color: rgb(255, 255, 255);\n}\n#banner-1303156054 .banner-bg img {\n  object-position: 33% 76%;\n}\n<\/style>\n  <\/div>\n\n\n\n<\/div><\/div>\n<div class=\"col grid-col small-12 large-12 grid-col-1-2\" ><div class=\"col-inner\">\n\n\n  <div class=\"banner has-hover bg-zoom\" id=\"banner-245125607\">\n          <div class=\"banner-inner fill\">\n        <div class=\"banner-bg fill\" >\n            <img loading=\"lazy\" decoding=\"async\" width=\"2560\" height=\"1707\" src=\"https:\/\/elfar.ch\/content\/wp-content\/uploads\/2023\/09\/srf-gallery-4_l7cy66-scaled.jpg\" class=\"bg attachment-original size-original\" alt=\"\" \/>                                    \n                    <\/div>\n\t\t\n        <div class=\"banner-layers container\">\n            <a class=\"fill\" href=\"https:\/\/elfar.ch\/content\/produkte\/e-motorrad\/zero\/zero-srf\/\" ><div class=\"fill banner-link\"><\/div><\/a>            \n\n   <div id=\"text-box-912657972\" class=\"text-box banner-layer x50 md-x50 lg-x50 y95 md-y95 lg-y95 res-text\">\n                                <div class=\"text-box-content text dark\">\n              \n              <div class=\"text-inner text-center\">\n                  \n\n<h3><strong>Zero SRF<\/strong><\/h3>\n<h4>Intelligenz trifft Kraft<strong><br \/><\/strong><\/h4>\n\n              <\/div>\n           <\/div>\n                            \n<style>\n#text-box-912657972 .text-box-content {\n  background-color: rgba(0, 0, 0, 0.6);\n  font-size: 100%;\n}\n#text-box-912657972 {\n  width: 100%;\n}\n<\/style>\n    <\/div>\n \n\n        <\/div>\n      <\/div>\n\n            \n<style>\n#banner-245125607 {\n  padding-top: 500px;\n  background-color: rgb(255, 255, 255);\n}\n#banner-245125607 .banner-bg img {\n  object-position: 42% 56%;\n}\n<\/style>\n  <\/div>\n\n\n\n<\/div><\/div>\n<div class=\"col grid-col small-12 large-12 grid-col-1-2\" ><div class=\"col-inner\">\n\n\n  <div class=\"banner has-hover bg-zoom\" id=\"banner-1530729466\">\n          <div class=\"banner-inner fill\">\n        <div class=\"banner-bg fill\" >\n            <img loading=\"lazy\" decoding=\"async\" width=\"2560\" height=\"1707\" src=\"https:\/\/elfar.ch\/content\/wp-content\/uploads\/2023\/09\/srs-gallery-7_iprdkw-scaled.jpg\" class=\"bg attachment-original size-original\" alt=\"\" \/>                                    \n                    <\/div>\n\t\t\n        <div class=\"banner-layers container\">\n            <a class=\"fill\" href=\"https:\/\/elfar.ch\/content\/produkte\/e-motorrad\/zero\/zero-sr-s\/\" ><div class=\"fill banner-link\"><\/div><\/a>            \n\n   <div id=\"text-box-1575944960\" class=\"text-box banner-layer x50 md-x50 lg-x50 y95 md-y95 lg-y95 res-text\">\n                                <div class=\"text-box-content text dark\">\n              \n              <div class=\"text-inner text-center\">\n                  \n\n<h3><strong>ZERO SRS<\/strong><\/h3>\n<h4>Raumschiff auf zwei R\u00e4dern<strong><br \/><\/strong><\/h4>\n\n              <\/div>\n           <\/div>\n                            \n<style>\n#text-box-1575944960 .text-box-content {\n  background-color: rgba(0, 0, 0, 0.6);\n  font-size: 100%;\n}\n#text-box-1575944960 {\n  width: 100%;\n}\n<\/style>\n    <\/div>\n \n\n        <\/div>\n      <\/div>\n\n            \n<style>\n#banner-1530729466 {\n  padding-top: 500px;\n  background-color: rgb(255, 255, 255);\n}\n#banner-1530729466 .banner-bg img {\n  object-position: 52% 59%;\n}\n<\/style>\n  <\/div>\n\n\n\n<\/div><\/div>\n<div class=\"col grid-col small-12 large-12 grid-col-1-2\" ><div class=\"col-inner\">\n\n\n  <div class=\"banner has-hover bg-zoom\" id=\"banner-62825292\">\n          <div class=\"banner-inner fill\">\n        <div class=\"banner-bg fill\" >\n            <img loading=\"lazy\" decoding=\"async\" width=\"2048\" height=\"1366\" src=\"https:\/\/elfar.ch\/content\/wp-content\/uploads\/2023\/09\/dsrx-gallery-9_gea1hw-2048x1366.jpg\" class=\"bg attachment-2048x2048 size-2048x2048\" alt=\"\" \/>                                    \n                    <\/div>\n\t\t\n        <div class=\"banner-layers container\">\n            <a class=\"fill\" href=\"https:\/\/elfar.ch\/content\/produkte\/e-motorrad\/zero\/zero-dsrx\/\" ><div class=\"fill banner-link\"><\/div><\/a>            \n\n   <div id=\"text-box-1953973694\" class=\"text-box banner-layer x50 md-x50 lg-x50 y95 md-y95 lg-y95 res-text\">\n                                <div class=\"text-box-content text dark\">\n              \n              <div class=\"text-inner text-center\">\n                  \n\n<h3><strong>ZERO DSRX<\/strong><\/h3>\n<h4>Das Gel\u00e4nde-Motorrad<strong><br \/><\/strong><\/h4>\n\n              <\/div>\n           <\/div>\n                            \n<style>\n#text-box-1953973694 .text-box-content {\n  background-color: rgba(0, 0, 0, 0.6);\n  font-size: 100%;\n}\n#text-box-1953973694 {\n  width: 100%;\n}\n<\/style>\n    <\/div>\n \n\n        <\/div>\n      <\/div>\n\n            \n<style>\n#banner-62825292 {\n  padding-top: 500px;\n  background-color: rgb(255, 255, 255);\n}\n#banner-62825292 .banner-bg img {\n  object-position: 66% 42%;\n}\n<\/style>\n  <\/div>\n\n\n\n<\/div><\/div>\n\n            <\/div>\n    <style>\n    #banner-grid-2118654200 .grid-col-1{height: 600px}\n    #banner-grid-2118654200 .grid-col-1-2{height: 300px}\n    #banner-grid-2118654200 .grid-col-1-3{height:200px}\n    #banner-grid-2118654200 .grid-col-2-3{height: 400px}\n    #banner-grid-2118654200 .grid-col-1-4{height: 150px}\n    #banner-grid-2118654200 .grid-col-3-4{height: 450px}\n\n\n    \n    \n\n  <\/style>\n    <\/div>\n  \n\n\t\t<\/div>\n\n\t\t\n<style>\n#section_765114734 {\n  padding-top: 0px;\n  padding-bottom: 0px;\n}\n<\/style>\n\t<\/section>\n\t\n\n\t<section class=\"section\" id=\"section_1261766599\">\n\t\t<div class=\"section-bg fill\" >\n\t\t\t\t\t\t\t\t\t\n\t\t\t\n\n\t\t<\/div>\n\n\t\t\n\n\t\t<div class=\"section-content relative\">\n\t\t\t\n\n<div class=\"row row-collapse row-full-width align-middle\"  id=\"row-1730095558\">\n\n\n\t<div id=\"col-14623482\" class=\"col medium-12 small-12 large-6\"  >\n\t\t\t\t<div class=\"col-inner text-center\"  >\n\t\t\t\n\t\t\t\n\n\t<div id=\"text-2214039171\" class=\"text\">\n\t\t\n\n<h2 style=\"text-align: left;\">Warum ZERO Motorcycles?<\/h2>\n<div class=\"photopanel\">\n<p style=\"text-align: left;\"><strong>Aufregende Leistung. Unbeschwertes Fahrerlebnis.<\/strong><\/p>\n<p style=\"text-align: left;\">Zu den klaren Vorteilen der Umstellung auf Elektromobilit\u00e4t geh\u00f6ren: keine Tankstellenbesuche mehr, kein \u00d6l, kein Abgas usw. Daneben kommen Besitzer einer Zero in den Genuss zahlreicher weiterer Vorteile, die nicht unbedingt gleich ins Auge fallen. Hinter dem Design jedes unserer Hightech-Modelle steht eine Philosophie eleganter Schlichtheit, dank derer das Gewicht der Bikes gering bleibt, wodurch schnellere Beschleunigungen erzielt werden und der Antrieb nahezu wartungsfrei ist. Das Ergebnis ist ein unglaublich aufregendes, mit jedem Kilometer sch\u00f6ner werdendes Fahrerlebnis.<\/p>\n<ul>\n<li>wartungsfreie Antriebstechnik<\/li>\n<li>100% modular aufgebauter Akku (einfach austauschbar)<\/li>\n<li>G\u00fcnstiger Fahrkilometer<\/li>\n<li>Keine Abgase, der Umwelt zuliebe<\/li>\n<li>sehr leise<\/li>\n<li>voll recyclingf\u00e4higer Akku<\/li>\n<\/ul>\n<\/div>\n\t\t\n<style>\n#text-2214039171 {\n  text-align: left;\n}\n<\/style>\n\t<\/div>\n\t\n\n\t\t<\/div>\n\t\t\t\t\n<style>\n#col-14623482 > .col-inner {\n  padding: 7% 20px 10% 20px;\n  max-width: 520px;\n}\n@media (min-width:550px) {\n  #col-14623482 > .col-inner {\n    padding: 7% 0px 10% 0px;\n  }\n}\n@media (min-width:850px) {\n  #col-14623482 > .col-inner {\n    padding: 7% 10% 10% 0px;\n  }\n}\n<\/style>\n\t<\/div>\n\n\t\n\n\t<div id=\"col-707258272\" class=\"col medium-12 small-12 large-6\"  >\n\t\t\t\t<div class=\"col-inner\"  >\n\t\t\t\n\t\t\t\n\n\t<div class=\"img has-hover x md-x lg-x y md-y lg-y\" id=\"image_1220973314\">\n\t\t\t\t\t\t\t\t<div class=\"img-inner image-cover dark\" style=\"padding-top:56.25%;\">\n\t\t\t<img loading=\"lazy\" decoding=\"async\" width=\"600\" height=\"400\" src=\"https:\/\/elfar.ch\/content\/wp-content\/uploads\/2023\/02\/2019_zero_lifestyle-06_4800x3200_press.jpg\" class=\"attachment-original size-original\" alt=\"\" srcset=\"https:\/\/elfar.ch\/content\/wp-content\/uploads\/2023\/02\/2019_zero_lifestyle-06_4800x3200_press.jpg 600w, https:\/\/elfar.ch\/content\/wp-content\/uploads\/2023\/02\/2019_zero_lifestyle-06_4800x3200_press-300x200.jpg 300w\" sizes=\"auto, (max-width: 600px) 100vw, 600px\" \/>\t\t\t\t\t\t\n\t\t\t\t\t<\/div>\n\t\t\t\t\t\t\t\t\n<style>\n#image_1220973314 {\n  width: 100%;\n}\n<\/style>\n\t<\/div>\n\t\n\n\n\t\t<\/div>\n\t\t\t\t\t<\/div>\n\n\t\n\n<\/div>\n\n\t\t<\/div>\n\n\t\t\n<style>\n#section_1261766599 {\n  padding-top: 0px;\n  padding-bottom: 0px;\n}\n<\/style>\n\t<\/section>\n\t\n\n\t<section class=\"section\" id=\"section_342493583\">\n\t\t<div class=\"section-bg fill\" >\n\t\t\t\t\t\t\t\t\t\n\t\t\t\n\n\t\t<\/div>\n\n\t\t\n\n\t\t<div class=\"section-content relative\">\n\t\t\t\n\n<div class=\"row row-collapse row-full-width align-middle\"  id=\"row-448654339\">\n\n\n\t<div id=\"col-1649142524\" class=\"col medium-12 small-12 large-6\"  >\n\t\t\t\t<div class=\"col-inner text-center\"  >\n\t\t\t\n\t\t\t\n\n\t<div id=\"text-2297636765\" class=\"text\">\n\t\t\n\n<h3>11 kW Modelle<\/h3>\n<p><strong>Gleicher Nervenkitzel, anderer F\u00fchrerschein<\/strong><\/p>\n<p>Die Zero S 11 kW und die Zero DS 11 kW sind pflegeleicht und bieten in ihrer Klasse das beste Fahrerlebnis sowie den absoluten Nervenkitzel. Egal ob Sie Fahranf\u00e4nger sind oder wieder zum Motorsport zur\u00fcckkehren, genie\u00dfen Sie s\u00e4mtliche Vorteile elektrischer Motorr\u00e4der, ohne den Kosten und Komplikationen spezieller Motorradf\u00fchrerscheinanforderungen unterworfen zu sein.<\/p>\n<p>Die 11 kW bezeichnen die Dauerleistung, die maximale Leistung bleibt gleich wie bei den Standartmodellen! <br \/>Dadurch d\u00fcrfen in der Schweiz die 11-kW-Modelle schon mit dem <strong>F\u00fchrerschein der Klasse A<\/strong>1 gefahren werden!<\/p>\n\t\t\n<style>\n#text-2297636765 {\n  text-align: left;\n}\n<\/style>\n\t<\/div>\n\t\n\n\t\t<\/div>\n\t\t\t\t\n<style>\n#col-1649142524 > .col-inner {\n  padding: 7% 20px 10% 20px;\n  max-width: 520px;\n}\n@media (min-width:550px) {\n  #col-1649142524 > .col-inner {\n    padding: 7% 0px 10% 0px;\n  }\n}\n@media (min-width:850px) {\n  #col-1649142524 > .col-inner {\n    padding: 7% 10% 10% 0px;\n  }\n}\n<\/style>\n\t<\/div>\n\n\t\n\n\t<div id=\"col-149993999\" class=\"col medium-12 small-12 large-6\"  >\n\t\t\t\t<div class=\"col-inner\"  >\n\t\t\t\n\t\t\t\n\n\t<div class=\"img has-hover x md-x lg-x y md-y lg-y\" id=\"image_2133592483\">\n\t\t\t\t\t\t\t\t<div class=\"img-inner image-cover dark\" style=\"padding-top:56.25%;\">\n\t\t\t<img loading=\"lazy\" decoding=\"async\" width=\"600\" height=\"400\" src=\"https:\/\/elfar.ch\/content\/wp-content\/uploads\/2023\/02\/2019_zero_lifestyle-04_4800x3200_press.jpg\" class=\"attachment-original size-original\" alt=\"\" srcset=\"https:\/\/elfar.ch\/content\/wp-content\/uploads\/2023\/02\/2019_zero_lifestyle-04_4800x3200_press.jpg 600w, https:\/\/elfar.ch\/content\/wp-content\/uploads\/2023\/02\/2019_zero_lifestyle-04_4800x3200_press-300x200.jpg 300w\" sizes=\"auto, (max-width: 600px) 100vw, 600px\" \/>\t\t\t\t\t\t\n\t\t\t\t\t<\/div>\n\t\t\t\t\t\t\t\t\n<style>\n#image_2133592483 {\n  width: 100%;\n}\n<\/style>\n\t<\/div>\n\t\n\n\n\t\t<\/div>\n\t\t\t\t\t<\/div>\n\n\t\n\n<\/div>\n\n\t\t<\/div>\n\n\t\t\n<style>\n#section_342493583 {\n  padding-top: 0px;\n  padding-bottom: 0px;\n  background-color: rgb(204, 204, 204);\n}\n<\/style>\n\t<\/section>\n\t\n\n\t<section class=\"section\" id=\"section_729109366\">\n\t\t<div class=\"section-bg fill\" >\n\t\t\t\t\t\t\t\t\t\n\t\t\t\n\n\t\t<\/div>\n\n\t\t\n\n\t\t<div class=\"section-content relative\">\n\t\t\t\n\n<div class=\"row row-collapse row-full-width align-middle\"  id=\"row-1566807793\">\n\n\n\t<div id=\"col-2010239886\" class=\"col medium-12 small-12 large-6\"  >\n\t\t\t\t<div class=\"col-inner text-center\"  >\n\t\t\t\n\t\t\t\n\n\t<div id=\"text-2415652202\" class=\"text\">\n\t\t\n\n<h3>Zero Streifenfahrzeugflotte<\/h3>\n<p>Da sie f\u00fcr Streifenfahrten sowohl auf Stra\u00dfen als auch im Gel\u00e4nde einsetzbar sind, bieten die neuen Motorr\u00e4der f\u00fcr Polizei und Sicherheitskr\u00e4fte bedeutende Vorteile gegen\u00fcber Maschinen mit Verbrennungsmotor. Der 100%ig elektrische Antrieb ist nahezu ger\u00e4uschlos, abgasfrei, erzeugt wenig W\u00e4rme, bringt ab 0\/min das volle Drehmoment und ist sehr wendig.<\/p>\n<p>Ohne Schaltung, Kupplung oder Ger\u00e4usche k\u00f6nnen sich Polizeibeamte bei ihrer Streife vollkommen auf ihre Arbeit konzentrieren. Sie k\u00f6nnen in Extremsituationen, in denen Leistung und Beweglichkeit unerl\u00e4sslich sind, auf hohem technischen Niveau man\u00f6vrieren. Der fehlende Auspuff nimmt die Sorge \u00fcber Bel\u00fcftung in Innenr\u00e4umen oder bei Menschenansammlungen und er\u00f6ffnet neue oder verbessert gegenw\u00e4rtige M\u00f6glichkeiten im Streifendienst.<\/p>\n\t\t\n<style>\n#text-2415652202 {\n  text-align: left;\n}\n<\/style>\n\t<\/div>\n\t\n\n\t\t<\/div>\n\t\t\t\t\n<style>\n#col-2010239886 > .col-inner {\n  padding: 7% 20px 10% 20px;\n  max-width: 520px;\n}\n@media (min-width:550px) {\n  #col-2010239886 > .col-inner {\n    padding: 7% 0px 10% 0px;\n  }\n}\n@media (min-width:850px) {\n  #col-2010239886 > .col-inner {\n    padding: 7% 10% 10% 0px;\n  }\n}\n<\/style>\n\t<\/div>\n\n\t\n\n\t<div id=\"col-1859378025\" class=\"col medium-12 small-12 large-6\"  >\n\t\t\t\t<div class=\"col-inner\"  >\n\t\t\t\n\t\t\t\n\n\t<div class=\"img has-hover x md-x lg-x y md-y lg-y\" id=\"image_2122170577\">\n\t\t\t\t\t\t\t\t<div class=\"img-inner image-cover dark\" style=\"padding-top:56.25%;\">\n\t\t\t<img loading=\"lazy\" decoding=\"async\" width=\"600\" height=\"401\" src=\"https:\/\/elfar.ch\/content\/wp-content\/uploads\/2023\/02\/k-zero-polizei-2.jpg\" class=\"attachment-original size-original\" alt=\"\" srcset=\"https:\/\/elfar.ch\/content\/wp-content\/uploads\/2023\/02\/k-zero-polizei-2.jpg 600w, https:\/\/elfar.ch\/content\/wp-content\/uploads\/2023\/02\/k-zero-polizei-2-300x201.jpg 300w\" sizes=\"auto, (max-width: 600px) 100vw, 600px\" \/>\t\t\t\t\t\t\n\t\t\t\t\t<\/div>\n\t\t\t\t\t\t\t\t\n<style>\n#image_2122170577 {\n  width: 100%;\n}\n<\/style>\n\t<\/div>\n\t\n\n\n\t\t<\/div>\n\t\t\t\t\t<\/div>\n\n\t\n\n<\/div>\n\n\t\t<\/div>\n\n\t\t\n<style>\n#section_729109366 {\n  padding-top: 0px;\n  padding-bottom: 0px;\n}\n<\/style>\n\t<\/section>\n\t\n<div class=\"text-center\"><div class=\"is-divider divider clearfix\" style=\"margin-top:20px;margin-bottom:20px;max-width:100%;height:1px;background-color:rgb(204, 204, 204);\"><\/div><\/div>\n\n\n\t<section class=\"section\" id=\"section_702198227\">\n\t\t<div class=\"section-bg fill\" >\n\t\t\t\t\t\t\t\t\t\n\t\t\t\n\n\t\t<\/div>\n\n\t\t\n\n\t\t<div class=\"section-content relative\">\n\t\t\t\n\n  <div class=\"banner-grid-wrapper\">\n  <div id=\"banner-grid-1514606653\" class=\"banner-grid row row-grid row-xsmall row-full-width\" data-packery-options=\"\">\n                      \n\n<div class=\"col grid-col large-8 grid-col-2-3\" ><div class=\"col-inner\">\n\n\n  <div class=\"banner has-hover\" id=\"banner-493592813\">\n          <div class=\"banner-inner fill\">\n        <div class=\"banner-bg fill\" >\n            <img loading=\"lazy\" decoding=\"async\" width=\"2048\" height=\"1365\" src=\"https:\/\/elfar.ch\/content\/wp-content\/uploads\/2023\/02\/2019_zero-fx_outdoors-04_4800x3200_press.jpg\" class=\"bg attachment-original size-original\" alt=\"\" \/>                                    \n                    <\/div>\n\t\t\n        <div class=\"banner-layers container\">\n            <div class=\"fill banner-link\"><\/div>            \n\n\n        <\/div>\n      <\/div>\n\n            \n<style>\n#banner-493592813 {\n  padding-top: 500px;\n  background-color: rgb(255, 255, 255);\n}\n#banner-493592813 .banner-bg img {\n  object-position: 45% 38%;\n}\n<\/style>\n  <\/div>\n\n\n\n<\/div><\/div>\n<div class=\"col grid-col large-4 grid-col-1-2\" ><div class=\"col-inner\">\n\n\n  <div class=\"banner has-hover\" id=\"banner-652893228\">\n          <div class=\"banner-inner fill\">\n        <div class=\"banner-bg fill\" >\n            <img loading=\"lazy\" decoding=\"async\" width=\"1020\" height=\"680\" src=\"https:\/\/elfar.ch\/content\/wp-content\/uploads\/2023\/02\/2019_zero-fxs_outdoors-12_4800x3200_press-1024x683.jpg\" class=\"bg attachment-large size-large\" alt=\"\" \/>                                    \n                    <\/div>\n\t\t\n        <div class=\"banner-layers container\">\n            <div class=\"fill banner-link\"><\/div>            \n\n\n        <\/div>\n      <\/div>\n\n            \n<style>\n#banner-652893228 {\n  padding-top: 500px;\n  background-color: rgb(255, 255, 255);\n}\n#banner-652893228 .banner-bg img {\n  object-position: 62% 35%;\n}\n<\/style>\n  <\/div>\n\n\n\n<\/div><\/div>\n<div class=\"col grid-col large-4 grid-col-2-3\" ><div class=\"col-inner\">\n\n\n  <div class=\"banner has-hover\" id=\"banner-740493355\">\n          <div class=\"banner-inner fill\">\n        <div class=\"banner-bg fill\" >\n            <img loading=\"lazy\" decoding=\"async\" width=\"2048\" height=\"1365\" src=\"https:\/\/elfar.ch\/content\/wp-content\/uploads\/2023\/02\/2019_zero-dsr_outdoors-01_4800x3200_press.jpg\" class=\"bg attachment-original size-original\" alt=\"\" \/>                                    \n                    <\/div>\n\t\t\n        <div class=\"banner-layers container\">\n            <div class=\"fill banner-link\"><\/div>            \n\n\n        <\/div>\n      <\/div>\n\n            \n<style>\n#banner-740493355 {\n  padding-top: 500px;\n  background-color: rgb(255, 255, 255);\n}\n#banner-740493355 .banner-bg img {\n  object-position: 49% 26%;\n}\n<\/style>\n  <\/div>\n\n\n\n<\/div><\/div>\n<div class=\"col grid-col large-8 grid-col-1-2\" ><div class=\"col-inner\">\n\n\n  <div class=\"banner has-hover\" id=\"banner-1249216125\">\n          <div class=\"banner-inner fill\">\n        <div class=\"banner-bg fill\" >\n            <img loading=\"lazy\" decoding=\"async\" width=\"1024\" height=\"682\" src=\"https:\/\/elfar.ch\/content\/wp-content\/uploads\/2023\/02\/k-zero-polizei-3.jpg\" class=\"bg attachment-original size-original\" alt=\"\" \/>                                    \n                    <\/div>\n\t\t\n        <div class=\"banner-layers container\">\n            <div class=\"fill banner-link\"><\/div>            \n\n   <div id=\"text-box-2076547260\" class=\"text-box banner-layer x50 md-x50 lg-x50 y50 md-y50 lg-y50 res-text\">\n                                <div class=\"text-box-content text dark\">\n              \n              <div class=\"text-inner text-center\">\n                  \n\n\n              <\/div>\n           <\/div>\n                            \n<style>\n#text-box-2076547260 {\n  width: 60%;\n}\n#text-box-2076547260 .text-box-content {\n  font-size: 100%;\n}\n<\/style>\n    <\/div>\n \n\n        <\/div>\n      <\/div>\n\n            \n<style>\n#banner-1249216125 {\n  padding-top: 500px;\n  background-color: rgb(255, 255, 255);\n}\n#banner-1249216125 .banner-bg img {\n  object-position: 29% 27%;\n}\n<\/style>\n  <\/div>\n\n\n\n<\/div><\/div>\n\n            <\/div>\n    <style>\n    #banner-grid-1514606653 .grid-col-1{height: 600px}\n    #banner-grid-1514606653 .grid-col-1-2{height: 300px}\n    #banner-grid-1514606653 .grid-col-1-3{height:200px}\n    #banner-grid-1514606653 .grid-col-2-3{height: 400px}\n    #banner-grid-1514606653 .grid-col-1-4{height: 150px}\n    #banner-grid-1514606653 .grid-col-3-4{height: 450px}\n\n\n    \n    \n\n  <\/style>\n    <\/div>\n  \n\n\t\t<\/div>\n\n\t\t\n<style>\n#section_702198227 {\n  padding-top: 30px;\n  padding-bottom: 30px;\n}\n<\/style>\n\t<\/section>\n\t\n\n","protected":false},"excerpt":{"rendered":"","protected":false},"author":1,"featured_media":0,"parent":793,"menu_order":0,"comment_status":"closed","ping_status":"closed","template":"","meta":{"footnotes":""},"class_list":["post-857","page","type-page","status-publish","hentry"],"yoast_head":"<!-- This site is optimized with the Yoast SEO plugin v27.5 - https:\/\/yoast.com\/product\/yoast-seo-wordpress\/ -->\n<title>Zero - Elfar<\/title>\n<meta name=\"description\" content=\"Elektro Motorrad. Testfahrt, Probefahrt, Beratung.\" \/>\n<meta name=\"robots\" content=\"index, follow, max-snippet:-1, max-image-preview:large, max-video-preview:-1\" \/>\n<link rel=\"canonical\" href=\"https:\/\/elfar.ch\/content\/produkte\/e-motorrad\/zero\/\" \/>\n<meta property=\"og:locale\" content=\"de_DE\" \/>\n<meta property=\"og:type\" content=\"article\" \/>\n<meta property=\"og:title\" content=\"Zero - Elfar\" \/>\n<meta property=\"og:description\" content=\"Elektro Motorrad. Testfahrt, Probefahrt, Beratung.\" \/>\n<meta property=\"og:url\" content=\"https:\/\/elfar.ch\/content\/produkte\/e-motorrad\/zero\/\" \/>\n<meta property=\"og:site_name\" content=\"Elfar\" \/>\n<meta property=\"article:modified_time\" content=\"2025-10-10T13:23:41+00:00\" \/>\n<meta name=\"twitter:card\" content=\"summary_large_image\" \/>\n<meta name=\"twitter:label1\" content=\"Gesch\u00e4tzte Lesezeit\" \/>\n\t<meta name=\"twitter:data1\" content=\"5\u00a0Minuten\" \/>\n<script type=\"application\/ld+json\" class=\"yoast-schema-graph\">{\"@context\":\"https:\\\/\\\/schema.org\",\"@graph\":[{\"@type\":\"WebPage\",\"@id\":\"https:\\\/\\\/elfar.ch\\\/content\\\/produkte\\\/e-motorrad\\\/zero\\\/\",\"url\":\"https:\\\/\\\/elfar.ch\\\/content\\\/produkte\\\/e-motorrad\\\/zero\\\/\",\"name\":\"Zero - Elfar\",\"isPartOf\":{\"@id\":\"https:\\\/\\\/elfar.ch\\\/content\\\/#website\"},\"datePublished\":\"2023-02-19T16:09:50+00:00\",\"dateModified\":\"2025-10-10T13:23:41+00:00\",\"description\":\"Elektro Motorrad. Testfahrt, Probefahrt, Beratung.\",\"breadcrumb\":{\"@id\":\"https:\\\/\\\/elfar.ch\\\/content\\\/produkte\\\/e-motorrad\\\/zero\\\/#breadcrumb\"},\"inLanguage\":\"de\",\"potentialAction\":[{\"@type\":\"ReadAction\",\"target\":[\"https:\\\/\\\/elfar.ch\\\/content\\\/produkte\\\/e-motorrad\\\/zero\\\/\"]}]},{\"@type\":\"BreadcrumbList\",\"@id\":\"https:\\\/\\\/elfar.ch\\\/content\\\/produkte\\\/e-motorrad\\\/zero\\\/#breadcrumb\",\"itemListElement\":[{\"@type\":\"ListItem\",\"position\":1,\"name\":\"Startseite\",\"item\":\"https:\\\/\\\/elfar.ch\\\/content\\\/\"},{\"@type\":\"ListItem\",\"position\":2,\"name\":\"Produkte\",\"item\":\"https:\\\/\\\/elfar.ch\\\/content\\\/produkte\\\/\"},{\"@type\":\"ListItem\",\"position\":3,\"name\":\"E-Motorrad\",\"item\":\"https:\\\/\\\/elfar.ch\\\/content\\\/produkte\\\/e-motorrad\\\/\"},{\"@type\":\"ListItem\",\"position\":4,\"name\":\"Zero\"}]},{\"@type\":\"WebSite\",\"@id\":\"https:\\\/\\\/elfar.ch\\\/content\\\/#website\",\"url\":\"https:\\\/\\\/elfar.ch\\\/content\\\/\",\"name\":\"elfar\",\"description\":\"Wir fahren elektrisch\",\"publisher\":{\"@id\":\"https:\\\/\\\/elfar.ch\\\/content\\\/#organization\"},\"potentialAction\":[{\"@type\":\"SearchAction\",\"target\":{\"@type\":\"EntryPoint\",\"urlTemplate\":\"https:\\\/\\\/elfar.ch\\\/content\\\/?s={search_term_string}\"},\"query-input\":{\"@type\":\"PropertyValueSpecification\",\"valueRequired\":true,\"valueName\":\"search_term_string\"}}],\"inLanguage\":\"de\"},{\"@type\":\"Organization\",\"@id\":\"https:\\\/\\\/elfar.ch\\\/content\\\/#organization\",\"name\":\"elfar GmbH\",\"url\":\"https:\\\/\\\/elfar.ch\\\/content\\\/\",\"logo\":{\"@type\":\"ImageObject\",\"inLanguage\":\"de\",\"@id\":\"https:\\\/\\\/elfar.ch\\\/content\\\/#\\\/schema\\\/logo\\\/image\\\/\",\"url\":\"https:\\\/\\\/elfar.ch\\\/content\\\/wp-content\\\/uploads\\\/2022\\\/12\\\/logo4.png\",\"contentUrl\":\"https:\\\/\\\/elfar.ch\\\/content\\\/wp-content\\\/uploads\\\/2022\\\/12\\\/logo4.png\",\"width\":543,\"height\":204,\"caption\":\"elfar GmbH\"},\"image\":{\"@id\":\"https:\\\/\\\/elfar.ch\\\/content\\\/#\\\/schema\\\/logo\\\/image\\\/\"},\"sameAs\":[\"https:\\\/\\\/www.instagram.com\\\/elfar_gmbh\\\/\"]}]}<\/script>\n<!-- \/ Yoast SEO plugin. -->","yoast_head_json":{"title":"Zero - Elfar","description":"Elektro Motorrad. Testfahrt, Probefahrt, Beratung.","robots":{"index":"index","follow":"follow","max-snippet":"max-snippet:-1","max-image-preview":"max-image-preview:large","max-video-preview":"max-video-preview:-1"},"canonical":"https:\/\/elfar.ch\/content\/produkte\/e-motorrad\/zero\/","og_locale":"de_DE","og_type":"article","og_title":"Zero - Elfar","og_description":"Elektro Motorrad. Testfahrt, Probefahrt, Beratung.","og_url":"https:\/\/elfar.ch\/content\/produkte\/e-motorrad\/zero\/","og_site_name":"Elfar","article_modified_time":"2025-10-10T13:23:41+00:00","twitter_card":"summary_large_image","twitter_misc":{"Gesch\u00e4tzte Lesezeit":"5\u00a0Minuten"},"schema":{"@context":"https:\/\/schema.org","@graph":[{"@type":"WebPage","@id":"https:\/\/elfar.ch\/content\/produkte\/e-motorrad\/zero\/","url":"https:\/\/elfar.ch\/content\/produkte\/e-motorrad\/zero\/","name":"Zero - Elfar","isPartOf":{"@id":"https:\/\/elfar.ch\/content\/#website"},"datePublished":"2023-02-19T16:09:50+00:00","dateModified":"2025-10-10T13:23:41+00:00","description":"Elektro Motorrad. Testfahrt, Probefahrt, Beratung.","breadcrumb":{"@id":"https:\/\/elfar.ch\/content\/produkte\/e-motorrad\/zero\/#breadcrumb"},"inLanguage":"de","potentialAction":[{"@type":"ReadAction","target":["https:\/\/elfar.ch\/content\/produkte\/e-motorrad\/zero\/"]}]},{"@type":"BreadcrumbList","@id":"https:\/\/elfar.ch\/content\/produkte\/e-motorrad\/zero\/#breadcrumb","itemListElement":[{"@type":"ListItem","position":1,"name":"Startseite","item":"https:\/\/elfar.ch\/content\/"},{"@type":"ListItem","position":2,"name":"Produkte","item":"https:\/\/elfar.ch\/content\/produkte\/"},{"@type":"ListItem","position":3,"name":"E-Motorrad","item":"https:\/\/elfar.ch\/content\/produkte\/e-motorrad\/"},{"@type":"ListItem","position":4,"name":"Zero"}]},{"@type":"WebSite","@id":"https:\/\/elfar.ch\/content\/#website","url":"https:\/\/elfar.ch\/content\/","name":"elfar","description":"Wir fahren elektrisch","publisher":{"@id":"https:\/\/elfar.ch\/content\/#organization"},"potentialAction":[{"@type":"SearchAction","target":{"@type":"EntryPoint","urlTemplate":"https:\/\/elfar.ch\/content\/?s={search_term_string}"},"query-input":{"@type":"PropertyValueSpecification","valueRequired":true,"valueName":"search_term_string"}}],"inLanguage":"de"},{"@type":"Organization","@id":"https:\/\/elfar.ch\/content\/#organization","name":"elfar GmbH","url":"https:\/\/elfar.ch\/content\/","logo":{"@type":"ImageObject","inLanguage":"de","@id":"https:\/\/elfar.ch\/content\/#\/schema\/logo\/image\/","url":"https:\/\/elfar.ch\/content\/wp-content\/uploads\/2022\/12\/logo4.png","contentUrl":"https:\/\/elfar.ch\/content\/wp-content\/uploads\/2022\/12\/logo4.png","width":543,"height":204,"caption":"elfar GmbH"},"image":{"@id":"https:\/\/elfar.ch\/content\/#\/schema\/logo\/image\/"},"sameAs":["https:\/\/www.instagram.com\/elfar_gmbh\/"]}]}},"_links":{"self":[{"href":"https:\/\/elfar.ch\/content\/wp-json\/wp\/v2\/pages\/857","targetHints":{"allow":["GET"]}}],"collection":[{"href":"https:\/\/elfar.ch\/content\/wp-json\/wp\/v2\/pages"}],"about":[{"href":"https:\/\/elfar.ch\/content\/wp-json\/wp\/v2\/types\/page"}],"author":[{"embeddable":true,"href":"https:\/\/elfar.ch\/content\/wp-json\/wp\/v2\/users\/1"}],"replies":[{"embeddable":true,"href":"https:\/\/elfar.ch\/content\/wp-json\/wp\/v2\/comments?post=857"}],"version-history":[{"count":72,"href":"https:\/\/elfar.ch\/content\/wp-json\/wp\/v2\/pages\/857\/revisions"}],"predecessor-version":[{"id":2285,"href":"https:\/\/elfar.ch\/content\/wp-json\/wp\/v2\/pages\/857\/revisions\/2285"}],"up":[{"embeddable":true,"href":"https:\/\/elfar.ch\/content\/wp-json\/wp\/v2\/pages\/793"}],"wp:attachment":[{"href":"https:\/\/elfar.ch\/content\/wp-json\/wp\/v2\/media?parent=857"}],"curies":[{"name":"wp","href":"https:\/\/api.w.org\/{rel}","templated":true}]}}